{"id":3868,"date":"2021-11-24T12:11:21","date_gmt":"2021-11-24T11:11:21","guid":{"rendered":"https:\/\/www.mobil-mark.de\/declaration-sur-la-protection-des-donnees\/"},"modified":"2026-03-26T10:47:10","modified_gmt":"2026-03-26T09:47:10","slug":"declaration-sur-la-protection-des-donnees","status":"publish","type":"page","link":"https:\/\/www.mobil-mark.de\/fr\/declaration-sur-la-protection-des-donnees\/","title":{"rendered":"D\u00e9claration sur la protection des donn\u00e9es"},"content":{"rendered":"<p>[et_pb_section fb_built=\u00a0\u00bb1&Prime; module_id=\u00a0\u00bbmat\u00e9riaux\u00a0\u00bb _builder_version=\u00a0\u00bb4.16&Prime; _module_preset=\u00a0\u00bb_initial\u00a0\u00bb global_colors_info=\u00a0\u00bb{}\u00a0\u00bb][et_pb_row _builder_version=\u00a0\u00bb4.16&Prime; _module_preset=\u00a0\u00bbdefault\u00a0\u00bb global_colors_info=\u00a0\u00bb{}\u00a0\u00bb][et_pb_column type=\u00a0\u00bb4_4&Prime; _builder_version=\u00a0\u00bb4.16&Prime; _module_preset=\u00a0\u00bbdefault\u00a0\u00bb global_colors_info=\u00a0\u00bb{}\u00a0\u00bb][et_pb_text admin_label=\u00a0\u00bbHeadline 50%\u00a0\u00bb _builder_version=\u00a0\u00bb4.16&Prime; _module_preset=\u00a0\u00bbd1e96b24-a539-473a-bfaa-45aa34fbd293&Prime; global_colors_info=\u00a0\u00bb{}\u00a0\u00bb]<\/p>\n<h1>Protection des donn\u00e9es<\/h1>\n<p>[\/et_pb_text][et_pb_text admin_label=\u00a0\u00bbText\u00a0\u00bb _builder_version=\u00a0\u00bb4.20.2&Prime; _module_preset=\u00a0\u00bbb912ceaa-d132-4093-ad58-e5cbb87da27a\u00a0\u00bb global_colors_info=\u00a0\u00bb{}\u00a0\u00bb]<\/p>\n<p>Chez <strong>Mobil-Mark GmbH<\/strong>, nous prenons la protection de vos donn\u00e9es \u00e0 caract\u00e8re personnel tr\u00e8s au s\u00e9rieux et respectons strictement les r\u00e8gles d\u00e9finies dans les lois sur la protection des donn\u00e9es.<\/p>\n<p>Vous trouverez ci-dessous des informations d\u00e9taill\u00e9es relatives au traitement des donn\u00e9es \u00e0 caract\u00e8re personnel en vertu de l\u2018art.\u00a013 du R\u00e8glement g\u00e9n\u00e9ral sur la protection des donn\u00e9es (RGPD). Pour toute question ou remarque concernant les pr\u00e9sentes dispositions de protection des donn\u00e9es, n\u2018h\u00e9sitez pas \u00e0 envoyer un message \u00e0 <strong>notre d\u00e9l\u00e9gu\u00e9 \u00e0 la protection des donn\u00e9es<\/strong>,<\/p>\n<p><strong>Mobil-Mark GmbH<\/strong><br \/>Sophie-Kr\u00e4mer-Stra\u00dfe 2<br \/>66386 St. Ingbert<br \/>Tel.: +49 6894 890 95 0<br \/>Fax: +49 6894 890 95 99<br \/><a href=\"mailto:kontakt@mobil-mark.de\" title=\"E-Mail schreiben\">office@mobil-mark.de<\/a><\/p>\n<p>Il existe deux cat\u00e9gories de traitement de vos donn\u00e9es \u00e0 caract\u00e8re personnel\u00a0:<\/p>\n<p>1. Nous traitons toutes les donn\u00e9es n\u00e9cessaires \u00e0 des fins d\u2018ex\u00e9cution du contrat et \u00e0 des fins de prospection, comme l\u2018envoi de lettres d\u2018information ou de publipostages. Les prestataires de service externes impliqu\u00e9s dans l\u2018ex\u00e9cution du contrat, comme des entreprises logistiques ou des services de paiement, re\u00e7oivent les donn\u00e9es n\u00e9cessaires \u00e0 l\u2018ex\u00e9cution de leurs prestations.<\/p>\n<p>2. Lorsque vous acc\u00e9dez \u00e0 notre site web, diff\u00e9rentes informations sont automatiquement \u00e9chang\u00e9es entre votre terminal et notre serveur\u00a0; parmi ces informations peuvent \u00e9galement figurer des donn\u00e9es \u00e0 caract\u00e8re personnel. Nous utilisons les informations ainsi collect\u00e9es afin d\u2018optimiser notre site web et d\u2018afficher des publicit\u00e9s dans le navigateur de votre terminal.<\/p>\n<p><strong>Dans cette section, vous obtiendrez de plus amples informations sur le cadre l\u00e9gal du traitement de vos donn\u00e9es \u00e0 caract\u00e8re personnel, les finalit\u00e9s d\u2018un tel traitement, les int\u00e9r\u00eats l\u00e9gitimes poursuivis par nous ou par un tiers ainsi que les cat\u00e9gories de destinataires.<\/strong><\/p>\n<p><strong>Collecte et utilisation des donn\u00e9es \u00e0 des fins d\u2018ex\u00e9cution du contrat et d\u2018ouverture d\u2018un compte client<br \/><\/strong>Nous traitons des donn\u00e9es \u00e0 caract\u00e8re personnel \u00e0 des fins d\u2018ex\u00e9cution du contrat, lorsque vous nous fournissez ces donn\u00e9es volontairement lors de votre commande, lors d\u2018une prise de contact (p.\u00a0ex. par courrier \u00e9lectronique ou formulaire de contact) ou lors de l\u2018ouverture d\u2018un compte client. Les donn\u00e9es collect\u00e9es sont celles indiqu\u00e9es dans les diff\u00e9rents formulaires de saisie. Il s\u2018agit en r\u00e8gle g\u00e9n\u00e9rale des donn\u00e9es suivantes\u00a0:<\/p>\n<ul>\n<li>Pr\u00e9nom, nom de famille<\/li>\n<li>Adresse de facturation et de livraison<\/li>\n<li>Adresse \u00e9lectronique<\/li>\n<li>Donn\u00e9es de facturation et de livraison<\/li>\n<li>Num\u00e9ro de t\u00e9l\u00e9phone (le cas \u00e9ch\u00e9ant)<\/li>\n<li>Date de naissance (le cas \u00e9ch\u00e9ant)<\/li>\n<\/ul>\n<p>Le cadre l\u00e9gal du traitement des donn\u00e9es \u00e0 caract\u00e8re personnel \u00e0 des fins d\u2018ex\u00e9cution du contrat est form\u00e9 par l\u2018art.\u00a06 al.\u00a01 let.\u00a0b du RGPD.Pour pouvoir utiliser votre adresse \u00e9lectronique, nous vous envoyons un message de confirmation en vertu de l\u2018art.\u00a06 al.\u00a01 let.\u00a0c du RGPD.Dans la mesure o\u00f9 nous n\u2018utilisons pas vos coordonn\u00e9es \u00e0 des fins de prospection, nous sommes autoris\u00e9s \u00e0 enregistrer les donn\u00e9es \u00e0 caract\u00e8re personnel collect\u00e9es \u00e0 des fins d\u2018ex\u00e9cution du contrat jusqu\u2018\u00e0 la fin des droits de garantie l\u00e9gaux ou contractuels. \u00c0 l\u2018issue de cette p\u00e9riode, nous ne conservons que les informations contractuelles requises par le droit fiscal et commercial pendant les dur\u00e9es prescrites par la loi. Pendant cette p\u00e9riode (g\u00e9n\u00e9ralement dix ans \u00e0 compter de la fin du contrat), ces donn\u00e9es ne sont trait\u00e9es que si elles font l&rsquo;objet d\u2018un contr\u00f4le par l&rsquo;administration fiscale.<\/p>\n<p>La cr\u00e9ation d\u2018un compte client est facultative et n\u00e9cessite votre consentement en vertu de l\u2018art.\u00a06 al.\u00a01 let.\u00a0a du RGPD.Vous pouvez consulter et modifier \u00e0 tout moment les donn\u00e9es enregistr\u00e9es dans votre compte client.<\/p>\n<p>Le traitement de donn\u00e9es suivant est \u00e9galement n\u00e9cessaire \u00e0 l\u2018ex\u00e9cution du contrat de vente\u00a0:<\/p>\n<p><strong>Transmission des donn\u00e9es \u00e0 des fins d\u2018ex\u00e9cution du contrat, v\u00e9rification de l\u2018identit\u00e9 et de la solvabilit\u00e9<br \/><\/strong>Dans le cadre de l\u2018ex\u00e9cution du contrat, nous transmettons votre adresse \u00e9lectronique et, le cas \u00e9ch\u00e9ant, votre num\u00e9ro de t\u00e9l\u00e9phone \u00e0 l\u2018entreprise logistique contract\u00e9e, si ces donn\u00e9es sont n\u00e9cessaires \u00e0 la livraison des marchandises command\u00e9es.Dans le cadre du traitement des paiements, nous transmettons les donn\u00e9es de paiement requises \u00e0 l&rsquo;\u00e9tablissement de cr\u00e9dit contract\u00e9 et, le cas \u00e9ch\u00e9ant, au service de paiement contract\u00e9 ou au service de paiement que vous avez choisi lors de la commande.Si n\u00e9cessaire, nous v\u00e9rifions votre <strong>identit\u00e9<\/strong> \u00e0 l&rsquo;aide d&rsquo;informations de prestataires de services conform\u00e9ment aux dispositions de l&rsquo;article 6 al. 1 let. b et f du RGPD.La l\u00e9gitimit\u00e9 de cette v\u00e9rification r\u00e9side dans la protection de votre identit\u00e9 et la pr\u00e9vention de tentatives de fraude \u00e0 notre encontre. La port\u00e9e et le r\u00e9sultat de notre demande sont enregistr\u00e9s dans votre compte client ou dans votre compte visiteur pendant la dur\u00e9e du contrat.<\/p>\n<p><strong>Contr\u00f4le de solvabilit\u00e9 et score<\/strong><br \/>En cas de prestation anticip\u00e9e, p.ex. lors d&rsquo;un paiement sur facture, nous nous r\u00e9servons le droit, afin de pr\u00e9server nos int\u00e9r\u00eats l\u00e9gitimes, d&rsquo;effectuer un contr\u00f4le d&rsquo;identit\u00e9 et de solvabilit\u00e9 aupr\u00e8s de soci\u00e9t\u00e9s de renseignements sp\u00e9cialis\u00e9es (\u00e9valuation de cr\u00e9dit). \u00c0 cette fin, nous transmettons les donn\u00e9es \u00e0 caract\u00e8re personnel requises pour la v\u00e9rification de la solvabilit\u00e9 aux soci\u00e9t\u00e9s suivantes\u00a0:<\/p>\n<p>Creditreform Boniversum GmbH<br \/>Hellersbergstra\u00dfe 11<br \/>41460 Neuss<\/p>\n<p>Creditsafe Deutschland GmbH<br \/>Schreiberhauer Stra\u00dfe 30<br \/>10317 Berlin<\/p>\n<p>Les informations de solvabilit\u00e9 peuvent contenir des valeurs de probabilit\u00e9 (score), calcul\u00e9es sur la base de processus math\u00e9matiques et statistiques reconnus scientifiquement et tenant compte de diff\u00e9rentes donn\u00e9es telles que vos coordonn\u00e9es.Les informations obtenues relatives \u00e0 la probabilit\u00e9 statistique d\u2018un d\u00e9faut de paiement sont utilis\u00e9es afin de prendre une d\u00e9cision fond\u00e9e quant \u00e0 la justification, l\u2018ex\u00e9cution ou l\u2018interruption de la relation contractuelle.Vos int\u00e9r\u00eats l\u00e9gitimes sont pris en compte conform\u00e9ment aux dispositions l\u00e9gales en vigueur.<\/p>\n<p>Le cadre l\u00e9gal de ces transmissions d\u2018informations est form\u00e9 par l\u2018art.\u00a06 al.\u00a01 let.\u00a0b et f du RGPD.En vertu de ces dispositions, les transmissions d\u2018informations ne sont autoris\u00e9es que lorsqu\u2018elles sont n\u00e9cessaires aux fins des int\u00e9r\u00eats l\u00e9gitimes de notre soci\u00e9t\u00e9 ou de tiers, \u00e0 moins que ne pr\u00e9valent les int\u00e9r\u00eats ou les libert\u00e9s et droits fondamentaux des personnes concern\u00e9es qui exigent une protection des donn\u00e9es \u00e0 caract\u00e8re personnel.<\/p>\n<p><strong>Traitement des donn\u00e9es \u00e0 des fins de prospection<br \/><\/strong>En vertu de l\u2018art.\u00a06 al.\u00a01 let.\u00a0f RGPD, il existe un int\u00e9r\u00eat l\u00e9gitime pour le responsable lors du traitement de donn\u00e9es \u00e0 caract\u00e8re personnel \u00e0 des fins de prospection.La dur\u00e9e d\u2018enregistrement des donn\u00e9es \u00e0 caract\u00e8re personnel \u00e0 des fins de prospection d\u00e9pend de la n\u00e9cessit\u00e9 d\u2018un tel enregistrement pour la d\u00e9marche publicitaire. Nous nous appliquons \u00e0 supprimer ces donn\u00e9es au plus tard deux ans apr\u00e8s leur derni\u00e8re utilisation \u00e0 des fins de prospection.<\/p>\n<p><strong>Prospection propre et prospection de tiers<\/strong><br \/>Si vous avez conclu un contrat avec nous ou si vous avez demand\u00e9 l\u2018envoi de supports publicitaires, vous figurez dans notre liste de clients ou de personnes int\u00e9ress\u00e9es. Dans ce cas, nous traitons vos coordonn\u00e9es postales afin de vous faire parvenir, par ce biais, des informations concernant nos nouveaux produits et services. Dans le cadre de nos int\u00e9r\u00eats l\u00e9gitimes, nous nous r\u00e9servons le droit de transmettre vos coordonn\u00e9es postales \u00e0 des partenaires contractuels rigoureusement s\u00e9lectionn\u00e9s par nos soins dans les domaines de l\u2018exp\u00e9dition, de la communication et des fournisseurs de produits similaires afin qu\u2018ils puissent vous faire parvenir des informations relatives \u00e0 leur gamme de produits.<\/p>\n<p><strong>Publicit\u00e9 bas\u00e9e sur les int\u00e9r\u00eats<\/strong><br \/>Pour que vous ne receviez que des informations promotionnelles susceptibles de vous int\u00e9resser, nous cat\u00e9gorisons votre profil client et y ajoutons des informations compl\u00e9mentaires. Ces informations consistent en des donn\u00e9es statistiques et des informations \u00e0 caract\u00e8re personnel vous concernant (p.\u00a0ex. donn\u00e9es de base de votre profil client). L\u2018objectif est de ne vous envoyer que des publicit\u00e9s correspondant \u00e0 vos centres d\u2018int\u00e9r\u00eat constat\u00e9s ou suppos\u00e9s et de ne pas vous importuner avec des publicit\u00e9s inutiles.<\/p>\n<p><strong>Droit d\u2018opposition<\/strong><br \/><em><strong>Vous pouvez \u00e0 tout moment, gratuitement, avec effet pour l&rsquo;avenir et pour un canal de communication sp\u00e9cifique, vous opposer au traitement de vos donn\u00e9es aux fins susmentionn\u00e9es. Il vous suffit d\u2018envoyer un courrier postal ou \u00e9lectronique \u00e0 l\u2018une des adresses figurant au point\u00a02.<\/strong><\/em><\/p>\n<p>En cas d\u2018opposition, l\u2018adresse concern\u00e9e sera d\u00e9sormais bloqu\u00e9e pour tout traitement de vos donn\u00e9es \u00e0 des fins de prospection.Nous vous informons que, dans certains cas exceptionnels, des publicit\u00e9s peuvent vous parvenir temporairement apr\u00e8s r\u00e9ception de votre opposition.C\u2018est le cas lorsque l\u2018envoi automatique de publicit\u00e9s a \u00e9t\u00e9 programm\u00e9 de mani\u00e8re anticip\u00e9e et cela ne signifie nullement que nous ne tenons pas compte de votre opposition.<\/p>\n<p><strong>Utilisation des donn\u00e9es lors de l\u2018abonnement \u00e0 la lettre d\u2018information \u00e9lectronique<\/strong><br \/>Lorsque vous vous abonnez \u00e0 notre lettre d\u2018information selon le proc\u00e9d\u00e9 Double-Opt-In, nous utilisons les donn\u00e9es que vous nous avez communiqu\u00e9es \u00e0 cette fin ou dans d\u2018autres circonstances afin de vous faire parvenir r\u00e9guli\u00e8rement notre lettre d\u2018information. Dans le proc\u00e9d\u00e9 Double-Opt-In, nous utilisons l\u2018adresse \u00e9lectronique que vous nous avez indiqu\u00e9e pour vous envoyer un lien de confirmation. Lorsque vous cliquez sur ce lien de confirmation, votre adresse \u00e9lectronique est automatiquement ajout\u00e9e \u00e0 notre liste de diffusion.Le traitement de votre adresse \u00e9lectronique est soumis \u00e0 votre consentement en vertu de l\u2018art.\u00a06 al.\u00a01 let.\u00a0a du RGPD. Vos donn\u00e9es sont d\u2018abord trait\u00e9es par Denios Direct GmbH, qui agit en tant que sous-traitant pour nous, afin d\u2018envoyer la lettre d\u2018information, puis mises \u00e0 la disposition de Mobil-Mark GmbH \u00e0 des fins d\u2018analyse interne.Vous pouvez r\u00e9voquer \u00e0 tout moment ce consentement avec effet imm\u00e9diat.Vous pouvez \u00e9galement vous d\u00e9sabonner \u00e0 tout moment de notre lettre d\u2018information en envoyant un message aux coordonn\u00e9es figurant dans nos mentions l\u00e9gales ou en cliquant sur le lien pr\u00e9vu \u00e0 cet effet en bas de chaque lettre d\u2018information. Les informations relatives \u00e0 un d\u00e9sabonnement sont trait\u00e9es par Mobil-Mark GmbH \u00e0 des fins d\u2018analyse interne. La r\u00e9alisation de ces analyses repr\u00e9sente \u00e9galement notre int\u00e9r\u00eat l\u00e9gitime. Le traitement est ainsi soumis aux dispositions de l\u2018art.\u00a06 al. 1 let.\u00a0f du RGPD. Les donn\u00e9es sont supprim\u00e9es dans un d\u00e9lai de six mois.<\/p>\n<p><strong>Utilisation des donn\u00e9es pour messages promotionnels \u00e9lectroniques sans abonnement \u00e0 la lettre d\u2018information et droit d\u2018opposition<\/strong><br \/>Si nous obtenons votre adresse \u00e9lectronique lors de la vente d\u2018un produit ou service et que vous ne vous opposez pas \u00e0 l\u2018utilisation de cette adresse \u00e9lectronique, nous nous r\u00e9servons le droit de vous envoyer r\u00e9guli\u00e8rement par courrier \u00e9lectronique, dans le cadre de nos int\u00e9r\u00eats l\u00e9gitimes, des offres de produits de notre gamme similaires aux produits achet\u00e9s. Le traitement de votre adresse \u00e9lectronique est alors soumis aux dispositions de l\u2018art.\u00a06 al.\u00a01 let.\u00a0f du RGPD. Vous pouvez vous opposer \u00e0 tout moment \u00e0 l\u2018utilisation de votre adresse \u00e9lectronique en envoyant un message aux coordonn\u00e9es figurant dans nos mentions l\u00e9gales ou en cliquant sur le lien pr\u00e9vu \u00e0 cet effet en bas de chaque lettre d\u2018information.<\/p>\n<p><strong>Technologies du web<\/strong><\/p>\n<p><strong>Utilisation de cookies<\/strong><br \/>Afin d\u2018am\u00e9liorer l\u2018exp\u00e9rience utilisateur lors de la visite de notre site web et de permettre l\u2018utilisation de certaines fonctions, nous utilisons des cookies sur diff\u00e9rentes pages.Dans la mesure o\u00f9 ces cookies servent \u00e0 traiter des donn\u00e9es \u00e0 caract\u00e8re personnel, leur utilisation est soumise aux dispositions de l\u2018art.\u00a06 al.\u00a01 let.\u00a0f du RGPD.Notre int\u00e9r\u00eat \u00e0 optimiser notre site web est consid\u00e9r\u00e9 comme l\u00e9gitime au sens des dispositions l\u00e9gales susmentionn\u00e9es.Les cookies sont de petits fichiers texte enregistr\u00e9s sur votre terminal.Certains des cookies que nous utilisons sont supprim\u00e9s d\u00e8s que vous terminez votre session Internet, c.-\u00e0-d. lorsque vous fermez votre navigateur (cookies de session).D\u2018autres cookies restent sur votre terminal et nous permettent de reconna\u00eetre votre navigateur lors de votre prochaine visite sur notre site (cookies persistants). Vous pouvez param\u00e9trer votre navigateur de mani\u00e8re \u00e0 \u00eatre inform\u00e9 de l\u2018enregistrement de cookies et \u00e0 pouvoir les autoriser de fa\u00e7on individuelle ou \u00e0 en exclure syst\u00e9matiquement l\u2018emploi dans certains cas. Si vous refusez l&rsquo;utilisation de cookies, la fonctionnalit\u00e9 de notre site Internet s&rsquo;en retrouvera r\u00e9duite. \u2028\u2028Apr\u00e8s opposition, un cookie Opt-Out est enregistr\u00e9 sur votre terminal. Si vous effacez vos cookies, vous devrez cliquer de nouveau sur le lien.<\/p>\n<p><strong>Rappel d\u2019\u00e9valuation par Trusted Shops<\/strong><br \/>Dans la mesure o\u00f9 vous nous avez donn\u00e9 votre consentement explicite pendant ou apr\u00e8s votre commande en cochant la case correspondante ou en cliquant sur le bouton pr\u00e9vu \u00e0 cet effet (\u00c9valuer plus tard), nous transmettons votre adresse \u00e9lectronique \u00e0 la soci\u00e9t\u00e9 <a href=\"https:\/\/www.trustedshops.fr\/\">Trusted Shops GmbH,<\/a> Subbelrather Str. 15c, 50823 Cologne, Allemagne (www.trustedshops.de) afin qu&rsquo;elle puisse vous envoyer un courrier \u00e9lectronique pour vous rappeler la possibilit\u00e9 de fournir une \u00e9valuation. Vous pouvez r\u00e9voquer votre consentement \u00e0 tout moment en envoyant un message aux coordonn\u00e9es figurant ci-apr\u00e8s ou en vous adressant directement \u00e0 Trusted Shops.<\/p>\n<p><strong>Google Analytics<\/strong><br \/>En vertu de l\u2018art.\u00a06 al.\u00a01 let.\u00a0f RGPD, nous utilisons Google Analytics, la solution d\u2018analyse de sites web de Google Inc. (\u00ab\u00a0Google\u00a0\u00bb), afin d\u2018optimiser en permanence la conception du site et l\u2018exp\u00e9rience des utilisateurs.Dans ce cadre, nous cr\u00e9ons <strong>des profils d\u2018utilisateurs pseudonymis\u00e9s<\/strong> et utilisons des cookies.Les informations g\u00e9n\u00e9r\u00e9es par le cookie portant sur votre utilisation du site web, comme<\/p>\n<ul>\n<li>le type et la version du navigateur,<\/li>\n<li>le syst\u00e8me d&rsquo;exploitation utilis\u00e9,<\/li>\n<li>l&rsquo;URL de r\u00e9f\u00e9rence (page consult\u00e9e pr\u00e9c\u00e9demment),<\/li>\n<li>le nom d&rsquo;h\u00f4te de l&rsquo;appareil utilis\u00e9 (adresse IP),<\/li>\n<li>l&rsquo;heure de la requ\u00eate du serveur,<\/li>\n<\/ul>\n<p>sont transmises \u00e0 un serveur de Google situ\u00e9 aux \u00c9tats-Unis o\u00f9 elles sont enregistr\u00e9es.Ces informations sont utilis\u00e9es dans le but d\u2018analyser l\u2018utilisation du site web, de compiler des rapports d\u2018activit\u00e9s du site web et de fournir d\u2018autres services li\u00e9s \u00e0 l\u2018utilisation du site web et d\u2018Internet \u00e0 des fins d\u2018\u00e9tude de march\u00e9 et d\u2018optimisation de la conception de ces pages Internet.Ces informations sont susceptibles d\u2018\u00eatre transmises \u00e0 des tiers si la loi le prescrit ou si des tiers ont \u00e9t\u00e9 contract\u00e9s pour se charger du traitement des donn\u00e9es.En aucun cas votre adresse IP n\u2018est rattach\u00e9e \u00e0 d\u2018autres donn\u00e9es de Google.Les adresses IP sont anonymis\u00e9es (masquage IP), si bien qu\u2018il est<strong> impossible d\u2018effectuer un quelconque rapprochement<\/strong>.<br \/>Vous pouvez refuser l\u2018installation de cookies dans les param\u00e8tres de votre navigateur\u00a0; nous tenons cependant \u00e0 vous signaler que dans ce cas, vous ne pourrez peut-\u00eatre pas utiliser pleinement toutes les fonctions propos\u00e9es par notre site web.Vous pouvez emp\u00eacher la collecte des donn\u00e9es g\u00e9n\u00e9r\u00e9es par le cookie en lien avec votre utilisation du site web (y compris votre adresse IP) ainsi que le traitement de ces donn\u00e9es par Google en t\u00e9l\u00e9chargeant et en installant cette extension dans votre navigateur.Si vous utilisez un navigateur sur un terminal mobile, vous pouvez emp\u00eacher Google Analytics de collecter des donn\u00e9es en cliquant sur<a href=\"https:\/\/tools.google.com\/dlpage\/gaoptout?hl=fr\"> ce lien<\/a>. Un cookie Opt-out est alors install\u00e9 afin de bloquer la collecte de vos donn\u00e9es lors de vos prochaines visites sur notre site web. Le cookie Opt-out est enregistr\u00e9 sur votre appareil\u00a0; il fonctionne exclusivement pour le navigateur utilis\u00e9 et pour notre site web. Si vous effacez les cookies de votre navigateur, vous devrez r\u00e9installer le cookie Opt-out. Pour de plus amples informations relatives \u00e0 la protection des donn\u00e9es en rapport avec Google Analytics, nous vous invitons \u00e0 consulter le <a href=\"https:\/\/support.google.com\/analytics\/answer\/6004245?hl=fr\" rel=\"%22noopener%22\">site web de Google Analytics<\/a>.<\/p>\n<p><strong>Analyse par WiredMinds<\/strong><br \/>Notre site web utilise la technologie de comptage de pixels de WiredMinds GmbH (www.wiredminds.de) pour analyser le comportement des visiteurs. Pour ce faire, l\u2018adresse IP du visiteur est trait\u00e9e. Le traitement est effectu\u00e9 uniquement dans le but de collecter des informations pertinentes pour l\u2018entreprise telles que le nom de la soci\u00e9t\u00e9. Les adresses IP des personnes physiques sont exclues de toute utilisation ult\u00e9rieure (proc\u00e9dure de liste blanche). L\u2018adresse IP n\u2018est en aucun cas enregistr\u00e9e dans LeadLab. Lors du traitement des donn\u00e9es, il est dans notre int\u00e9r\u00eat particulier de pr\u00e9server les droits \u00e0 la protection des donn\u00e9es des personnes physiques.Notre int\u00e9r\u00eat se fonde sur l\u2018art.\u00a06, al.\u00a01, let.\u00a0f du RGPD.Les donn\u00e9es que nous collectons ne permettent \u00e0 aucun moment de tirer des conclusions sur une personne identifiable.WiredMinds GmbH utilise ces informations afin de cr\u00e9er des profils d\u2018utilisation anonymes en relation avec le comportement des visiteurs sur notre site web. Les donn\u00e9es obtenues de cette mani\u00e8re ne sont pas utilis\u00e9es pour identifier personnellement les visiteurs de notre site web.<br \/><a onclick=\"alert('You are now excluded from tracking.');\">Exclude from tracking<\/a> (un cookie techniquement n\u00e9cessaire est install\u00e9 afin de vous exclure d\u00e9finitivement du suivi par WiredMinds LeadLab sur ce site web.)<\/p>\n<p><strong>Utilisation du service econda \u00e0 des fins d&rsquo;analyse web<\/strong><br \/>Pour l&rsquo;analyse de notre site Internet, nous utilisons sur le site des technologies de la soci\u00e9t\u00e9 <a href=\"https:\/\/www.econda.de\/en\/\" rel=\"%22noopener%22\">econda GmbH<\/a>) qui collectent et enregistrent automatiquement des donn\u00e9es permettant de cr\u00e9er des profils d&rsquo;utilisateurs pseudonymis\u00e9s. Cette pratique s\u2018inscrit dans le cadre de la prise en compte des int\u00e9r\u00eats et r\u00e9pond \u00e0 nos int\u00e9r\u00eats l\u00e9gitimes pr\u00e9pond\u00e9rants en mati\u00e8re d\u2018am\u00e9lioration de la repr\u00e9sentation de notre offre. Des cookies peuvent \u00eatre install\u00e9s \u00e0 cet effet. Les profils d\u2018utilisateurs pseudonymis\u00e9s ne sont pas rattach\u00e9s \u00e0 des donn\u00e9es \u00e0 caract\u00e8re personnel concernant le porteur du pseudonyme sans un consentement explicite et s\u00e9par\u00e9. Vous pouvez vous opposer \u00e0 tout moment \u00e0 la collecte et \u00e0 l\u2018enregistrement des donn\u00e9es avec effet pour l\u2018avenir en cliquant sur ce lien.<\/p>\n<p>Apr\u00e8s opposition, un cookie Opt-Out est enregistr\u00e9 sur votre terminal.Si vous effacez vos cookies, vous devrez cliquer de nouveau sur le lien.<\/p>\n<p><strong>Ciblage (Targeting)<\/strong><br \/>Les mesures de ciblage utilis\u00e9es et pr\u00e9sent\u00e9es ci-dessous sont soumises aux dispositions de l&rsquo;article 6 al. 1 lit. f du RGPD. Nous utilisons des mesures de ciblage dans le but d\u2018afficher des <strong>publicit\u00e9s sur vos terminaux<\/strong> qui correspondent uniquement \u00e0 vos centres d\u2018int\u00e9r\u00eat constat\u00e9s ou suppos\u00e9s. Il rel\u00e8ve de notre int\u00e9r\u00eat commun de ne pas vous importuner avec des publicit\u00e9s qui ne vous int\u00e9ressent pas.<\/p>\n<p><strong>Ciblage sur site local<\/strong><br \/>Nous utilisons des cookies sur notre site web pour collecter et \u00e9valuer des informations \u00e0 des fins d&rsquo;optimisation de notre affichage publicitaire. Ces informations peuvent contenir des indications relatives aux produits qui vous ont int\u00e9ress\u00e9.La collecte et l\u2018\u00e9valuation de ces informations se font <strong>uniquement avec des pseudonymes<\/strong> et ne nous permettent pas de vous identifier.En particulier, ces informations ne sont pas rattach\u00e9es \u00e0 d\u2018autres donn\u00e9es \u00e0 caract\u00e8re personnel vous concernant.Gr\u00e2ce \u00e0 ces informations, nous sommes en mesure de vous proposer, sur notre site, des produits correspondant \u00e0 vos centres d\u2018int\u00e9r\u00eat, tels que d\u00e9termin\u00e9s sur la base de votre comportement d\u2018utilisateur. Ce cookie est effac\u00e9 automatiquement au bout de 30\u00a0jours.<\/p>\n<p><strong>Reciblage (Retargeting)<\/strong><br \/>Nous utilisons \u00e9galement les technologies de reciblage de Google AdWords.Ces technologies nous permettent de vous afficher des offres en ligne correspondant \u00e0 vos centres d\u2018int\u00e9r\u00eat. Pour ce faire, un cookie est install\u00e9 pour collecter les donn\u00e9es sous forme pseudonymis\u00e9e. Gr\u00e2ce \u00e0 ces informations, nous sommes en mesure d\u2018afficher, sur les sites web de nos partenaires, des publicit\u00e9s cibl\u00e9es relatives \u00e0 nos produits. <strong>Aucune donn\u00e9e personnelle directe<\/strong> n\u2018est enregistr\u00e9e et <strong>aucun profil utilisateur<\/strong> n\u2018est rattach\u00e9 \u00e0 des donn\u00e9es \u00e0 caract\u00e8re personnel vous concernant. Le cookie est enregistr\u00e9 pour une dur\u00e9e de 30\u00a0jours, puis effac\u00e9 automatiquement.<\/p>\n<p><strong>Possibilit\u00e9 d&rsquo;opposition \/ Opt-out<\/strong><br \/><em><strong>En plus des m\u00e9thodes de d\u00e9sactivation d\u00e9crites plus haut, vous pouvez bloquer les technologies de ciblage en param\u00e9trant les cookies dans votre navigateur.Il est \u00e9galement possible de d\u00e9sactiver les publicit\u00e9s cibl\u00e9es en utilisant le gestionnaire de pr\u00e9f\u00e9rences accessible <a href=\"\/\/www.youronlinechoices.com\/de\/praferenzmanagement\/%22\" target=\"%22_blank%22\" rel=\"%22noopener%22 noopener\">ici<\/a>.<\/strong><\/em><\/p>\n<p><strong>Plugins de r\u00e9seaux sociaux<\/strong><br \/>En vertu de l&rsquo;article 6 al. 1 lit. f du RGPD, nous utilisons des social plugins afin de faire conna\u00eetre notre entreprise sur les r\u00e9seaux sociaux Facebook, Google+, Xing, YouTube et Twitter. L\u2018objectif promotionnel sous-jacent est consid\u00e9r\u00e9 comme un int\u00e9r\u00eat l\u00e9gitime au sens du RGPD. Il rel\u00e8ve de la responsabilit\u00e9 de chaque prestataire d\u2018assurer la conformit\u00e9 de l\u2018exploitation aux lois en vigueur sur la protection des donn\u00e9es.Ces plugins sont int\u00e9gr\u00e9s \u00e0 notre site en utilisant la m\u00e9thode dite des deux clics afin de proposer une protection optimale aux utilisateurs de notre site web.<\/p>\n<p><strong>Facebook<\/strong><br \/>Sur notre site web, nous utilisons les plugins du r\u00e9seau social Facebook propos\u00e9 par la soci\u00e9t\u00e9 Facebook Inc.Les plugins de Facebook sont reconnaissables au logo de Facebook et \u00e0 la mention \u00ab\u00a0Like\u00a0\u00bb (J\u2018aime) ou\u00ab\u00a0Share\u00a0\u00bb (Partager).Sur ce lien, vous trouverez la liste des plugins de Facebook avec leur aspect. Lorsque vous activez un de ces plugins (premier clic), votre navigateur \u00e9tablit une connexion directe avec les serveurs de Facebook. Le contenu du plugin est transmis directement par Facebook \u00e0 votre navigateur et int\u00e9gr\u00e9 \u00e0 la page. De cette mani\u00e8re, Facebook est inform\u00e9 que votre navigateur a ouvert la page correspondante de notre site web, m\u00eame si vous ne poss\u00e9dez pas de profil Facebook ou que vous n\u2018\u00eates pas connect\u00e9 \u00e0 Facebook \u00e0 cet instant pr\u00e9cis.Cette information (y compris votre adresse IP) est transmise directement de votre navigateur \u00e0 un serveur de Facebook situ\u00e9 aux \u00c9tats-Unis o\u00f9 elle est enregistr\u00e9e.Si vous \u00eates connect\u00e9 \u00e0 Facebook \u00e0 cet instant pr\u00e9cis, Facebook peut faire imm\u00e9diatement le lien entre votre profil Facebook et votre visite sur notre site web.Si vous interagissez avec le plugin, par exemple en cliquant sur le bouton \u00ab\u00a0Like\u00a0\u00bb (J\u2018aime), cette information est transmise directement \u00e0 un serveur de Facebook o\u00f9 elle est enregistr\u00e9e. Ces informations sont alors publi\u00e9es sur votre profil Facebook et visibles pour vos amis.<br \/>Veuillez consulter les <a href=\"https:\/\/fr-fr.facebook.com\/payments_terms\/privacy\">informations de confidentialit\u00e9 de Facebook <\/a>pour conna\u00eetre les finalit\u00e9s et la port\u00e9e de la collecte des donn\u00e9es ainsi que l&rsquo;utilisation et le traitement ult\u00e9rieurs des donn\u00e9es par Facebook, tout comme les droits et options de param\u00e9trage visant \u00e0 prot\u00e9ger votre vie priv\u00e9e. Si vous ne souhaitez pas que Facebook rattache \u00e0 votre profil Facebook les informations collect\u00e9es lors de votre visite sur notre site web, veuillez vous d\u00e9connecter de Facebook avant de consulter notre site web.<\/p>\n<p><strong>Twitter<\/strong><br \/>Sur notre site web, nous int\u00e9grons \u00e9galement des plugins du r\u00e9seau social de microblogage Twitter propos\u00e9 par la soci\u00e9t\u00e9 Twitter Inc. Ces plugins sont reconnaissables au logo de Twitter (oiseau blanc sur fond bleu) et \u00e0 la mention \u00ab\u00a0Tweeter\u00a0\u00bb. Lorsque vous ouvrez une page de notre site web contenant un tel plugin, une connexion directe est \u00e9tablie entre votre navigateur et le serveur de Twitter. Twitter est alors inform\u00e9 que vous avez consult\u00e9 notre page avec votre adresse IP. Si vous cliquez sur le bouton \u00ab\u00a0Tweeter\u00a0\u00bb alors que vous \u00eates connect\u00e9 \u00e0 votre compte Twitter, vous pouvez relier le contenu de nos pages \u00e0 votre profil Twitter.Twitter peut alors faire le lien entre la visite de notre site et votre compte Twitter. Nous (prestataires du site web) tenons \u00e0 signaler que nous ne sommes pas inform\u00e9s du contenu des donn\u00e9es transmises ni de leur utilisation par Twitter.Vous trouverez <a href=\"\/\/twitter.com\/settings\/your_twitter_data%22\" target=\"%22_blank%22\" rel=\"%22noopener%22 noopener\">ici<\/a> de plus amples informations \u00e0 ce sujet.Si vous ne souhaitez pas que Twitter puisse faire le lien entre la visite de notre site et votre compte Twitter, veuillez vous d\u00e9connecter de votre compte utilisateur Twitter.<\/p>\n<p><strong>Plugins vid\u00e9os YouTube<\/strong><br \/>Sur notre site web, nous int\u00e9grons des contenus de prestataires tiers. Ces contenus sont mis \u00e0 disposition par Google\u00a0Inc. (le \u00ab\u00a0fournisseur\u00a0\u00bb).<br \/>YouTube est op\u00e9r\u00e9 par la soci\u00e9t\u00e9 Google Inc., 1600 Amphitheatre Parkway, Mountain View, CA 94043, \u00c9tats-Unis (\u00ab\u00a0Google\u00a0\u00bb).<\/p>\n<p>Les param\u00e8tres avanc\u00e9s de protection des donn\u00e9es sont activ\u00e9s pour les vid\u00e9os de YouTube int\u00e9gr\u00e9es \u00e0 notre site. Cela signifie qu\u2018aucune information concernant les visiteurs de notre site web n\u2018est collect\u00e9e ni enregistr\u00e9e par YouTube, sauf s\u2018ils visionnent la vid\u00e9o. Pour conna\u00eetre les finalit\u00e9s et la port\u00e9e de la collecte des donn\u00e9es ainsi que l\u2018utilisation et le traitement ult\u00e9rieurs des donn\u00e9es par les fournisseurs, tout comme les droits et options de param\u00e9trage visant \u00e0 prot\u00e9ger votre vie priv\u00e9e, veuillez consulter les<\/p>\n<p><a href=\"https:\/\/policies.google.com\/privacy?hl=fr\" rel=\"%22noopener%22\">informations sur la protection des donn\u00e9es de Google<\/a><\/p>\n<p><strong>Destinataires hors de l\u2018UE<\/strong><br \/>En dehors des traitements de donn\u00e9es pr\u00e9sent\u00e9s aux rubriques Technologies du web et plugins de r\u00e9seaux sociaux, nous ne transmettons pas vos donn\u00e9es \u00e0 des destinataires dont le si\u00e8ge est situ\u00e9 hors de l\u2018Union europ\u00e9enne ou de l\u2018Espace \u00e9conomique europ\u00e9en.Les traitements susmentionn\u00e9s impliquent un transfert de donn\u00e9es vers les serveurs des fournisseurs de technologies de <strong>suivi ou de ciblage contract\u00e9s<\/strong>.Ces serveurs se situent aux \u00c9tats-Unis. Le transfert des donn\u00e9es est conforme aux principes des clauses contractuelles standard de la Commission europ\u00e9enne.<\/p>\n<p><strong>Vos droits<\/strong><br \/>En plus du droit de r\u00e9vocation des consentements que vous nous avez octroy\u00e9, vous disposez des droits suivants soumis \u00e0 certains crit\u00e8res juridiques\u00a0:<\/p>\n<ul>\n<li><strong>Droit d&rsquo;acc\u00e8s<\/strong> \u00e0 vos donn\u00e9es personnelles enregistr\u00e9es chez nous, en vertu de l&rsquo;art.\u00a015\u00a0du RGPD\u00a0; vous pouvez demander des renseignements concernant les finalit\u00e9s du traitement des donn\u00e9es, les cat\u00e9gories de donn\u00e9es personnelles, les cat\u00e9gories de destinataires auxquels vos donn\u00e9es ont \u00e9t\u00e9 ou seront communiqu\u00e9es, la dur\u00e9e de conservation pr\u00e9vue et la source de vos donn\u00e9es si elles n&rsquo;ont pas \u00e9t\u00e9 collect\u00e9es directement aupr\u00e8s de vous,<\/li>\n<li><strong>Droit de rectification<\/strong> des donn\u00e9es erron\u00e9es ou incompl\u00e8tes en vertu de l&rsquo;art.\u00a016\u00a0du RGPD,<\/li>\n<li><strong>Droit \u00e0 l&rsquo;effacement<\/strong> de vos donn\u00e9es enregistr\u00e9es chez nous en vertu de l&rsquo;art. 17\u00a0du RGPD, si les donn\u00e9es ne sont soumises \u00e0 aucun d\u00e9lai de conservation l\u00e9gal ou contractuel ni aucun autre droit ou devoir l\u00e9gal de conservation prolong\u00e9e,<\/li>\n<li><strong>Droit \u00e0 la limitation<\/strong> du traitement des donn\u00e9es en vertu de l&rsquo;art. 18 du RGPD, lorsque vous contestez l&rsquo;exactitude des donn\u00e9es personnelles ou que leur traitement est illicite, mais que vous refusez leur effacement\u00a0; ou lorsque le responsable n&rsquo;a plus besoin de ces donn\u00e9es, mais que celles-ci vous sont encore n\u00e9cessaires pour la constatation, l&rsquo;exercice ou la d\u00e9fense de droits en justice\u00a0; ou lorsque vous vous \u00eates oppos\u00e9 au traitement en vertu de l&rsquo;art. 21 du RGPD,<\/li>\n<li><strong>Droit \u00e0 la portabilit\u00e9 des donn\u00e9es<\/strong> en vertu de l&rsquo;art. 20 du RGPD, c.-\u00e0-d. le droit de recevoir les donn\u00e9es personnelles vous concernant dans un format couramment utilis\u00e9 et lisible par machine, ou le droit de demander la transmission des donn\u00e9es \u00e0 un autre responsable,<\/li>\n<li><strong>Droit de contestation<\/strong> aupr\u00e8s d&rsquo;une autorit\u00e9 de contr\u00f4le.G\u00e9n\u00e9ralement, vous pouvez vous adresser \u00e0 l\u2018autorit\u00e9 de contr\u00f4le de votre r\u00e9sidence habituelle, de votre lieu de travail ou du si\u00e8ge de notre entreprise.<\/li>\n<\/ul>\n<p><strong>Droit d\u2018opposition<\/strong><br \/><em><strong>En vertu des dispositions de l\u2018art.\u00a021 al.\u00a01\u00a0du RGPD, la personne concern\u00e9e peut s\u2018opposer au traitement des donn\u00e9es pour des raisons tenant \u00e0 sa situation particuli\u00e8re.<\/strong><\/em><\/p>\n<p>Le <strong>droit d\u2018opposition g\u00e9n\u00e9ral<\/strong> susmentionn\u00e9 s\u2018applique \u00e0 toutes les finalit\u00e9s de traitement d\u00e9crites dans les pr\u00e9sentes informations sur la protection des donn\u00e9es et soumises aux dispositions de l\u2018art.\u00a06 al.\u00a01 let.\u00a0f du RGPD.Contrairement au droit d\u2018opposition r\u00e9serv\u00e9 au traitement des donn\u00e9es \u00e0 des fins de prospection et en vertu du RGPD, nous ne sommes tenus de mettre en \u0153uvre votre opposition que si vous nous fournissez des raisons d\u2018importance majeure (p.\u00a0ex. un danger potentiel pour la vie ou la sant\u00e9). Au-del\u00e0 de ce droit, vous pouvez \u00e9galement vous adresser \u00e0 l\u2018autorit\u00e9 de contr\u00f4le responsable de notre entreprise ou \u00e0 notre d\u00e9l\u00e9gu\u00e9 \u00e0 la protection des donn\u00e9es.<\/p>\n<p><strong>S\u00e9curit\u00e9 des donn\u00e9es<\/strong><br \/>Toutes les donn\u00e9es \u00e0 caract\u00e8re personnel transmises, y compris les donn\u00e9es de paiement, sont prot\u00e9g\u00e9es par le certificat usuel de connexion s\u00e9curis\u00e9e SSL (Secure Socket Layer).SSL est un certificat s\u00fbr et \u00e9prouv\u00e9 utilis\u00e9 notamment pour les transactions bancaires en ligne. Vous reconnaissez une connexion SSL s\u00e9curis\u00e9e \u00e0 la lettre\u00a0s qui figure apr\u00e8s http (https:\/\/\u2026) dans la barre d\u2018adresse de votre navigateur et au cadenas qui appara\u00eet en bas de la fen\u00eatre de votre navigateur.<br \/>Nous prenons en outre les mesures de s\u00e9curit\u00e9 techniques et organisationnelles appropri\u00e9es afin de prot\u00e9ger les donn\u00e9es personnelles enregistr\u00e9es chez nous contre toute manipulation, perte partielle ou totale et acc\u00e8s intempestif de tiers. Nos mesures de s\u00e9curit\u00e9 font l\u2018objet d\u2018un perfectionnement continu conforme aux \u00e9volutions technologiques.<\/p>\n<p>[\/et_pb_text][\/et_pb_column][\/et_pb_row][\/et_pb_section]<\/p>\n","protected":false},"excerpt":{"rendered":"<p>Protection des donn\u00e9esChez Mobil-Mark GmbH, nous prenons la protection de vos donn\u00e9es \u00e0 caract\u00e8re personnel tr\u00e8s au s\u00e9rieux et respectons strictement les r\u00e8gles d\u00e9finies dans les lois sur la protection des donn\u00e9es. Vous trouverez ci-dessous des informations d\u00e9taill\u00e9es relatives au traitement des donn\u00e9es \u00e0 caract\u00e8re personnel en vertu de l\u2018art.\u00a013 du R\u00e8glement g\u00e9n\u00e9ral sur la [&hellip;]<\/p>\n","protected":false},"author":1,"featured_media":0,"parent":0,"menu_order":0,"comment_status":"closed","ping_status":"open","template":"","meta":{"_et_pb_use_builder":"on","_et_pb_old_content":"","_et_gb_content_width":"","footnotes":""},"class_list":["post-3868","page","type-page","status-publish","hentry"],"yoast_head":"<!-- This site is optimized with the Yoast SEO plugin v27.4 - https:\/\/yoast.com\/product\/yoast-seo-wordpress\/ -->\n<title>D\u00e9claration sur la protection des donn\u00e9es &#8212; Mobil-Mark<\/title>\n<meta name=\"robots\" content=\"index, follow, max-snippet:-1, max-image-preview:large, max-video-preview:-1\" \/>\n<link rel=\"canonical\" href=\"https:\/\/www.mobil-mark.de\/fr\/declaration-sur-la-protection-des-donnees\/\" \/>\n<meta property=\"og:locale\" content=\"fr_FR\" \/>\n<meta property=\"og:type\" content=\"article\" \/>\n<meta property=\"og:title\" content=\"D\u00e9claration sur la protection des donn\u00e9es &#8212; Mobil-Mark\" \/>\n<meta property=\"og:description\" content=\"Protection des donn\u00e9esChez Mobil-Mark GmbH, nous prenons la protection de vos donn\u00e9es \u00e0 caract\u00e8re personnel tr\u00e8s au s\u00e9rieux et respectons strictement les r\u00e8gles d\u00e9finies dans les lois sur la protection des donn\u00e9es. Vous trouverez ci-dessous des informations d\u00e9taill\u00e9es relatives au traitement des donn\u00e9es \u00e0 caract\u00e8re personnel en vertu de l\u2018art.\u00a013 du R\u00e8glement g\u00e9n\u00e9ral sur la [&hellip;]\" \/>\n<meta property=\"og:url\" content=\"https:\/\/www.mobil-mark.de\/fr\/declaration-sur-la-protection-des-donnees\/\" \/>\n<meta property=\"og:site_name\" content=\"Mobil-Mark\" \/>\n<meta property=\"article:modified_time\" content=\"2026-03-26T09:47:10+00:00\" \/>\n<meta name=\"twitter:card\" content=\"summary_large_image\" \/>\n<meta name=\"twitter:label1\" content=\"Dur\u00e9e de lecture estim\u00e9e\" \/>\n\t<meta name=\"twitter:data1\" content=\"25 minutes\" \/>\n<script type=\"application\/ld+json\" class=\"yoast-schema-graph\">{\"@context\":\"https:\\\/\\\/schema.org\",\"@graph\":[{\"@type\":\"WebPage\",\"@id\":\"https:\\\/\\\/www.mobil-mark.de\\\/fr\\\/declaration-sur-la-protection-des-donnees\\\/\",\"url\":\"https:\\\/\\\/www.mobil-mark.de\\\/fr\\\/declaration-sur-la-protection-des-donnees\\\/\",\"name\":\"D\u00e9claration sur la protection des donn\u00e9es &#8212; Mobil-Mark\",\"isPartOf\":{\"@id\":\"https:\\\/\\\/www.mobil-mark.de\\\/fr\\\/#website\"},\"datePublished\":\"2021-11-24T11:11:21+00:00\",\"dateModified\":\"2026-03-26T09:47:10+00:00\",\"breadcrumb\":{\"@id\":\"https:\\\/\\\/www.mobil-mark.de\\\/fr\\\/declaration-sur-la-protection-des-donnees\\\/#breadcrumb\"},\"inLanguage\":\"fr-FR\",\"potentialAction\":[{\"@type\":\"ReadAction\",\"target\":[\"https:\\\/\\\/www.mobil-mark.de\\\/fr\\\/declaration-sur-la-protection-des-donnees\\\/\"]}]},{\"@type\":\"BreadcrumbList\",\"@id\":\"https:\\\/\\\/www.mobil-mark.de\\\/fr\\\/declaration-sur-la-protection-des-donnees\\\/#breadcrumb\",\"itemListElement\":[{\"@type\":\"ListItem\",\"position\":1,\"name\":\"Startseite\",\"item\":\"https:\\\/\\\/www.mobil-mark.de\\\/fr\\\/\"},{\"@type\":\"ListItem\",\"position\":2,\"name\":\"D\u00e9claration sur la protection des donn\u00e9es\"}]},{\"@type\":\"WebSite\",\"@id\":\"https:\\\/\\\/www.mobil-mark.de\\\/fr\\\/#website\",\"url\":\"https:\\\/\\\/www.mobil-mark.de\\\/fr\\\/\",\"name\":\"Mobil-Mark\",\"description\":\"\",\"publisher\":{\"@id\":\"https:\\\/\\\/www.mobil-mark.de\\\/fr\\\/#organization\"},\"potentialAction\":[{\"@type\":\"SearchAction\",\"target\":{\"@type\":\"EntryPoint\",\"urlTemplate\":\"https:\\\/\\\/www.mobil-mark.de\\\/fr\\\/?s={search_term_string}\"},\"query-input\":{\"@type\":\"PropertyValueSpecification\",\"valueRequired\":true,\"valueName\":\"search_term_string\"}}],\"inLanguage\":\"fr-FR\"},{\"@type\":\"Organization\",\"@id\":\"https:\\\/\\\/www.mobil-mark.de\\\/fr\\\/#organization\",\"name\":\"Mobil-Mark\",\"url\":\"https:\\\/\\\/www.mobil-mark.de\\\/fr\\\/\",\"logo\":{\"@type\":\"ImageObject\",\"inLanguage\":\"fr-FR\",\"@id\":\"https:\\\/\\\/www.mobil-mark.de\\\/fr\\\/#\\\/schema\\\/logo\\\/image\\\/\",\"url\":\"https:\\\/\\\/www.mobil-mark.de\\\/wp-content\\\/uploads\\\/2021\\\/09\\\/cropped-favicon-mobil-mark.png\",\"contentUrl\":\"https:\\\/\\\/www.mobil-mark.de\\\/wp-content\\\/uploads\\\/2021\\\/09\\\/cropped-favicon-mobil-mark.png\",\"width\":512,\"height\":512,\"caption\":\"Mobil-Mark\"},\"image\":{\"@id\":\"https:\\\/\\\/www.mobil-mark.de\\\/fr\\\/#\\\/schema\\\/logo\\\/image\\\/\"}}]}<\/script>\n<!-- \/ Yoast SEO plugin. -->","yoast_head_json":{"title":"D\u00e9claration sur la protection des donn\u00e9es &#8212; Mobil-Mark","robots":{"index":"index","follow":"follow","max-snippet":"max-snippet:-1","max-image-preview":"max-image-preview:large","max-video-preview":"max-video-preview:-1"},"canonical":"https:\/\/www.mobil-mark.de\/fr\/declaration-sur-la-protection-des-donnees\/","og_locale":"fr_FR","og_type":"article","og_title":"D\u00e9claration sur la protection des donn\u00e9es &#8212; Mobil-Mark","og_description":"Protection des donn\u00e9esChez Mobil-Mark GmbH, nous prenons la protection de vos donn\u00e9es \u00e0 caract\u00e8re personnel tr\u00e8s au s\u00e9rieux et respectons strictement les r\u00e8gles d\u00e9finies dans les lois sur la protection des donn\u00e9es. Vous trouverez ci-dessous des informations d\u00e9taill\u00e9es relatives au traitement des donn\u00e9es \u00e0 caract\u00e8re personnel en vertu de l\u2018art.\u00a013 du R\u00e8glement g\u00e9n\u00e9ral sur la [&hellip;]","og_url":"https:\/\/www.mobil-mark.de\/fr\/declaration-sur-la-protection-des-donnees\/","og_site_name":"Mobil-Mark","article_modified_time":"2026-03-26T09:47:10+00:00","twitter_card":"summary_large_image","twitter_misc":{"Dur\u00e9e de lecture estim\u00e9e":"25 minutes"},"schema":{"@context":"https:\/\/schema.org","@graph":[{"@type":"WebPage","@id":"https:\/\/www.mobil-mark.de\/fr\/declaration-sur-la-protection-des-donnees\/","url":"https:\/\/www.mobil-mark.de\/fr\/declaration-sur-la-protection-des-donnees\/","name":"D\u00e9claration sur la protection des donn\u00e9es &#8212; Mobil-Mark","isPartOf":{"@id":"https:\/\/www.mobil-mark.de\/fr\/#website"},"datePublished":"2021-11-24T11:11:21+00:00","dateModified":"2026-03-26T09:47:10+00:00","breadcrumb":{"@id":"https:\/\/www.mobil-mark.de\/fr\/declaration-sur-la-protection-des-donnees\/#breadcrumb"},"inLanguage":"fr-FR","potentialAction":[{"@type":"ReadAction","target":["https:\/\/www.mobil-mark.de\/fr\/declaration-sur-la-protection-des-donnees\/"]}]},{"@type":"BreadcrumbList","@id":"https:\/\/www.mobil-mark.de\/fr\/declaration-sur-la-protection-des-donnees\/#breadcrumb","itemListElement":[{"@type":"ListItem","position":1,"name":"Startseite","item":"https:\/\/www.mobil-mark.de\/fr\/"},{"@type":"ListItem","position":2,"name":"D\u00e9claration sur la protection des donn\u00e9es"}]},{"@type":"WebSite","@id":"https:\/\/www.mobil-mark.de\/fr\/#website","url":"https:\/\/www.mobil-mark.de\/fr\/","name":"Mobil-Mark","description":"","publisher":{"@id":"https:\/\/www.mobil-mark.de\/fr\/#organization"},"potentialAction":[{"@type":"SearchAction","target":{"@type":"EntryPoint","urlTemplate":"https:\/\/www.mobil-mark.de\/fr\/?s={search_term_string}"},"query-input":{"@type":"PropertyValueSpecification","valueRequired":true,"valueName":"search_term_string"}}],"inLanguage":"fr-FR"},{"@type":"Organization","@id":"https:\/\/www.mobil-mark.de\/fr\/#organization","name":"Mobil-Mark","url":"https:\/\/www.mobil-mark.de\/fr\/","logo":{"@type":"ImageObject","inLanguage":"fr-FR","@id":"https:\/\/www.mobil-mark.de\/fr\/#\/schema\/logo\/image\/","url":"https:\/\/www.mobil-mark.de\/wp-content\/uploads\/2021\/09\/cropped-favicon-mobil-mark.png","contentUrl":"https:\/\/www.mobil-mark.de\/wp-content\/uploads\/2021\/09\/cropped-favicon-mobil-mark.png","width":512,"height":512,"caption":"Mobil-Mark"},"image":{"@id":"https:\/\/www.mobil-mark.de\/fr\/#\/schema\/logo\/image\/"}}]}},"_links":{"self":[{"href":"https:\/\/www.mobil-mark.de\/fr\/wp-json\/wp\/v2\/pages\/3868","targetHints":{"allow":["GET"]}}],"collection":[{"href":"https:\/\/www.mobil-mark.de\/fr\/wp-json\/wp\/v2\/pages"}],"about":[{"href":"https:\/\/www.mobil-mark.de\/fr\/wp-json\/wp\/v2\/types\/page"}],"author":[{"embeddable":true,"href":"https:\/\/www.mobil-mark.de\/fr\/wp-json\/wp\/v2\/users\/1"}],"replies":[{"embeddable":true,"href":"https:\/\/www.mobil-mark.de\/fr\/wp-json\/wp\/v2\/comments?post=3868"}],"version-history":[{"count":17,"href":"https:\/\/www.mobil-mark.de\/fr\/wp-json\/wp\/v2\/pages\/3868\/revisions"}],"predecessor-version":[{"id":8452,"href":"https:\/\/www.mobil-mark.de\/fr\/wp-json\/wp\/v2\/pages\/3868\/revisions\/8452"}],"wp:attachment":[{"href":"https:\/\/www.mobil-mark.de\/fr\/wp-json\/wp\/v2\/media?parent=3868"}],"curies":[{"name":"wp","href":"https:\/\/api.w.org\/{rel}","templated":true}]}}