{"id":4062,"date":"2021-12-09T13:40:42","date_gmt":"2021-12-09T12:40:42","guid":{"rendered":"https:\/\/www.mobil-mark.de\/accessoires\/"},"modified":"2025-11-21T15:11:08","modified_gmt":"2025-11-21T14:11:08","slug":"accessoires","status":"publish","type":"page","link":"https:\/\/www.mobil-mark.de\/fr\/machines-de-gravure-laser\/accessoires\/","title":{"rendered":"Accessoires"},"content":{"rendered":"<p>[et_pb_section fb_built=\u00a0\u00bb1&Prime; fullwidth=\u00a0\u00bbon\u00a0\u00bb admin_label=\u00a0\u00bbImage Slider\u00a0\u00bb _builder_version=\u00a0\u00bb4.16&Prime; _module_preset=\u00a0\u00bbdefault\u00a0\u00bb background_color=\u00a0\u00bb#FFFFFF\u00a0\u00bb background_enable_image=\u00a0\u00bboff\u00a0\u00bb module_alignment=\u00a0\u00bbleft\u00a0\u00bb global_colors_info=\u00a0\u00bb{}\u00a0\u00bb][et_pb_fullwidth_slider _builder_version=\u00a0\u00bb4.16&Prime; _module_preset=\u00a0\u00bbfaf5b4f6-5234-4f49-bb13-3eb79cb47745&Prime; global_colors_info=\u00a0\u00bb{}\u00a0\u00bb][et_pb_slide heading=\u00a0\u00bbAccessoires\u00a0\u00bb _builder_version=\u00a0\u00bb4.16&Prime; _module_preset=\u00a0\u00bb9fdafdd2-bca5-4e36-ad31-46d0ad6222bb\u00a0\u00bb background_image=\u00a0\u00bbhttps:\/\/www.mobil-mark.de\/wp-content\/uploads\/2021\/08\/zubehoer-imageslider-3840&#215;920-1-scaled.jpg\u00a0\u00bb global_colors_info=\u00a0\u00bb{}\u00a0\u00bb sticky_transition=\u00a0\u00bbon\u00a0\u00bb]Pratiques pour une gravure laser confortable et pr\u00e9cise[\/et_pb_slide][\/et_pb_fullwidth_slider][\/et_pb_section][et_pb_section fb_built=\u00a0\u00bb1&Prime; _builder_version=\u00a0\u00bb4.16&Prime; _module_preset=\u00a0\u00bb2aa77f26-48e2-4f2e-8256-e6a09189bfc3&Prime; global_colors_info=\u00a0\u00bb{}\u00a0\u00bb][et_pb_row _builder_version=\u00a0\u00bb4.16&Prime; locked=\u00a0\u00bboff\u00a0\u00bb global_colors_info=\u00a0\u00bb{}\u00a0\u00bb][et_pb_column type=\u00a0\u00bb4_4&Prime; _builder_version=\u00a0\u00bb4.16&Prime; custom_padding=\u00a0\u00bb|||\u00a0\u00bb global_colors_info=\u00a0\u00bb{}\u00a0\u00bb custom_padding__hover=\u00a0\u00bb|||\u00a0\u00bb][et_pb_text _builder_version=\u00a0\u00bb4.16&Prime; _module_preset=\u00a0\u00bbb912ceaa-d132-4093-ad58-e5cbb87da27a\u00a0\u00bb global_colors_info=\u00a0\u00bb{}\u00a0\u00bb]<\/p>\n<p>Un bon syst\u00e8me de gravure laser, associ\u00e9 \u00e0 des accessoires utiles, peut <strong>Amener le marquage des pi\u00e8ces \u00e0 la perfection<\/strong> tout en facilitant \u00e9norm\u00e9ment le travail. Mobil-Mark d\u00e9veloppe <strong>depuis<\/strong> longtemps des solutions sp\u00e9ciales adapt\u00e9es aux besoins des clients. De ces <strong>Aide au quotidien du cabinet m\u00e9dical<\/strong> est n\u00e9e la vaste gamme d&rsquo;accessoires. Comme tous les produits Mobil-Mark, les accessoires ont pour objectif d&rsquo;\u00eatre la <strong>la meilleure solution et la plus r\u00e9fl\u00e9chie<\/strong>. Il y en a pour tous les besoins &#8211; et si ce n&rsquo;est pas le cas, nous y rem\u00e9dions pour vous!<\/p>\n<p>[\/et_pb_text][\/et_pb_column][\/et_pb_row][\/et_pb_section][et_pb_section fb_built=\u00a0\u00bb1&Prime; _builder_version=\u00a0\u00bb4.16&Prime; _module_preset=\u00a0\u00bbdefault\u00a0\u00bb custom_padding=\u00a0\u00bb3%|0px|0%|0px|false|false\u00a0\u00bb global_colors_info=\u00a0\u00bb{}\u00a0\u00bb][et_pb_row _builder_version=\u00a0\u00bb4.16&Prime; _module_preset=\u00a0\u00bbdefault\u00a0\u00bb global_colors_info=\u00a0\u00bb{}\u00a0\u00bb][et_pb_column type=\u00a0\u00bb4_4&Prime; _builder_version=\u00a0\u00bb4.16&Prime; _module_preset=\u00a0\u00bbdefault\u00a0\u00bb global_colors_info=\u00a0\u00bb{}\u00a0\u00bb][dsm_menu title=\u00a0\u00bbTous les contenus en un coup d&apos;\u0153il\u00a0\u00bb menu_id=\u00a0\u00bb39&Prime; _builder_version=\u00a0\u00bb4.16&Prime; _module_preset=\u00a0\u00bbdefault\u00a0\u00bb header_level=\u00a0\u00bbh3&Prime; header_font_size=\u00a0\u00bb21px\u00a0\u00bb global_colors_info=\u00a0\u00bb{}\u00a0\u00bb menu_link_text_color__hover_enabled=\u00a0\u00bboff|hover\u00a0\u00bb][\/dsm_menu][et_pb_divider color=\u00a0\u00bb#F2F4F7&Prime; divider_weight=\u00a0\u00bb3px\u00a0\u00bb _builder_version=\u00a0\u00bb4.16&Prime; _module_preset=\u00a0\u00bbdefault\u00a0\u00bb custom_margin=\u00a0\u00bb6%||||false|false\u00a0\u00bb custom_padding=\u00a0\u00bb||||false|false\u00a0\u00bb global_colors_info=\u00a0\u00bb{}\u00a0\u00bb][\/et_pb_divider][\/et_pb_column][\/et_pb_row][\/et_pb_section][et_pb_section fb_built=\u00a0\u00bb1&Prime; admin_label=\u00a0\u00bbAccessory Boxes\u00a0\u00bb module_id=\u00a0\u00bbdispositifs d&apos;obturation\u00a0\u00bb _builder_version=\u00a0\u00bb4.16&Prime; _module_preset=\u00a0\u00bb_initial\u00a0\u00bb global_colors_info=\u00a0\u00bb{}\u00a0\u00bb][et_pb_row make_equal=\u00a0\u00bbon\u00a0\u00bb module_id=\u00a0\u00bbabdichteinheiten\u00a0\u00bb _builder_version=\u00a0\u00bb4.16&Prime; _dynamic_attributes=\u00a0\u00bblink_option_url\u00a0\u00bb _module_preset=\u00a0\u00bbdefault\u00a0\u00bb link_option_url=\u00a0\u00bb@ET-DC@eyJkeW5hbWljIjp0cnVlLCJjb250ZW50IjoicG9zdF9saW5rX3VybF9wYWdlIiwic2V0dGluZ3MiOnsicG9zdF9pZCI6IjE2NSJ9fQ==@\u00a0\u00bb global_colors_info=\u00a0\u00bb{}\u00a0\u00bb][et_pb_column type=\u00a0\u00bb4_4&Prime; _builder_version=\u00a0\u00bb4.16&Prime; _module_preset=\u00a0\u00bb238e104c-2893-4425-b556-699bf3f094c4&Prime; global_colors_info=\u00a0\u00bb{}\u00a0\u00bb][et_pb_image src=\u00a0\u00bbhttps:\/\/www.mobil-mark.de\/wp-content\/uploads\/2021\/08\/abdichteinheiten.jpg\u00a0\u00bb alt=\u00a0\u00bbDispositifs d\u2019obturation\u00a0\u00bb title_text=\u00a0\u00bbDispositifs d\u2019obturation\u00a0\u00bb _builder_version=\u00a0\u00bb4.16&Prime; _module_preset=\u00a0\u00bbdefault\u00a0\u00bb custom_margin=\u00a0\u00bb||||false|false\u00a0\u00bb global_colors_info=\u00a0\u00bb{}\u00a0\u00bb][\/et_pb_image][et_pb_text _builder_version=\u00a0\u00bb4.16&Prime; _module_preset=\u00a0\u00bbdc4f1298-5ad3-4991-91b2-3094b4ea8679&Prime; global_colors_info=\u00a0\u00bb{}\u00a0\u00bb]<\/p>\n<h2>Dispositifs d\u2019obturation<\/h2>\n<p>Les lasers de gravure de Mobil-Mark marquent durablement tout mat\u00e9riau et <strong>toute g\u00e9om\u00e9trie de surface<\/strong> &#8211; ronde et plane, grande et petite. Pour ce faire, des <strong>Unit\u00e9s d&rsquo;\u00e9tanch\u00e9it\u00e9 personnalis\u00e9es pour chaque pi\u00e8ce<\/strong> disponibles, avec lesquelles il est possible d&rsquo;\u00e9crire sur la surface correspondante.<\/p>\n<p>[\/et_pb_text][et_pb_blurb title=\u00a0\u00bbRemplacement en toute facilit\u00e9\u00a0\u00bb use_icon=\u00a0\u00bbon\u00a0\u00bb font_icon=\u00a0\u00bb&#x35;||divi||400&Prime; admin_label=\u00a0\u00bbIcon List Item with Headline\u00a0\u00bb _builder_version=\u00a0\u00bb4.16&Prime; _module_preset=\u00a0\u00bbbeaae09d-2ff4-43ad-9762-8b65096916c6&Prime; custom_margin_tablet=\u00a0\u00bb2%||2%||true|false\u00a0\u00bb custom_margin_last_edited=\u00a0\u00bboff|desktop\u00a0\u00bb global_colors_info=\u00a0\u00bb{}\u00a0\u00bb]<\/p>\n<p>L&rsquo;unit\u00e9 d&rsquo;\u00e9tanch\u00e9it\u00e9 respective sur la t\u00eate du laser peut \u00eatre remplac\u00e9e facilement et en toute s\u00e9curit\u00e9.<\/p>\n<p>[\/et_pb_blurb][et_pb_blurb title=\u00a0\u00bbAucune restriction\u00a0\u00bb use_icon=\u00a0\u00bbon\u00a0\u00bb font_icon=\u00a0\u00bb&#x35;||divi||400&Prime; admin_label=\u00a0\u00bbIcon List Item with Headline\u00a0\u00bb _builder_version=\u00a0\u00bb4.16&Prime; _module_preset=\u00a0\u00bbbeaae09d-2ff4-43ad-9762-8b65096916c6&Prime; global_colors_info=\u00a0\u00bb{}\u00a0\u00bb]<\/p>\n<p>M\u00eame les tubes ronds, les sph\u00e8res et les coins de pi\u00e8ces sont marqu\u00e9s de mani\u00e8re exacte, r\u00e9guli\u00e8re et pr\u00e9cise<\/p>\n<p>[\/et_pb_blurb][et_pb_blurb title=\u00a0\u00bbLarges surfaces d&apos;inscription\u00a0\u00bb use_icon=\u00a0\u00bbon\u00a0\u00bb font_icon=\u00a0\u00bb&#x35;||divi||400&Prime; admin_label=\u00a0\u00bbIcon List Item with Headline\u00a0\u00bb _builder_version=\u00a0\u00bb4.16&Prime; _module_preset=\u00a0\u00bbbeaae09d-2ff4-43ad-9762-8b65096916c6&Prime; global_colors_info=\u00a0\u00bb{}\u00a0\u00bb]<\/p>\n<p>Il est possible de r\u00e9aliser des marquages jusqu&rsquo;\u00e0 100 mm x 100 mm en une seule op\u00e9ration.<\/p>\n<p>[\/et_pb_blurb][et_pb_blurb title=\u00a0\u00bbSolutions sur mesure pour vos dimensions sp\u00e9cifiques\u00a0\u00bb use_icon=\u00a0\u00bbon\u00a0\u00bb font_icon=\u00a0\u00bb&#x35;||divi||400&Prime; admin_label=\u00a0\u00bbIcon List Item with Headline\u00a0\u00bb _builder_version=\u00a0\u00bb4.16&Prime; _module_preset=\u00a0\u00bbbeaae09d-2ff4-43ad-9762-8b65096916c6&Prime; global_colors_info=\u00a0\u00bb{}\u00a0\u00bb]<\/p>\n<p>Mobil-Mark d\u00e9veloppe des unit\u00e9s d&rsquo;\u00e9tanch\u00e9it\u00e9 adapt\u00e9es aux besoins, m\u00eame pour des surfaces d&rsquo;inscription surdimensionn\u00e9es.<\/p>\n<p>[\/et_pb_blurb][et_pb_button button_url=\u00a0\u00bb@ET-DC@eyJkeW5hbWljIjp0cnVlLCJjb250ZW50IjoicG9zdF9saW5rX3VybF9wYWdlIiwic2V0dGluZ3MiOnsicG9zdF9pZCI6IjE2NSJ9fQ==@\u00a0\u00bb button_text=\u00a0\u00bbEn savoir plus sur les dispositifs dapos obturation\u00a0\u00bb admin_label=\u00a0\u00bbButton at bottom\u00a0\u00bb _builder_version=\u00a0\u00bb4.20.2&Prime; _dynamic_attributes=\u00a0\u00bbbutton_url\u00a0\u00bb _module_preset=\u00a0\u00bb0648f0bf-734c-49a4-b538-e2932d769a72&Prime; global_colors_info=\u00a0\u00bb{}\u00a0\u00bb][\/et_pb_button][\/et_pb_column][\/et_pb_row][\/et_pb_section][et_pb_section fb_built=\u00a0\u00bb1&Prime; admin_label=\u00a0\u00bbsection\u00a0\u00bb module_id=\u00a0\u00bbcontact\u00a0\u00bb _builder_version=\u00a0\u00bb4.20.2&Prime; _module_preset=\u00a0\u00bba1f45f23-e2ce-493f-810f-6f77f9db1ac3&Prime; background_color=\u00a0\u00bb#003D6C\u00a0\u00bb use_background_color_gradient=\u00a0\u00bbon\u00a0\u00bb background_color_gradient_stops=\u00a0\u00bb#00355e 0%|#003d6c 100%\u00a0\u00bb background_color_gradient_start=\u00a0\u00bb#00355e\u00a0\u00bb background_color_gradient_end=\u00a0\u00bb#003d6c\u00a0\u00bb background_image=\u00a0\u00bbhttps:\/\/www.mobil-mark.de\/wp-content\/uploads\/2021\/07\/mesh@2x.png\u00a0\u00bb parallax=\u00a0\u00bbon\u00a0\u00bb custom_padding=\u00a0\u00bb3%||4%||false|false\u00a0\u00bb background_color_gradient_stops_tablet=\u00a0\u00bb#00355e 0%|#003d6c 100%\u00a0\u00bb background_color_gradient_stops_phone=\u00a0\u00bb#00355e 0%|#003d6c 100%\u00a0\u00bb global_module=\u00a0\u00bb353&Prime; saved_tabs=\u00a0\u00bball\u00a0\u00bb collapsed=\u00a0\u00bboff\u00a0\u00bb global_colors_info=\u00a0\u00bb{}\u00a0\u00bb][et_pb_row column_structure=\u00a0\u00bb3_5,2_5&Prime; _builder_version=\u00a0\u00bb4.16&Prime; _module_preset=\u00a0\u00bbdefault\u00a0\u00bb locked=\u00a0\u00bboff\u00a0\u00bb global_colors_info=\u00a0\u00bb{}\u00a0\u00bb][et_pb_column type=\u00a0\u00bb3_5&Prime; _builder_version=\u00a0\u00bb4.16&Prime; _module_preset=\u00a0\u00bbdefault\u00a0\u00bb global_colors_info=\u00a0\u00bb{}\u00a0\u00bb][et_pb_text _builder_version=\u00a0\u00bb4.16&Prime; _module_preset=\u00a0\u00bbb912ceaa-d132-4093-ad58-e5cbb87da27a\u00a0\u00bb text_text_color=\u00a0\u00bb#FFFFFF\u00a0\u00bb header_text_color=\u00a0\u00bb#FFFFFF\u00a0\u00bb header_2_text_color=\u00a0\u00bb#FFFFFF\u00a0\u00bb background_layout=\u00a0\u00bbdark\u00a0\u00bb max_width=\u00a0\u00bb85%\u00a0\u00bb max_width_tablet=\u00a0\u00bb100%\u00a0\u00bb max_width_phone=\u00a0\u00bb100%\u00a0\u00bb max_width_last_edited=\u00a0\u00bbon|tablet\u00a0\u00bb global_colors_info=\u00a0\u00bb{}\u00a0\u00bb]<\/p>\n<h2>Demandez maintenant conseil \u00e0 un expert!<\/h2>\n<p>Faites-nous part de vos questions, de vos souhaits ou de vos suggestions! Nous nous r\u00e9jouissons de votre appel, de votre mail ou de votre message via notre formulaire de contact.<\/p>\n<p>[\/et_pb_text][et_pb_button button_url=\u00a0\u00bb@ET-DC@eyJkeW5hbWljIjp0cnVlLCJjb250ZW50IjoicG9zdF9saW5rX3VybF9wYWdlIiwic2V0dGluZ3MiOnsicG9zdF9pZCI6IjE1OSJ9fQ==@\u00a0\u00bb button_text=\u00a0\u00bbContacter maintenant\u00a0\u00bb module_class=\u00a0\u00bbbutton-primary\u00a0\u00bb _builder_version=\u00a0\u00bb4.16&Prime; _dynamic_attributes=\u00a0\u00bbbutton_url\u00a0\u00bb _module_preset=\u00a0\u00bb441d0f55-1e44-42cf-a794-626ffabacda0&Prime; mix_blend_mode=\u00a0\u00bblighten\u00a0\u00bb global_colors_info=\u00a0\u00bb{}\u00a0\u00bb][\/et_pb_button][\/et_pb_column][et_pb_column type=\u00a0\u00bb2_5&Prime; _builder_version=\u00a0\u00bb4.16&Prime; _module_preset=\u00a0\u00bbdefault\u00a0\u00bb custom_padding=\u00a0\u00bb40px||40px||true|false\u00a0\u00bb global_colors_info=\u00a0\u00bb{}\u00a0\u00bb][et_pb_blurb title=\u00a0\u00bb+49 6894 890 95 0&Prime; url=\u00a0\u00bbtel:+496894890950&Prime; image=\u00a0\u00bbhttps:\/\/www.mobil-mark.de\/wp-content\/uploads\/2021\/07\/Telephone@2x.png\u00a0\u00bb admin_label=\u00a0\u00bbPhone\u00a0\u00bb _builder_version=\u00a0\u00bb4.20.2&Prime; _module_preset=\u00a0\u00bb80bd3ae8-c3d3-42f5-a3df-282bcd65d477&Prime; custom_css_blurb_image=\u00a0\u00bbpadding-top:4px;\u00a0\u00bb global_colors_info=\u00a0\u00bb{}\u00a0\u00bb][\/et_pb_blurb][et_pb_blurb title=\u00a0\u00bbkontakt@mobil-mark.de\u00a0\u00bb url=\u00a0\u00bbmailto:kontakt@mobil-mark.de\u00a0\u00bb image=\u00a0\u00bbhttps:\/\/www.mobil-mark.de\/wp-content\/uploads\/2021\/07\/Mail@2x.png\u00a0\u00bb alt=\u00a0\u00bbMail Icon\u00a0\u00bb admin_label=\u00a0\u00bbE-Mail\u00a0\u00bb _builder_version=\u00a0\u00bb4.16&Prime; _module_preset=\u00a0\u00bb80bd3ae8-c3d3-42f5-a3df-282bcd65d477&Prime; custom_css_blurb_image=\u00a0\u00bbpadding-top:7px;\u00a0\u00bb global_colors_info=\u00a0\u00bb{}\u00a0\u00bb][\/et_pb_blurb][\/et_pb_column][\/et_pb_row][\/et_pb_section][et_pb_section fb_built=\u00a0\u00bb1&Prime; admin_label=\u00a0\u00bbAccessory Boxes\u00a0\u00bb _builder_version=\u00a0\u00bb4.16&Prime; _module_preset=\u00a0\u00bb2aa77f26-48e2-4f2e-8256-e6a09189bfc3&Prime; custom_padding=\u00a0\u00bb6.5%|0px|4%|0px|false|false\u00a0\u00bb locked=\u00a0\u00bboff\u00a0\u00bb global_colors_info=\u00a0\u00bb{}\u00a0\u00bb][et_pb_row make_equal=\u00a0\u00bbon\u00a0\u00bb _builder_version=\u00a0\u00bb4.20.2&Prime; _module_preset=\u00a0\u00bbdefault\u00a0\u00bb min_height=\u00a0\u00bb1538.5px\u00a0\u00bb global_colors_info=\u00a0\u00bb{}\u00a0\u00bb][et_pb_column type=\u00a0\u00bb4_4&Prime; module_id=\u00a0\u00bbmarkiertisch\u00a0\u00bb _builder_version=\u00a0\u00bb4.20.2&Prime; _module_preset=\u00a0\u00bb238e104c-2893-4425-b556-699bf3f094c4&Prime; global_colors_info=\u00a0\u00bb{}\u00a0\u00bb][et_pb_image src=\u00a0\u00bbhttps:\/\/www.mobil-mark.de\/wp-content\/uploads\/2022\/12\/markiertisch.jpg\u00a0\u00bb alt=\u00a0\u00bbTable \u00e9l\u00e9vatrice sur roulettes avec broche ;\u00a0\u00bb title_text=\u00a0\u00bbmarkiertisch\u00a0\u00bb _builder_version=\u00a0\u00bb4.20.2&Prime; _module_preset=\u00a0\u00bbdefault\u00a0\u00bb custom_margin=\u00a0\u00bb||||false|false\u00a0\u00bb global_colors_info=\u00a0\u00bb{}\u00a0\u00bb][\/et_pb_image][et_pb_text _builder_version=\u00a0\u00bb4.20.2&Prime; _module_preset=\u00a0\u00bbdc4f1298-5ad3-4991-91b2-3094b4ea8679&Prime; global_colors_info=\u00a0\u00bb{}\u00a0\u00bb]<\/p>\n<h2>Table de marquage<\/h2>\n<p>Pour les gravures laser stationnaires sur une place de travail, qui peut aussi, au choix, \u00eatre mobile,\u00a0 nous recommandons la nouvelle table de marquage.\u00a0Il dispose d&rsquo;une plaque rainur\u00e9e avec un dispositif de serrage optionnel sur lequel vos composants <strong>pour \u00eatre plac\u00e9 avec pr\u00e9cision<\/strong>. <strong>La t\u00eate laser<\/strong> peut alors \u00eatre <strong>fix\u00e9e<\/strong> \u00e0 un syst\u00e8me d&rsquo;axes et \u00eatre guid\u00e9e vers le haut et vers le bas, au choix, <strong>manuellement<\/strong> ou de <strong>mani\u00e8re automatis\u00e9e.<\/strong> M\u00eame les composants lourds (jusqu&rsquo;\u00e0 <strong>120 kg<\/strong>) peuvent \u00eatre positionn\u00e9s pour la gravure. La table est id\u00e9ale pour les pi\u00e8ces uniques comme pour les grandes s\u00e9ries. En m\u00eame temps, il est possible de travailler de mani\u00e8re ergonomique, car l&#8217;employ\u00e9 ne doit pas guider le laser, mais uniquement l&rsquo;alimenter.<\/p>\n<p>[\/et_pb_text][et_pb_blurb title=\u00a0\u00bbPersonnalis\u00e9 \u00e0 la demande du client\u00a0\u00bb use_icon=\u00a0\u00bbon\u00a0\u00bb font_icon=\u00a0\u00bb&#x35;||divi||400&Prime; admin_label=\u00a0\u00bbIcon List Item with Headline\u00a0\u00bb _builder_version=\u00a0\u00bb4.16&Prime; _module_preset=\u00a0\u00bbbeaae09d-2ff4-43ad-9762-8b65096916c6&Prime; min_height=\u00a0\u00bb35px\u00a0\u00bb locked=\u00a0\u00bboff\u00a0\u00bb global_colors_info=\u00a0\u00bb{}\u00a0\u00bb]<\/p>\n<p><strong>La table<\/strong> peut entre autres \u00eatre <strong>adapt\u00e9e<\/strong> sur mesure, automatis\u00e9e et \u00e9quip\u00e9e de <strong>roulettes. <\/strong><\/p>\n<p>[\/et_pb_blurb][et_pb_blurb title=\u00a0\u00bbEspace de rangement suppl\u00e9mentaire \u00a0\u00bb use_icon=\u00a0\u00bbon\u00a0\u00bb font_icon=\u00a0\u00bb&#x35;||divi||400&Prime; admin_label=\u00a0\u00bbIcon List Item with Headline\u00a0\u00bb _builder_version=\u00a0\u00bb4.20.2&Prime; _module_preset=\u00a0\u00bbbeaae09d-2ff4-43ad-9762-8b65096916c6&Prime; locked=\u00a0\u00bboff\u00a0\u00bb global_colors_info=\u00a0\u00bb{}\u00a0\u00bb]<\/p>\n<p>gr\u00e2ce \u00e0 des tiroirs verrouillables<\/p>\n<p>[\/et_pb_blurb][et_pb_button button_url=\u00a0\u00bbhttps:\/\/www.mobil-mark.de\/fr\/entreprise\/contact\/?accessoires=table-de-marquage\u00a0\u00bb button_text=\u00a0\u00bbDemander notre table de marquage\u00a0\u00bb admin_label=\u00a0\u00bbButton at bottom\u00a0\u00bb _builder_version=\u00a0\u00bb4.20.2&Prime; _module_preset=\u00a0\u00bb0648f0bf-734c-49a4-b538-e2932d769a72&Prime; custom_margin=\u00a0\u00bb4%||||false|false\u00a0\u00bb custom_padding=\u00a0\u00bb0%||3%|5%|false|false\u00a0\u00bb global_colors_info=\u00a0\u00bb{}\u00a0\u00bb][\/et_pb_button][\/et_pb_column][\/et_pb_row][\/et_pb_section][et_pb_section fb_built=\u00a0\u00bb1&Prime; admin_label=\u00a0\u00bbsection\u00a0\u00bb module_id=\u00a0\u00bbcontact\u00a0\u00bb _builder_version=\u00a0\u00bb4.20.2&Prime; _module_preset=\u00a0\u00bba1f45f23-e2ce-493f-810f-6f77f9db1ac3&Prime; background_color=\u00a0\u00bb#003D6C\u00a0\u00bb use_background_color_gradient=\u00a0\u00bbon\u00a0\u00bb background_color_gradient_stops=\u00a0\u00bb#00355e 0%|#003d6c 100%\u00a0\u00bb background_color_gradient_start=\u00a0\u00bb#00355e\u00a0\u00bb background_color_gradient_end=\u00a0\u00bb#003d6c\u00a0\u00bb background_image=\u00a0\u00bbhttps:\/\/www.mobil-mark.de\/wp-content\/uploads\/2021\/07\/mesh@2x.png\u00a0\u00bb parallax=\u00a0\u00bbon\u00a0\u00bb custom_padding=\u00a0\u00bb3%||4%||false|false\u00a0\u00bb background_color_gradient_stops_tablet=\u00a0\u00bb#00355e 0%|#003d6c 100%\u00a0\u00bb background_color_gradient_stops_phone=\u00a0\u00bb#00355e 0%|#003d6c 100%\u00a0\u00bb global_module=\u00a0\u00bb353&Prime; saved_tabs=\u00a0\u00bball\u00a0\u00bb locked=\u00a0\u00bboff\u00a0\u00bb collapsed=\u00a0\u00bboff\u00a0\u00bb global_colors_info=\u00a0\u00bb{}\u00a0\u00bb][et_pb_row column_structure=\u00a0\u00bb3_5,2_5&Prime; _builder_version=\u00a0\u00bb4.16&Prime; _module_preset=\u00a0\u00bbdefault\u00a0\u00bb locked=\u00a0\u00bboff\u00a0\u00bb global_colors_info=\u00a0\u00bb{}\u00a0\u00bb][et_pb_column type=\u00a0\u00bb3_5&Prime; _builder_version=\u00a0\u00bb4.16&Prime; _module_preset=\u00a0\u00bbdefault\u00a0\u00bb global_colors_info=\u00a0\u00bb{}\u00a0\u00bb][et_pb_text _builder_version=\u00a0\u00bb4.16&Prime; _module_preset=\u00a0\u00bbb912ceaa-d132-4093-ad58-e5cbb87da27a\u00a0\u00bb text_text_color=\u00a0\u00bb#FFFFFF\u00a0\u00bb header_text_color=\u00a0\u00bb#FFFFFF\u00a0\u00bb header_2_text_color=\u00a0\u00bb#FFFFFF\u00a0\u00bb background_layout=\u00a0\u00bbdark\u00a0\u00bb max_width=\u00a0\u00bb85%\u00a0\u00bb max_width_tablet=\u00a0\u00bb100%\u00a0\u00bb max_width_phone=\u00a0\u00bb100%\u00a0\u00bb max_width_last_edited=\u00a0\u00bbon|tablet\u00a0\u00bb global_colors_info=\u00a0\u00bb{}\u00a0\u00bb]<\/p>\n<h2>Demandez maintenant conseil \u00e0 un expert!<\/h2>\n<p>Faites-nous part de vos questions, de vos souhaits ou de vos suggestions! Nous nous r\u00e9jouissons de votre appel, de votre mail ou de votre message via notre formulaire de contact.<\/p>\n<p>[\/et_pb_text][et_pb_button button_url=\u00a0\u00bb@ET-DC@eyJkeW5hbWljIjp0cnVlLCJjb250ZW50IjoicG9zdF9saW5rX3VybF9wYWdlIiwic2V0dGluZ3MiOnsicG9zdF9pZCI6IjE1OSJ9fQ==@\u00a0\u00bb button_text=\u00a0\u00bbContacter maintenant\u00a0\u00bb module_class=\u00a0\u00bbbutton-primary\u00a0\u00bb _builder_version=\u00a0\u00bb4.16&Prime; _dynamic_attributes=\u00a0\u00bbbutton_url\u00a0\u00bb _module_preset=\u00a0\u00bb441d0f55-1e44-42cf-a794-626ffabacda0&Prime; mix_blend_mode=\u00a0\u00bblighten\u00a0\u00bb global_colors_info=\u00a0\u00bb{}\u00a0\u00bb][\/et_pb_button][\/et_pb_column][et_pb_column type=\u00a0\u00bb2_5&Prime; _builder_version=\u00a0\u00bb4.16&Prime; _module_preset=\u00a0\u00bbdefault\u00a0\u00bb custom_padding=\u00a0\u00bb40px||40px||true|false\u00a0\u00bb global_colors_info=\u00a0\u00bb{}\u00a0\u00bb][et_pb_blurb title=\u00a0\u00bb+49 6894 890 95 0&Prime; url=\u00a0\u00bbtel:+496894890950&Prime; image=\u00a0\u00bbhttps:\/\/www.mobil-mark.de\/wp-content\/uploads\/2021\/07\/Telephone@2x.png\u00a0\u00bb admin_label=\u00a0\u00bbPhone\u00a0\u00bb _builder_version=\u00a0\u00bb4.20.2&Prime; _module_preset=\u00a0\u00bb80bd3ae8-c3d3-42f5-a3df-282bcd65d477&Prime; custom_css_blurb_image=\u00a0\u00bbpadding-top:4px;\u00a0\u00bb global_colors_info=\u00a0\u00bb{}\u00a0\u00bb][\/et_pb_blurb][et_pb_blurb title=\u00a0\u00bbkontakt@mobil-mark.de\u00a0\u00bb url=\u00a0\u00bbmailto:kontakt@mobil-mark.de\u00a0\u00bb image=\u00a0\u00bbhttps:\/\/www.mobil-mark.de\/wp-content\/uploads\/2021\/07\/Mail@2x.png\u00a0\u00bb alt=\u00a0\u00bbMail Icon\u00a0\u00bb admin_label=\u00a0\u00bbE-Mail\u00a0\u00bb _builder_version=\u00a0\u00bb4.16&Prime; _module_preset=\u00a0\u00bb80bd3ae8-c3d3-42f5-a3df-282bcd65d477&Prime; custom_css_blurb_image=\u00a0\u00bbpadding-top:7px;\u00a0\u00bb global_colors_info=\u00a0\u00bb{}\u00a0\u00bb][\/et_pb_blurb][\/et_pb_column][\/et_pb_row][\/et_pb_section][et_pb_section fb_built=\u00a0\u00bb1&Prime; admin_label=\u00a0\u00bbAccessory Boxes\u00a0\u00bb _builder_version=\u00a0\u00bb4.16&Prime; _module_preset=\u00a0\u00bb_initial\u00a0\u00bb global_colors_info=\u00a0\u00bb{}\u00a0\u00bb][et_pb_row column_structure=\u00a0\u00bb1_2,1_2&Prime; make_equal=\u00a0\u00bbon\u00a0\u00bb _builder_version=\u00a0\u00bb4.20.2&Prime; _module_preset=\u00a0\u00bbdefault\u00a0\u00bb hover_enabled=\u00a0\u00bb0&Prime; global_colors_info=\u00a0\u00bb{}\u00a0\u00bb sticky_enabled=\u00a0\u00bb0&Prime;][et_pb_column type=\u00a0\u00bb1_2&Prime; module_id=\u00a0\u00bbmodule_de_marquage_sous_gaz_protecteur\u00a0\u00bb _builder_version=\u00a0\u00bb4.20.2&Prime; _module_preset=\u00a0\u00bb238e104c-2893-4425-b556-699bf3f094c4&Prime; global_colors_info=\u00a0\u00bb{}\u00a0\u00bb][et_pb_image src=\u00a0\u00bbhttps:\/\/www.mobil-mark.de\/wp-content\/uploads\/2021\/08\/schutzgasbeschriftung.jpg\u00a0\u00bb alt=\u00a0\u00bbInscription avec gaz de protection\u00a0\u00bb title_text=\u00a0\u00bbInscription avec gaz de protection\u00a0\u00bb _builder_version=\u00a0\u00bb4.16&Prime; _module_preset=\u00a0\u00bbdefault\u00a0\u00bb custom_margin=\u00a0\u00bb||||false|false\u00a0\u00bb global_colors_info=\u00a0\u00bb{}\u00a0\u00bb][\/et_pb_image][et_pb_text _builder_version=\u00a0\u00bb4.16&Prime; _module_preset=\u00a0\u00bbdc4f1298-5ad3-4991-91b2-3094b4ea8679&Prime; global_colors_info=\u00a0\u00bb{}\u00a0\u00bb]<\/p>\n<h2>Module de marquage sous gaz protecteur<\/h2>\n<p>Pour <strong>des r\u00e9sultats de gravure durables et sans corrosion sur des m\u00e9taux<\/strong> comme les aciers chrome-nickel, le module de marquage sous atmosph\u00e8re protectrice de Mobil-Mark le garantit.<\/p>\n<p>[\/et_pb_text][et_pb_blurb title=\u00a0\u00bbPas de passivation ult\u00e9rieure co\u00fbteuse requise\u00a0\u00bb use_icon=\u00a0\u00bbon\u00a0\u00bb font_icon=\u00a0\u00bb&#x35;||divi||400&Prime; admin_label=\u00a0\u00bbIcon List Item with Headline\u00a0\u00bb _builder_version=\u00a0\u00bb4.16&Prime; _module_preset=\u00a0\u00bbbeaae09d-2ff4-43ad-9762-8b65096916c6&Prime; global_colors_info=\u00a0\u00bb{}\u00a0\u00bb]<\/p>\n<p>Protection anticorrosion fiable int\u00e9gr\u00e9e dans le processus de gravure<\/p>\n<p>[\/et_pb_blurb][et_pb_blurb title=\u00a0\u00bbUne efficacit\u00e9 certifi\u00e9e \u00a0\u00bb use_icon=\u00a0\u00bbon\u00a0\u00bb font_icon=\u00a0\u00bb&#x35;||divi||400&Prime; admin_label=\u00a0\u00bbIcon List Item with Headline\u00a0\u00bb _builder_version=\u00a0\u00bb4.16&Prime; _module_preset=\u00a0\u00bbbeaae09d-2ff4-43ad-9762-8b65096916c6&Prime; global_colors_info=\u00a0\u00bb{}\u00a0\u00bb]<\/p>\n<p>Des tests de longue dur\u00e9e au brouillard salin ont confirm\u00e9 la r\u00e9sistance \u00e0 la corrosion des inscriptions fabriqu\u00e9es sous atmosph\u00e8re protectrice<\/p>\n<p>[\/et_pb_blurb][et_pb_blurb title=\u00a0\u00bbGain de temps de 50 % \u00a0\u00bb use_icon=\u00a0\u00bbon\u00a0\u00bb font_icon=\u00a0\u00bb&#x35;||divi||400&Prime; admin_label=\u00a0\u00bbIcon List Item with Headline\u00a0\u00bb _builder_version=\u00a0\u00bb4.16&Prime; _module_preset=\u00a0\u00bbbeaae09d-2ff4-43ad-9762-8b65096916c6&Prime; global_colors_info=\u00a0\u00bb{}\u00a0\u00bb]<\/p>\n<p>L&rsquo;utilisation d&rsquo;un gaz de protection r\u00e9duit jusqu&rsquo;\u00e0 la moiti\u00e9 la dur\u00e9e de la gravure laser de la pi\u00e8ce<\/p>\n<p>[\/et_pb_blurb][et_pb_button button_url=\u00a0\u00bbhttps:\/\/www.mobil-mark.de\/fr\/entreprise\/contact\/?accessoires=Schutzgasbeschriftungs-Modul\u00a0\u00bb button_text=\u00a0\u00bbDemander notre module de marquage sous gaz de protection\u00a0\u00bb admin_label=\u00a0\u00bbButton at bottom\u00a0\u00bb _builder_version=\u00a0\u00bb4.20.2&Prime; _module_preset=\u00a0\u00bb0648f0bf-734c-49a4-b538-e2932d769a72&Prime; custom_margin=\u00a0\u00bb4%||||false|false\u00a0\u00bb custom_padding=\u00a0\u00bb0%||3%|5%|false|false\u00a0\u00bb global_colors_info=\u00a0\u00bb{}\u00a0\u00bb][\/et_pb_button][\/et_pb_column][et_pb_column type=\u00a0\u00bb1_2&Prime; module_id=\u00a0\u00bbSupport-sur-roulettes\u00a0\u00bb _builder_version=\u00a0\u00bb4.20.2&Prime; _module_preset=\u00a0\u00bb238e104c-2893-4425-b556-699bf3f094c4&Prime; hover_enabled=\u00a0\u00bb0&Prime; global_colors_info=\u00a0\u00bb{}\u00a0\u00bb sticky_enabled=\u00a0\u00bb0&Prime;][et_pb_image src=\u00a0\u00bbhttps:\/\/www.mobil-mark.de\/wp-content\/uploads\/2021\/08\/fahrbares-stativ.jpg\u00a0\u00bb alt=\u00a0\u00bbSupport sur roulettes\u00a0\u00bb title_text=\u00a0\u00bbSupport sur roulettes\u00a0\u00bb _builder_version=\u00a0\u00bb4.16&Prime; _module_preset=\u00a0\u00bbdefault\u00a0\u00bb custom_margin=\u00a0\u00bb||||false|false\u00a0\u00bb locked=\u00a0\u00bboff\u00a0\u00bb global_colors_info=\u00a0\u00bb{}\u00a0\u00bb][\/et_pb_image][et_pb_text _builder_version=\u00a0\u00bb4.16&Prime; _module_preset=\u00a0\u00bbdc4f1298-5ad3-4991-91b2-3094b4ea8679&Prime; locked=\u00a0\u00bboff\u00a0\u00bb global_colors_info=\u00a0\u00bb{}\u00a0\u00bb]<\/p>\n<h2>Support sur roulettes<\/h2>\n<p>Pour un marquage laser pr\u00e9cis \u00e0 diff\u00e9rents endroits sans manipulation manuelle, le tr\u00e9pied mobile est le support parfait.<\/p>\n<p>[\/et_pb_text][et_pb_blurb title=\u00a0\u00bbFlexible car mobile \u00a0\u00bb use_icon=\u00a0\u00bbon\u00a0\u00bb font_icon=\u00a0\u00bb&#x35;||divi||400&Prime; admin_label=\u00a0\u00bbIcon List Item with Headline\u00a0\u00bb _builder_version=\u00a0\u00bb4.16&Prime; _module_preset=\u00a0\u00bbbeaae09d-2ff4-43ad-9762-8b65096916c6&Prime; locked=\u00a0\u00bboff\u00a0\u00bb global_colors_info=\u00a0\u00bb{}\u00a0\u00bb]<\/p>\n<p>Le tr\u00e9pied, qui peut \u00eatre d\u00e9ploy\u00e9 jusqu&rsquo;\u00e0 1,5 m de hauteur, est \u00e9quip\u00e9 de quatre roues qui permettent de le d\u00e9placer jusqu&rsquo;\u00e0 la zone de marquage souhait\u00e9e. Il peut \u00eatre fix\u00e9 par des freins \u00e0 <strong>rouleaux<\/strong><\/p>\n<p>[\/et_pb_blurb][et_pb_blurb title=\u00a0\u00bbR\u00e9glage pr\u00e9cis de la hauteur \u00a0\u00bb use_icon=\u00a0\u00bbon\u00a0\u00bb font_icon=\u00a0\u00bb&#x35;||divi||400&Prime; admin_label=\u00a0\u00bbIcon List Item with Headline\u00a0\u00bb _builder_version=\u00a0\u00bb4.16&Prime; _module_preset=\u00a0\u00bbbeaae09d-2ff4-43ad-9762-8b65096916c6&Prime; locked=\u00a0\u00bboff\u00a0\u00bb global_colors_info=\u00a0\u00bb{}\u00a0\u00bb]<\/p>\n<p>Par manivelle le long de l&rsquo;axe vertical et horizontal<\/p>\n<p>[\/et_pb_blurb][et_pb_blurb title=\u00a0\u00bbUn positionnement pr\u00e9cis \u00a0\u00bb use_icon=\u00a0\u00bbon\u00a0\u00bb font_icon=\u00a0\u00bb&#x35;||divi||400&Prime; admin_label=\u00a0\u00bbIcon List Item with Headline\u00a0\u00bb _builder_version=\u00a0\u00bb4.16&Prime; _module_preset=\u00a0\u00bbbeaae09d-2ff4-43ad-9762-8b65096916c6&Prime; locked=\u00a0\u00bboff\u00a0\u00bb global_colors_info=\u00a0\u00bb{}\u00a0\u00bb]<\/p>\n<p>Pour le marquage au laser, la t\u00eate du laser est fix\u00e9e sur un support. L\u00e0, il peut \u00eatre pivot\u00e9 de 90\u00b0 et bloqu\u00e9<\/p>\n<p>[\/et_pb_blurb][et_pb_button button_url=\u00a0\u00bbhttps:\/\/www.mobil-mark.de\/fr\/entreprise\/contact\/?accessoires=Fahrbares%20Stativ\u00a0\u00bb button_text=\u00a0\u00bbDemander notre support sur roulettes\u00a0\u00bb admin_label=\u00a0\u00bbButton at bottom\u00a0\u00bb _builder_version=\u00a0\u00bb4.16&Prime; _module_preset=\u00a0\u00bb0648f0bf-734c-49a4-b538-e2932d769a72&Prime; custom_margin=\u00a0\u00bb4%||||false|false\u00a0\u00bb custom_padding=\u00a0\u00bb0%||3%|5%|false|false\u00a0\u00bb locked=\u00a0\u00bboff\u00a0\u00bb global_colors_info=\u00a0\u00bb{}\u00a0\u00bb][\/et_pb_button][\/et_pb_column][\/et_pb_row][\/et_pb_section][et_pb_section fb_built=\u00a0\u00bb1&Prime; admin_label=\u00a0\u00bbsection\u00a0\u00bb module_id=\u00a0\u00bbcontact\u00a0\u00bb _builder_version=\u00a0\u00bb4.20.2&Prime; _module_preset=\u00a0\u00bba1f45f23-e2ce-493f-810f-6f77f9db1ac3&Prime; background_color=\u00a0\u00bb#003D6C\u00a0\u00bb use_background_color_gradient=\u00a0\u00bbon\u00a0\u00bb background_color_gradient_stops=\u00a0\u00bb#00355e 0%|#003d6c 100%\u00a0\u00bb background_color_gradient_start=\u00a0\u00bb#00355e\u00a0\u00bb background_color_gradient_end=\u00a0\u00bb#003d6c\u00a0\u00bb background_image=\u00a0\u00bbhttps:\/\/www.mobil-mark.de\/wp-content\/uploads\/2021\/07\/mesh@2x.png\u00a0\u00bb parallax=\u00a0\u00bbon\u00a0\u00bb custom_padding=\u00a0\u00bb3%||4%||false|false\u00a0\u00bb background_color_gradient_stops_tablet=\u00a0\u00bb#00355e 0%|#003d6c 100%\u00a0\u00bb background_color_gradient_stops_phone=\u00a0\u00bb#00355e 0%|#003d6c 100%\u00a0\u00bb global_module=\u00a0\u00bb353&Prime; saved_tabs=\u00a0\u00bball\u00a0\u00bb locked=\u00a0\u00bboff\u00a0\u00bb collapsed=\u00a0\u00bboff\u00a0\u00bb global_colors_info=\u00a0\u00bb{}\u00a0\u00bb][et_pb_row column_structure=\u00a0\u00bb3_5,2_5&Prime; _builder_version=\u00a0\u00bb4.16&Prime; _module_preset=\u00a0\u00bbdefault\u00a0\u00bb locked=\u00a0\u00bboff\u00a0\u00bb global_colors_info=\u00a0\u00bb{}\u00a0\u00bb][et_pb_column type=\u00a0\u00bb3_5&Prime; _builder_version=\u00a0\u00bb4.16&Prime; _module_preset=\u00a0\u00bbdefault\u00a0\u00bb global_colors_info=\u00a0\u00bb{}\u00a0\u00bb][et_pb_text _builder_version=\u00a0\u00bb4.16&Prime; _module_preset=\u00a0\u00bbb912ceaa-d132-4093-ad58-e5cbb87da27a\u00a0\u00bb text_text_color=\u00a0\u00bb#FFFFFF\u00a0\u00bb header_text_color=\u00a0\u00bb#FFFFFF\u00a0\u00bb header_2_text_color=\u00a0\u00bb#FFFFFF\u00a0\u00bb background_layout=\u00a0\u00bbdark\u00a0\u00bb max_width=\u00a0\u00bb85%\u00a0\u00bb max_width_tablet=\u00a0\u00bb100%\u00a0\u00bb max_width_phone=\u00a0\u00bb100%\u00a0\u00bb max_width_last_edited=\u00a0\u00bbon|tablet\u00a0\u00bb global_colors_info=\u00a0\u00bb{}\u00a0\u00bb]<\/p>\n<h2>Demandez maintenant conseil \u00e0 un expert!<\/h2>\n<p>Faites-nous part de vos questions, de vos souhaits ou de vos suggestions! Nous nous r\u00e9jouissons de votre appel, de votre mail ou de votre message via notre formulaire de contact.<\/p>\n<p>[\/et_pb_text][et_pb_button button_url=\u00a0\u00bb@ET-DC@eyJkeW5hbWljIjp0cnVlLCJjb250ZW50IjoicG9zdF9saW5rX3VybF9wYWdlIiwic2V0dGluZ3MiOnsicG9zdF9pZCI6IjE1OSJ9fQ==@\u00a0\u00bb button_text=\u00a0\u00bbContacter maintenant\u00a0\u00bb module_class=\u00a0\u00bbbutton-primary\u00a0\u00bb _builder_version=\u00a0\u00bb4.16&Prime; _dynamic_attributes=\u00a0\u00bbbutton_url\u00a0\u00bb _module_preset=\u00a0\u00bb441d0f55-1e44-42cf-a794-626ffabacda0&Prime; mix_blend_mode=\u00a0\u00bblighten\u00a0\u00bb global_colors_info=\u00a0\u00bb{}\u00a0\u00bb][\/et_pb_button][\/et_pb_column][et_pb_column type=\u00a0\u00bb2_5&Prime; _builder_version=\u00a0\u00bb4.16&Prime; _module_preset=\u00a0\u00bbdefault\u00a0\u00bb custom_padding=\u00a0\u00bb40px||40px||true|false\u00a0\u00bb global_colors_info=\u00a0\u00bb{}\u00a0\u00bb][et_pb_blurb title=\u00a0\u00bb+49 6894 890 95 0&Prime; url=\u00a0\u00bbtel:+496894890950&Prime; image=\u00a0\u00bbhttps:\/\/www.mobil-mark.de\/wp-content\/uploads\/2021\/07\/Telephone@2x.png\u00a0\u00bb admin_label=\u00a0\u00bbPhone\u00a0\u00bb _builder_version=\u00a0\u00bb4.20.2&Prime; _module_preset=\u00a0\u00bb80bd3ae8-c3d3-42f5-a3df-282bcd65d477&Prime; custom_css_blurb_image=\u00a0\u00bbpadding-top:4px;\u00a0\u00bb global_colors_info=\u00a0\u00bb{}\u00a0\u00bb][\/et_pb_blurb][et_pb_blurb title=\u00a0\u00bbkontakt@mobil-mark.de\u00a0\u00bb url=\u00a0\u00bbmailto:kontakt@mobil-mark.de\u00a0\u00bb image=\u00a0\u00bbhttps:\/\/www.mobil-mark.de\/wp-content\/uploads\/2021\/07\/Mail@2x.png\u00a0\u00bb alt=\u00a0\u00bbMail Icon\u00a0\u00bb admin_label=\u00a0\u00bbE-Mail\u00a0\u00bb _builder_version=\u00a0\u00bb4.16&Prime; _module_preset=\u00a0\u00bb80bd3ae8-c3d3-42f5-a3df-282bcd65d477&Prime; custom_css_blurb_image=\u00a0\u00bbpadding-top:7px;\u00a0\u00bb global_colors_info=\u00a0\u00bb{}\u00a0\u00bb][\/et_pb_blurb][\/et_pb_column][\/et_pb_row][\/et_pb_section][et_pb_section fb_built=\u00a0\u00bb1&Prime; admin_label=\u00a0\u00bbAccessory Boxes\u00a0\u00bb _builder_version=\u00a0\u00bb4.16&Prime; _module_preset=\u00a0\u00bb2aa77f26-48e2-4f2e-8256-e6a09189bfc3&Prime; global_colors_info=\u00a0\u00bb{}\u00a0\u00bb][et_pb_row column_structure=\u00a0\u00bb1_2,1_2&Prime; make_equal=\u00a0\u00bbon\u00a0\u00bb _builder_version=\u00a0\u00bb4.16&Prime; _module_preset=\u00a0\u00bbdefault\u00a0\u00bb global_colors_info=\u00a0\u00bb{}\u00a0\u00bb][et_pb_column type=\u00a0\u00bb1_2&Prime; module_id=\u00a0\u00bbtouch-panel\u00a0\u00bb _builder_version=\u00a0\u00bb4.16&Prime; _module_preset=\u00a0\u00bb238e104c-2893-4425-b556-699bf3f094c4&Prime; global_colors_info=\u00a0\u00bb{}\u00a0\u00bb][et_pb_image src=\u00a0\u00bbhttps:\/\/www.mobil-mark.de\/wp-content\/uploads\/2021\/08\/touch-panel.jpg\u00a0\u00bb alt=\u00a0\u00bb\u00c9cran tactile\u00a0\u00bb title_text=\u00a0\u00bb\u00c9cran tactile\u00a0\u00bb _builder_version=\u00a0\u00bb4.16&Prime; _module_preset=\u00a0\u00bbdefault\u00a0\u00bb custom_margin=\u00a0\u00bb||||false|false\u00a0\u00bb global_colors_info=\u00a0\u00bb{}\u00a0\u00bb][\/et_pb_image][et_pb_text _builder_version=\u00a0\u00bb4.16&Prime; _module_preset=\u00a0\u00bbdc4f1298-5ad3-4991-91b2-3094b4ea8679&Prime; global_colors_info=\u00a0\u00bb{}\u00a0\u00bb]<\/p>\n<h2>\u00c9cran tactile<\/h2>\n<p>L&rsquo;\u00e9cran tactile permet de choisir confortablement et efficacement, directement sur l&rsquo;appareil de gravure laser, le <strong>Marqueur ou l\u00e9gende \u00e0 configurer<\/strong>.<\/p>\n<p>[\/et_pb_text][et_pb_blurb title=\u00a0\u00bbPratique pour les changements fr\u00e9quents de gravures \u00a0\u00bb use_icon=\u00a0\u00bbon\u00a0\u00bb font_icon=\u00a0\u00bb&#x35;||divi||400&Prime; admin_label=\u00a0\u00bbIcon List Item with Headline\u00a0\u00bb _builder_version=\u00a0\u00bb4.16&Prime; _module_preset=\u00a0\u00bbbeaae09d-2ff4-43ad-9762-8b65096916c6&Prime; global_colors_info=\u00a0\u00bb{}\u00a0\u00bb]<\/p>\n<p>Les contenus des inscriptions peuvent \u00eatre saisis et modifi\u00e9s rapidement et facilement \u00e0 l&rsquo;aide du panneau tactile<\/p>\n<p>[\/et_pb_blurb][et_pb_blurb title=\u00a0\u00bbConnexion directe \u00e0 l&apos;ordinateur du laser \u00a0\u00bb use_icon=\u00a0\u00bbon\u00a0\u00bb font_icon=\u00a0\u00bb&#x35;||divi||400&Prime; admin_label=\u00a0\u00bbIcon List Item with Headline\u00a0\u00bb _builder_version=\u00a0\u00bb4.16&Prime; _module_preset=\u00a0\u00bbbeaae09d-2ff4-43ad-9762-8b65096916c6&Prime; global_colors_info=\u00a0\u00bb{}\u00a0\u00bb]<\/p>\n<p>L&rsquo;ordinateur int\u00e9gr\u00e9 au laser peut \u00eatre facilement command\u00e9 par la fonction Remote Desktop Control de l&rsquo;\u00e9cran tactile<\/p>\n<p>[\/et_pb_blurb][et_pb_button button_url=\u00a0\u00bbhttps:\/\/www.mobil-mark.de\/fr\/entreprise\/contact\/?accessoires=Touch-Panel\u00a0\u00bb button_text=\u00a0\u00bbDemander notre \u00e9cran tactile\u00a0\u00bb admin_label=\u00a0\u00bbButton at bottom\u00a0\u00bb _builder_version=\u00a0\u00bb4.16&Prime; _module_preset=\u00a0\u00bb0648f0bf-734c-49a4-b538-e2932d769a72&Prime; custom_margin=\u00a0\u00bb4%||||false|false\u00a0\u00bb custom_padding=\u00a0\u00bb0%||3%|5%|false|false\u00a0\u00bb global_colors_info=\u00a0\u00bb{}\u00a0\u00bb][\/et_pb_button][\/et_pb_column][et_pb_column type=\u00a0\u00bb1_2&Prime; module_id=\u00a0\u00bbbarcode-reader\u00a0\u00bb _builder_version=\u00a0\u00bb4.16&Prime; _module_preset=\u00a0\u00bb238e104c-2893-4425-b556-699bf3f094c4&Prime; global_colors_info=\u00a0\u00bb{}\u00a0\u00bb][et_pb_image src=\u00a0\u00bbhttps:\/\/www.mobil-mark.de\/wp-content\/uploads\/2021\/08\/barcode-reader.jpg\u00a0\u00bb alt=\u00a0\u00bbLecteur de codes-barres\u00a0\u00bb title_text=\u00a0\u00bbLecteur de codes-barres\u00a0\u00bb _builder_version=\u00a0\u00bb4.16&Prime; _module_preset=\u00a0\u00bbdefault\u00a0\u00bb custom_margin=\u00a0\u00bb||||false|false\u00a0\u00bb global_colors_info=\u00a0\u00bb{}\u00a0\u00bb][\/et_pb_image][et_pb_text _builder_version=\u00a0\u00bb4.16&Prime; _module_preset=\u00a0\u00bbdc4f1298-5ad3-4991-91b2-3094b4ea8679&Prime; global_colors_info=\u00a0\u00bb{}\u00a0\u00bb]<\/p>\n<h2>Lecteur de code-barres<\/h2>\n<p>Si des <strong>Les mises en page d&rsquo;inscriptions sont grav\u00e9es au laser en peu de temps avec des contenus qui changent constamment<\/strong>, le lecteur de code-barres de Mobil-Mark est recommand\u00e9.<\/p>\n<p>[\/et_pb_text][et_pb_blurb title=\u00a0\u00bbUne lecture rapide de la t\u00e2che en question \u00a0\u00bb use_icon=\u00a0\u00bbon\u00a0\u00bb font_icon=\u00a0\u00bb&#x35;||divi||400&Prime; admin_label=\u00a0\u00bbIcon List Item with Headline\u00a0\u00bb _builder_version=\u00a0\u00bb4.16&Prime; _module_preset=\u00a0\u00bbbeaae09d-2ff4-43ad-9762-8b65096916c6&Prime; global_colors_info=\u00a0\u00bb{}\u00a0\u00bb]<\/p>\n<p>Facilement possible via code-barres<\/p>\n<p>[\/et_pb_blurb][et_pb_blurb title=\u00a0\u00bbInstallation simple \u00a0\u00bb use_icon=\u00a0\u00bbon\u00a0\u00bb font_icon=\u00a0\u00bb&#x35;||divi||400&Prime; admin_label=\u00a0\u00bbIcon List Item with Headline\u00a0\u00bb _builder_version=\u00a0\u00bb4.16&Prime; _module_preset=\u00a0\u00bbbeaae09d-2ff4-43ad-9762-8b65096916c6&Prime; global_colors_info=\u00a0\u00bb{}\u00a0\u00bb]<\/p>\n<p>Connexion sans outil via l&rsquo;interface USB<\/p>\n<p>[\/et_pb_blurb][et_pb_button button_url=\u00a0\u00bbhttps:\/\/www.mobil-mark.de\/fr\/entreprise\/contact\/?accessoires=Barcode-Reader\u00a0\u00bb button_text=\u00a0\u00bbDemander notre lecteur de codes-barres\u00a0\u00bb admin_label=\u00a0\u00bbButton at bottom\u00a0\u00bb _builder_version=\u00a0\u00bb4.16&Prime; _module_preset=\u00a0\u00bb0648f0bf-734c-49a4-b538-e2932d769a72&Prime; custom_margin=\u00a0\u00bb4%||||false|false\u00a0\u00bb custom_padding=\u00a0\u00bb0%||3%|5%|false|false\u00a0\u00bb global_colors_info=\u00a0\u00bb{}\u00a0\u00bb][\/et_pb_button][\/et_pb_column][\/et_pb_row][\/et_pb_section][et_pb_section fb_built=\u00a0\u00bb1&Prime; _builder_version=\u00a0\u00bb4.16&Prime; _module_preset=\u00a0\u00bb6cf8ace5-c4ad-44c8-b349-ef033c03ffd5&Prime; background_image=\u00a0\u00bbhttps:\/\/www.mobil-mark.de\/wp-content\/uploads\/2021\/08\/lasergravurmaschinen-zubehoer-image-full-width-3840&#215;1400-1-scaled.jpg\u00a0\u00bb global_colors_info=\u00a0\u00bb{}\u00a0\u00bb][\/et_pb_section][et_pb_section fb_built=\u00a0\u00bb1&Prime; admin_label=\u00a0\u00bbAccessory Boxes\u00a0\u00bb _builder_version=\u00a0\u00bb4.16&Prime; _module_preset=\u00a0\u00bb2aa77f26-48e2-4f2e-8256-e6a09189bfc3&Prime; global_colors_info=\u00a0\u00bb{}\u00a0\u00bb][et_pb_row column_structure=\u00a0\u00bb1_2,1_2&Prime; make_equal=\u00a0\u00bbon\u00a0\u00bb _builder_version=\u00a0\u00bb4.20.2&Prime; _module_preset=\u00a0\u00bbdefault\u00a0\u00bb global_colors_info=\u00a0\u00bb{}\u00a0\u00bb][et_pb_column type=\u00a0\u00bb1_2&Prime; module_id=\u00a0\u00bblaserhandlingsystem\u00a0\u00bb _builder_version=\u00a0\u00bb4.16&Prime; _module_preset=\u00a0\u00bb238e104c-2893-4425-b556-699bf3f094c4&Prime; global_colors_info=\u00a0\u00bb{}\u00a0\u00bb][et_pb_image src=\u00a0\u00bbhttps:\/\/www.mobil-mark.de\/wp-content\/uploads\/2021\/08\/handlingsystem.jpg\u00a0\u00bb alt=\u00a0\u00bbSyst\u00e8me de manutention du laser\u00a0\u00bb title_text=\u00a0\u00bbSyst\u00e8me de manutention du laser\u00a0\u00bb _builder_version=\u00a0\u00bb4.16&Prime; _module_preset=\u00a0\u00bbdefault\u00a0\u00bb custom_margin=\u00a0\u00bb||||false|false\u00a0\u00bb global_colors_info=\u00a0\u00bb{}\u00a0\u00bb][\/et_pb_image][et_pb_text _builder_version=\u00a0\u00bb4.16&Prime; _module_preset=\u00a0\u00bbdc4f1298-5ad3-4991-91b2-3094b4ea8679&Prime; global_colors_info=\u00a0\u00bb{}\u00a0\u00bb]<\/p>\n<h2>Syst\u00e8me de manutention laser<\/h2>\n<p>Zum <strong>optimalen Positionieren eines Gravurlasers<\/strong> von Mobil-Mark gibt es ein passgenaues Handlingsystem. Il facilite la manipulation du laser et <strong>minimise les \u00e9ventuelles erreurs d&rsquo;arr\u00eat de la manipulation manuelle<\/strong>, qui peuvent entra\u00eener une baisse de la qualit\u00e9 du marquage.<\/p>\n<p>[\/et_pb_text][et_pb_blurb title=\u00a0\u00bbSyst\u00e8me de manutention \u00e0 bras articul\u00e9 avec support pour la t\u00eate laser\u00a0\u00bb use_icon=\u00a0\u00bbon\u00a0\u00bb font_icon=\u00a0\u00bb&#x35;||divi||400&Prime; admin_label=\u00a0\u00bbIcon List Item with Headline\u00a0\u00bb _builder_version=\u00a0\u00bb4.16&Prime; _module_preset=\u00a0\u00bbbeaae09d-2ff4-43ad-9762-8b65096916c6&Prime; global_colors_info=\u00a0\u00bb{}\u00a0\u00bb]<\/p>\n<p>Offre un rayon de commande de 1,5 m<\/p>\n<p>[\/et_pb_blurb][et_pb_blurb title=\u00a0\u00bbFlexibilit\u00e9 maximale \u00a0\u00bb use_icon=\u00a0\u00bbon\u00a0\u00bb font_icon=\u00a0\u00bb&#x35;||divi||400&Prime; admin_label=\u00a0\u00bbIcon List Item with Headline\u00a0\u00bb _builder_version=\u00a0\u00bb4.16&Prime; _module_preset=\u00a0\u00bbbeaae09d-2ff4-43ad-9762-8b65096916c6&Prime; global_colors_info=\u00a0\u00bb{}\u00a0\u00bb]<\/p>\n<p>Pour des gravures laser impeccables de face, de gauche, de droite et d&rsquo;en haut, la t\u00eate de marquage peut \u00eatre tourn\u00e9e en continu (env. +\/- 90\u00b0) et pivot\u00e9e (env. 0-100\u00b0)<\/p>\n<p>[\/et_pb_blurb][et_pb_blurb title=\u00a0\u00bbUne position exacte \u00a0\u00bb use_icon=\u00a0\u00bbon\u00a0\u00bb font_icon=\u00a0\u00bb&#x35;||divi||400&Prime; admin_label=\u00a0\u00bbIcon List Item with Headline\u00a0\u00bb _builder_version=\u00a0\u00bb4.16&Prime; _module_preset=\u00a0\u00bbbeaae09d-2ff4-43ad-9762-8b65096916c6&Prime; global_colors_info=\u00a0\u00bb{}\u00a0\u00bb]<\/p>\n<p>Dans la position d&rsquo;inscription approch\u00e9e, les articulations du syst\u00e8me de manipulation sont maintenues en position par des freins \u00e0 ressort. L&rsquo;actionnement des freins \u00e0 ressort est pneumatique<\/p>\n<p>[\/et_pb_blurb][et_pb_button button_url=\u00a0\u00bbhttps:\/\/www.mobil-mark.de\/fr\/entreprise\/contact\/?accessoires=Laserhandlingsystem\u00a0\u00bb url_new_window=\u00a0\u00bbon\u00a0\u00bb button_text=\u00a0\u00bbDemander notre syst\u00e8me de manutention du laser\u00a0\u00bb admin_label=\u00a0\u00bbButton at bottom\u00a0\u00bb _builder_version=\u00a0\u00bb4.16&Prime; _module_preset=\u00a0\u00bb0648f0bf-734c-49a4-b538-e2932d769a72&Prime; custom_margin=\u00a0\u00bb4%||||false|false\u00a0\u00bb custom_padding=\u00a0\u00bb0%||3%|5%|false|false\u00a0\u00bb global_colors_info=\u00a0\u00bb{}\u00a0\u00bb][\/et_pb_button][\/et_pb_column][et_pb_column type=\u00a0\u00bb1_2&Prime; module_id=\u00a0\u00bbhottes_de_filtration\u00a0\u00bb _builder_version=\u00a0\u00bb4.20.2&Prime; _module_preset=\u00a0\u00bb238e104c-2893-4425-b556-699bf3f094c4&Prime; global_colors_info=\u00a0\u00bb{}\u00a0\u00bb][et_pb_image src=\u00a0\u00bbhttps:\/\/www.mobil-mark.de\/wp-content\/uploads\/2021\/08\/absaugfilteranlagen.jpg\u00a0\u00bb alt=\u00a0\u00bbHottes de filtration\u00a0\u00bb title_text=\u00a0\u00bbAbsaugfilteranlagen\u00a0\u00bb _builder_version=\u00a0\u00bb4.20.2&Prime; _module_preset=\u00a0\u00bbdefault\u00a0\u00bb custom_margin=\u00a0\u00bb||||false|false\u00a0\u00bb global_colors_info=\u00a0\u00bb{}\u00a0\u00bb][\/et_pb_image][et_pb_text _builder_version=\u00a0\u00bb4.20.2&Prime; _module_preset=\u00a0\u00bbdc4f1298-5ad3-4991-91b2-3094b4ea8679&Prime; global_colors_info=\u00a0\u00bb{}\u00a0\u00bb]<\/p>\n<h2>Hottes de filtration<\/h2>\n<p>La gravure au laser de certains m\u00e9taux, comme les aciers au chrome-nickel, ainsi que des mati\u00e8res plastiques, g\u00e9n\u00e8re des <strong>gaz et vapeurs nocifs pour la sant\u00e9<\/strong>. Pour \u00e9viter qu&rsquo;ils ne se r\u00e9pandent dans l&rsquo;air que nous respirons, Mobil-Mark propose deux installations de filtres d&rsquo;aspiration appropri\u00e9es qui peuvent \u00eatre install\u00e9es en un tour de main par <strong>Plug&amp;Play au syst\u00e8me de marquage laser<\/strong>.<\/p>\n<p>[\/et_pb_text][et_pb_blurb title=\u00a0\u00bbMM KFS FA1&Prime; use_icon=\u00a0\u00bbon\u00a0\u00bb font_icon=\u00a0\u00bb&#x35;||divi||400&Prime; admin_label=\u00a0\u00bbIcon List Item with Headline\u00a0\u00bb _builder_version=\u00a0\u00bb4.20.2&Prime; _module_preset=\u00a0\u00bbbeaae09d-2ff4-43ad-9762-8b65096916c6&Prime; global_colors_info=\u00a0\u00bb{}\u00a0\u00bb]<\/p>\n<p>Id\u00e9al pour les gravures sur verre sur <strong>des m\u00e9taux tels que les aciers au chrome-nickel.<\/strong>\u00a0Aspire et filtre les gaz et les vapeurs qui se forment<\/p>\n<p>[\/et_pb_blurb][et_pb_blurb title=\u00a0\u00bbMM KFS FA5&Prime; use_icon=\u00a0\u00bbon\u00a0\u00bb font_icon=\u00a0\u00bb&#x35;||divi||400&Prime; admin_label=\u00a0\u00bbIcon List Item with Headline\u00a0\u00bb _builder_version=\u00a0\u00bb4.20.2&Prime; _module_preset=\u00a0\u00bbbeaae09d-2ff4-43ad-9762-8b65096916c6&Prime; global_colors_info=\u00a0\u00bb{}\u00a0\u00bb]<\/p>\n<p>Id\u00e9al pour les gravures sur verre sur plastique<strong> comme ABS, SB oder PP<\/strong>. Il poss\u00e8de un <strong>filtre suppl\u00e9mentaire<\/strong> pour les gaz et vapeurs sp\u00e9cifiquement issus du plastique<\/p>\n<p>[\/et_pb_blurb][et_pb_blurb title=\u00a0\u00bbGrande capacit\u00e9 de filtration\u00a0\u00bb use_icon=\u00a0\u00bbon\u00a0\u00bb font_icon=\u00a0\u00bb&#x35;||divi||400&Prime; admin_label=\u00a0\u00bbIcon List Item with Headline\u00a0\u00bb _builder_version=\u00a0\u00bb4.20.2&Prime; _module_preset=\u00a0\u00bbbeaae09d-2ff4-43ad-9762-8b65096916c6&Prime; global_colors_info=\u00a0\u00bb{}\u00a0\u00bb]<\/p>\n<p>Les deux mod\u00e8les offrent un syst\u00e8me de surveillance du filtre et une efficacit\u00e9 \u00e9nerg\u00e9tique<\/p>\n<p>[\/et_pb_blurb][et_pb_button button_url=\u00a0\u00bbhttps:\/\/www.mobil-mark.de\/fr\/entreprise\/contact\/?accessoires=Laser-Kopfhalter\u00a0\u00bb button_text=\u00a0\u00bbDemander nos hottes de filtrations\u00a0\u00bb admin_label=\u00a0\u00bbButton at bottom\u00a0\u00bb _builder_version=\u00a0\u00bb4.20.2&Prime; _module_preset=\u00a0\u00bb0648f0bf-734c-49a4-b538-e2932d769a72&Prime; custom_margin=\u00a0\u00bb4%||||false|false\u00a0\u00bb custom_padding=\u00a0\u00bb0%||3%|5%|false|false\u00a0\u00bb global_colors_info=\u00a0\u00bb{}\u00a0\u00bb][\/et_pb_button][\/et_pb_column][\/et_pb_row][\/et_pb_section][et_pb_section fb_built=\u00a0\u00bb1&Prime; admin_label=\u00a0\u00bbsection\u00a0\u00bb module_id=\u00a0\u00bbcontact\u00a0\u00bb _builder_version=\u00a0\u00bb4.20.2&Prime; _module_preset=\u00a0\u00bba1f45f23-e2ce-493f-810f-6f77f9db1ac3&Prime; background_color=\u00a0\u00bb#003D6C\u00a0\u00bb use_background_color_gradient=\u00a0\u00bbon\u00a0\u00bb background_color_gradient_stops=\u00a0\u00bb#00355e 0%|#003d6c 100%\u00a0\u00bb background_color_gradient_start=\u00a0\u00bb#00355e\u00a0\u00bb background_color_gradient_end=\u00a0\u00bb#003d6c\u00a0\u00bb background_image=\u00a0\u00bbhttps:\/\/www.mobil-mark.de\/wp-content\/uploads\/2021\/07\/mesh@2x.png\u00a0\u00bb parallax=\u00a0\u00bbon\u00a0\u00bb custom_padding=\u00a0\u00bb3%||4%||false|false\u00a0\u00bb background_color_gradient_stops_tablet=\u00a0\u00bb#00355e 0%|#003d6c 100%\u00a0\u00bb background_color_gradient_stops_phone=\u00a0\u00bb#00355e 0%|#003d6c 100%\u00a0\u00bb global_module=\u00a0\u00bb353&Prime; saved_tabs=\u00a0\u00bball\u00a0\u00bb collapsed=\u00a0\u00bboff\u00a0\u00bb global_colors_info=\u00a0\u00bb{}\u00a0\u00bb][et_pb_row column_structure=\u00a0\u00bb3_5,2_5&Prime; _builder_version=\u00a0\u00bb4.16&Prime; _module_preset=\u00a0\u00bbdefault\u00a0\u00bb locked=\u00a0\u00bboff\u00a0\u00bb global_colors_info=\u00a0\u00bb{}\u00a0\u00bb][et_pb_column type=\u00a0\u00bb3_5&Prime; _builder_version=\u00a0\u00bb4.16&Prime; _module_preset=\u00a0\u00bbdefault\u00a0\u00bb global_colors_info=\u00a0\u00bb{}\u00a0\u00bb][et_pb_text _builder_version=\u00a0\u00bb4.16&Prime; _module_preset=\u00a0\u00bbb912ceaa-d132-4093-ad58-e5cbb87da27a\u00a0\u00bb text_text_color=\u00a0\u00bb#FFFFFF\u00a0\u00bb header_text_color=\u00a0\u00bb#FFFFFF\u00a0\u00bb header_2_text_color=\u00a0\u00bb#FFFFFF\u00a0\u00bb background_layout=\u00a0\u00bbdark\u00a0\u00bb max_width=\u00a0\u00bb85%\u00a0\u00bb max_width_tablet=\u00a0\u00bb100%\u00a0\u00bb max_width_phone=\u00a0\u00bb100%\u00a0\u00bb max_width_last_edited=\u00a0\u00bbon|tablet\u00a0\u00bb global_colors_info=\u00a0\u00bb{}\u00a0\u00bb]<\/p>\n<h2>Demandez maintenant conseil \u00e0 un expert!<\/h2>\n<p>Faites-nous part de vos questions, de vos souhaits ou de vos suggestions! Nous nous r\u00e9jouissons de votre appel, de votre mail ou de votre message via notre formulaire de contact.<\/p>\n<p>[\/et_pb_text][et_pb_button button_url=\u00a0\u00bb@ET-DC@eyJkeW5hbWljIjp0cnVlLCJjb250ZW50IjoicG9zdF9saW5rX3VybF9wYWdlIiwic2V0dGluZ3MiOnsicG9zdF9pZCI6IjE1OSJ9fQ==@\u00a0\u00bb button_text=\u00a0\u00bbContacter maintenant\u00a0\u00bb module_class=\u00a0\u00bbbutton-primary\u00a0\u00bb _builder_version=\u00a0\u00bb4.16&Prime; _dynamic_attributes=\u00a0\u00bbbutton_url\u00a0\u00bb _module_preset=\u00a0\u00bb441d0f55-1e44-42cf-a794-626ffabacda0&Prime; mix_blend_mode=\u00a0\u00bblighten\u00a0\u00bb global_colors_info=\u00a0\u00bb{}\u00a0\u00bb][\/et_pb_button][\/et_pb_column][et_pb_column type=\u00a0\u00bb2_5&Prime; _builder_version=\u00a0\u00bb4.16&Prime; _module_preset=\u00a0\u00bbdefault\u00a0\u00bb custom_padding=\u00a0\u00bb40px||40px||true|false\u00a0\u00bb global_colors_info=\u00a0\u00bb{}\u00a0\u00bb][et_pb_blurb title=\u00a0\u00bb+49 6894 890 95 0&Prime; url=\u00a0\u00bbtel:+496894890950&Prime; image=\u00a0\u00bbhttps:\/\/www.mobil-mark.de\/wp-content\/uploads\/2021\/07\/Telephone@2x.png\u00a0\u00bb admin_label=\u00a0\u00bbPhone\u00a0\u00bb _builder_version=\u00a0\u00bb4.20.2&Prime; _module_preset=\u00a0\u00bb80bd3ae8-c3d3-42f5-a3df-282bcd65d477&Prime; custom_css_blurb_image=\u00a0\u00bbpadding-top:4px;\u00a0\u00bb global_colors_info=\u00a0\u00bb{}\u00a0\u00bb][\/et_pb_blurb][et_pb_blurb title=\u00a0\u00bbkontakt@mobil-mark.de\u00a0\u00bb url=\u00a0\u00bbmailto:kontakt@mobil-mark.de\u00a0\u00bb image=\u00a0\u00bbhttps:\/\/www.mobil-mark.de\/wp-content\/uploads\/2021\/07\/Mail@2x.png\u00a0\u00bb alt=\u00a0\u00bbMail Icon\u00a0\u00bb admin_label=\u00a0\u00bbE-Mail\u00a0\u00bb _builder_version=\u00a0\u00bb4.16&Prime; _module_preset=\u00a0\u00bb80bd3ae8-c3d3-42f5-a3df-282bcd65d477&Prime; custom_css_blurb_image=\u00a0\u00bbpadding-top:7px;\u00a0\u00bb global_colors_info=\u00a0\u00bb{}\u00a0\u00bb][\/et_pb_blurb][\/et_pb_column][\/et_pb_row][\/et_pb_section][et_pb_section fb_built=\u00a0\u00bb1&Prime; module_id=\u00a0\u00bbvideos\u00a0\u00bb _builder_version=\u00a0\u00bb4.20.2&Prime; _module_preset=\u00a0\u00bb8ec1b784-c98c-4b22-aacb-f68bf47a9c70&Prime; background_image=\u00a0\u00bbhttps:\/\/www.mobil-mark.de\/wp-content\/uploads\/2021\/08\/metakk-imageslider-3840&#215;920-1-scaled.jpg\u00a0\u00bb background_enable_image=\u00a0\u00bboff\u00a0\u00bb background_position=\u00a0\u00bbcenter_right\u00a0\u00bb background_video_mp4=\u00a0\u00bbhttps:\/\/www.mobil-mark.de\/wp-content\/uploads\/2021\/08\/1920x630_v2_kleiner.mp4&Prime; min_height=\u00a0\u00bb24vw\u00a0\u00bb link_option_url=\u00a0\u00bb\/fr\/entreprise\/infocenter\/#videos\u00a0\u00bb custom_css_main_element=\u00a0\u00bbbackground-position: 80%!important;\u00a0\u00bb global_module=\u00a0\u00bb2175&Prime; saved_tabs=\u00a0\u00bball\u00a0\u00bb global_colors_info=\u00a0\u00bb{%22gcid-64c4396a-34f0-41f8-ac25-b135aae59a79%22:%91%93}\u00a0\u00bb][et_pb_row _builder_version=\u00a0\u00bb4.16&Prime; _module_preset=\u00a0\u00bbdefault\u00a0\u00bb custom_padding=\u00a0\u00bb300px||||false|false\u00a0\u00bb global_colors_info=\u00a0\u00bb{}\u00a0\u00bb][et_pb_column type=\u00a0\u00bb4_4&Prime; _builder_version=\u00a0\u00bb4.16&Prime; _module_preset=\u00a0\u00bbdefault\u00a0\u00bb global_colors_info=\u00a0\u00bb{}\u00a0\u00bb][et_pb_blurb title=\u00a0\u00bbLaser de gravure en action\u00a0\u00bb use_icon=\u00a0\u00bbon\u00a0\u00bb font_icon=\u00a0\u00bb&#x49;||divi||400&Prime; _builder_version=\u00a0\u00bb4.16&Prime; _module_preset=\u00a0\u00bb30dc7ed2-31ab-4beb-9c7a-7d561e62916f\u00a0\u00bb scroll_vertical_motion_enable=\u00a0\u00bbon\u00a0\u00bb scroll_vertical_motion=\u00a0\u00bb0|50|50|100|0.3|0|-0.3&Prime; motion_trigger_start=\u00a0\u00bbtop\u00a0\u00bb global_colors_info=\u00a0\u00bb{}\u00a0\u00bb custom_css_blurb_image_last_edited=\u00a0\u00bbon|tablet\u00a0\u00bb custom_css_blurb_image_phone=\u00a0\u00bbdisplay:none;\u00a0\u00bb]<\/p>\n<h3>Vers la section vid\u00e9o<\/h3>\n<p>[\/et_pb_blurb][\/et_pb_column][\/et_pb_row][\/et_pb_section]<\/p>\n","protected":false},"excerpt":{"rendered":"<p>Pratiques pour une gravure laser confortable et pr\u00e9ciseUn bon syst\u00e8me de gravure laser, associ\u00e9 \u00e0 des accessoires utiles, peut Amener le marquage des pi\u00e8ces \u00e0 la perfection tout en facilitant \u00e9norm\u00e9ment le travail. Mobil-Mark d\u00e9veloppe depuis longtemps des solutions sp\u00e9ciales adapt\u00e9es aux besoins des clients. De ces Aide au quotidien du cabinet m\u00e9dical est n\u00e9e [&hellip;]<\/p>\n","protected":false},"author":3,"featured_media":0,"parent":4172,"menu_order":0,"comment_status":"closed","ping_status":"closed","template":"","meta":{"_et_pb_use_builder":"on","_et_pb_old_content":"","_et_gb_content_width":"","footnotes":""},"class_list":["post-4062","page","type-page","status-publish","hentry"],"yoast_head":"<!-- This site is optimized with the Yoast SEO plugin v27.4 - https:\/\/yoast.com\/product\/yoast-seo-wordpress\/ -->\n<title>Accessoires pour machines \u00e0 graver au laser \u2738 Mobil-Mark<\/title>\n<meta name=\"description\" content=\"Accessoires pour votre syst\u00e8me de gravure laser \u2713 Unit\u00e9s d&#039;\u00e9tanch\u00e9it\u00e9, tr\u00e9pieds, installations de filtres d&#039;aspiration et plus encore \u2713 Nous d\u00e9veloppons votre solution individuelle \u2738 Mobil-Mark\" \/>\n<meta name=\"robots\" content=\"index, follow, max-snippet:-1, max-image-preview:large, max-video-preview:-1\" \/>\n<link rel=\"canonical\" href=\"https:\/\/www.mobil-mark.de\/fr\/machines-de-gravure-laser\/accessoires\/\" \/>\n<meta property=\"og:locale\" content=\"fr_FR\" \/>\n<meta property=\"og:type\" content=\"article\" \/>\n<meta property=\"og:title\" content=\"Accessoires pour machines \u00e0 graver au laser \u2738 Mobil-Mark\" \/>\n<meta property=\"og:description\" content=\"Accessoires pour votre syst\u00e8me de gravure laser \u2713 Unit\u00e9s d&#039;\u00e9tanch\u00e9it\u00e9, tr\u00e9pieds, installations de filtres d&#039;aspiration et plus encore \u2713 Nous d\u00e9veloppons votre solution individuelle \u2738 Mobil-Mark\" \/>\n<meta property=\"og:url\" content=\"https:\/\/www.mobil-mark.de\/fr\/machines-de-gravure-laser\/accessoires\/\" \/>\n<meta property=\"og:site_name\" content=\"Mobil-Mark\" \/>\n<meta property=\"article:modified_time\" content=\"2025-11-21T14:11:08+00:00\" \/>\n<meta name=\"twitter:card\" content=\"summary_large_image\" \/>\n<meta name=\"twitter:label1\" content=\"Dur\u00e9e de lecture estim\u00e9e\" \/>\n\t<meta name=\"twitter:data1\" content=\"27 minutes\" \/>\n<script type=\"application\/ld+json\" class=\"yoast-schema-graph\">{\"@context\":\"https:\\\/\\\/schema.org\",\"@graph\":[{\"@type\":\"WebPage\",\"@id\":\"https:\\\/\\\/www.mobil-mark.de\\\/fr\\\/machines-de-gravure-laser\\\/accessoires\\\/\",\"url\":\"https:\\\/\\\/www.mobil-mark.de\\\/fr\\\/machines-de-gravure-laser\\\/accessoires\\\/\",\"name\":\"Accessoires pour machines \u00e0 graver au laser \u2738 Mobil-Mark\",\"isPartOf\":{\"@id\":\"https:\\\/\\\/www.mobil-mark.de\\\/fr\\\/#website\"},\"datePublished\":\"2021-12-09T12:40:42+00:00\",\"dateModified\":\"2025-11-21T14:11:08+00:00\",\"description\":\"Accessoires pour votre syst\u00e8me de gravure laser \u2713 Unit\u00e9s d'\u00e9tanch\u00e9it\u00e9, tr\u00e9pieds, installations de filtres d'aspiration et plus encore \u2713 Nous d\u00e9veloppons votre solution individuelle \u2738 Mobil-Mark\",\"breadcrumb\":{\"@id\":\"https:\\\/\\\/www.mobil-mark.de\\\/fr\\\/machines-de-gravure-laser\\\/accessoires\\\/#breadcrumb\"},\"inLanguage\":\"fr-FR\",\"potentialAction\":[{\"@type\":\"ReadAction\",\"target\":[\"https:\\\/\\\/www.mobil-mark.de\\\/fr\\\/machines-de-gravure-laser\\\/accessoires\\\/\"]}]},{\"@type\":\"BreadcrumbList\",\"@id\":\"https:\\\/\\\/www.mobil-mark.de\\\/fr\\\/machines-de-gravure-laser\\\/accessoires\\\/#breadcrumb\",\"itemListElement\":[{\"@type\":\"ListItem\",\"position\":1,\"name\":\"Startseite\",\"item\":\"https:\\\/\\\/www.mobil-mark.de\\\/fr\\\/\"},{\"@type\":\"ListItem\",\"position\":2,\"name\":\"Machines de gravure laser\",\"item\":\"https:\\\/\\\/www.mobil-mark.de\\\/fr\\\/machines-de-gravure-laser\\\/\"},{\"@type\":\"ListItem\",\"position\":3,\"name\":\"Accessoires\"}]},{\"@type\":\"WebSite\",\"@id\":\"https:\\\/\\\/www.mobil-mark.de\\\/fr\\\/#website\",\"url\":\"https:\\\/\\\/www.mobil-mark.de\\\/fr\\\/\",\"name\":\"Mobil-Mark\",\"description\":\"\",\"publisher\":{\"@id\":\"https:\\\/\\\/www.mobil-mark.de\\\/fr\\\/#organization\"},\"potentialAction\":[{\"@type\":\"SearchAction\",\"target\":{\"@type\":\"EntryPoint\",\"urlTemplate\":\"https:\\\/\\\/www.mobil-mark.de\\\/fr\\\/?s={search_term_string}\"},\"query-input\":{\"@type\":\"PropertyValueSpecification\",\"valueRequired\":true,\"valueName\":\"search_term_string\"}}],\"inLanguage\":\"fr-FR\"},{\"@type\":\"Organization\",\"@id\":\"https:\\\/\\\/www.mobil-mark.de\\\/fr\\\/#organization\",\"name\":\"Mobil-Mark\",\"url\":\"https:\\\/\\\/www.mobil-mark.de\\\/fr\\\/\",\"logo\":{\"@type\":\"ImageObject\",\"inLanguage\":\"fr-FR\",\"@id\":\"https:\\\/\\\/www.mobil-mark.de\\\/fr\\\/#\\\/schema\\\/logo\\\/image\\\/\",\"url\":\"https:\\\/\\\/www.mobil-mark.de\\\/wp-content\\\/uploads\\\/2021\\\/09\\\/cropped-favicon-mobil-mark.png\",\"contentUrl\":\"https:\\\/\\\/www.mobil-mark.de\\\/wp-content\\\/uploads\\\/2021\\\/09\\\/cropped-favicon-mobil-mark.png\",\"width\":512,\"height\":512,\"caption\":\"Mobil-Mark\"},\"image\":{\"@id\":\"https:\\\/\\\/www.mobil-mark.de\\\/fr\\\/#\\\/schema\\\/logo\\\/image\\\/\"}}]}<\/script>\n<!-- \/ Yoast SEO plugin. -->","yoast_head_json":{"title":"Accessoires pour machines \u00e0 graver au laser \u2738 Mobil-Mark","description":"Accessoires pour votre syst\u00e8me de gravure laser \u2713 Unit\u00e9s d'\u00e9tanch\u00e9it\u00e9, tr\u00e9pieds, installations de filtres d'aspiration et plus encore \u2713 Nous d\u00e9veloppons votre solution individuelle \u2738 Mobil-Mark","robots":{"index":"index","follow":"follow","max-snippet":"max-snippet:-1","max-image-preview":"max-image-preview:large","max-video-preview":"max-video-preview:-1"},"canonical":"https:\/\/www.mobil-mark.de\/fr\/machines-de-gravure-laser\/accessoires\/","og_locale":"fr_FR","og_type":"article","og_title":"Accessoires pour machines \u00e0 graver au laser \u2738 Mobil-Mark","og_description":"Accessoires pour votre syst\u00e8me de gravure laser \u2713 Unit\u00e9s d'\u00e9tanch\u00e9it\u00e9, tr\u00e9pieds, installations de filtres d'aspiration et plus encore \u2713 Nous d\u00e9veloppons votre solution individuelle \u2738 Mobil-Mark","og_url":"https:\/\/www.mobil-mark.de\/fr\/machines-de-gravure-laser\/accessoires\/","og_site_name":"Mobil-Mark","article_modified_time":"2025-11-21T14:11:08+00:00","twitter_card":"summary_large_image","twitter_misc":{"Dur\u00e9e de lecture estim\u00e9e":"27 minutes"},"schema":{"@context":"https:\/\/schema.org","@graph":[{"@type":"WebPage","@id":"https:\/\/www.mobil-mark.de\/fr\/machines-de-gravure-laser\/accessoires\/","url":"https:\/\/www.mobil-mark.de\/fr\/machines-de-gravure-laser\/accessoires\/","name":"Accessoires pour machines \u00e0 graver au laser \u2738 Mobil-Mark","isPartOf":{"@id":"https:\/\/www.mobil-mark.de\/fr\/#website"},"datePublished":"2021-12-09T12:40:42+00:00","dateModified":"2025-11-21T14:11:08+00:00","description":"Accessoires pour votre syst\u00e8me de gravure laser \u2713 Unit\u00e9s d'\u00e9tanch\u00e9it\u00e9, tr\u00e9pieds, installations de filtres d'aspiration et plus encore \u2713 Nous d\u00e9veloppons votre solution individuelle \u2738 Mobil-Mark","breadcrumb":{"@id":"https:\/\/www.mobil-mark.de\/fr\/machines-de-gravure-laser\/accessoires\/#breadcrumb"},"inLanguage":"fr-FR","potentialAction":[{"@type":"ReadAction","target":["https:\/\/www.mobil-mark.de\/fr\/machines-de-gravure-laser\/accessoires\/"]}]},{"@type":"BreadcrumbList","@id":"https:\/\/www.mobil-mark.de\/fr\/machines-de-gravure-laser\/accessoires\/#breadcrumb","itemListElement":[{"@type":"ListItem","position":1,"name":"Startseite","item":"https:\/\/www.mobil-mark.de\/fr\/"},{"@type":"ListItem","position":2,"name":"Machines de gravure laser","item":"https:\/\/www.mobil-mark.de\/fr\/machines-de-gravure-laser\/"},{"@type":"ListItem","position":3,"name":"Accessoires"}]},{"@type":"WebSite","@id":"https:\/\/www.mobil-mark.de\/fr\/#website","url":"https:\/\/www.mobil-mark.de\/fr\/","name":"Mobil-Mark","description":"","publisher":{"@id":"https:\/\/www.mobil-mark.de\/fr\/#organization"},"potentialAction":[{"@type":"SearchAction","target":{"@type":"EntryPoint","urlTemplate":"https:\/\/www.mobil-mark.de\/fr\/?s={search_term_string}"},"query-input":{"@type":"PropertyValueSpecification","valueRequired":true,"valueName":"search_term_string"}}],"inLanguage":"fr-FR"},{"@type":"Organization","@id":"https:\/\/www.mobil-mark.de\/fr\/#organization","name":"Mobil-Mark","url":"https:\/\/www.mobil-mark.de\/fr\/","logo":{"@type":"ImageObject","inLanguage":"fr-FR","@id":"https:\/\/www.mobil-mark.de\/fr\/#\/schema\/logo\/image\/","url":"https:\/\/www.mobil-mark.de\/wp-content\/uploads\/2021\/09\/cropped-favicon-mobil-mark.png","contentUrl":"https:\/\/www.mobil-mark.de\/wp-content\/uploads\/2021\/09\/cropped-favicon-mobil-mark.png","width":512,"height":512,"caption":"Mobil-Mark"},"image":{"@id":"https:\/\/www.mobil-mark.de\/fr\/#\/schema\/logo\/image\/"}}]}},"_links":{"self":[{"href":"https:\/\/www.mobil-mark.de\/fr\/wp-json\/wp\/v2\/pages\/4062","targetHints":{"allow":["GET"]}}],"collection":[{"href":"https:\/\/www.mobil-mark.de\/fr\/wp-json\/wp\/v2\/pages"}],"about":[{"href":"https:\/\/www.mobil-mark.de\/fr\/wp-json\/wp\/v2\/types\/page"}],"author":[{"embeddable":true,"href":"https:\/\/www.mobil-mark.de\/fr\/wp-json\/wp\/v2\/users\/3"}],"replies":[{"embeddable":true,"href":"https:\/\/www.mobil-mark.de\/fr\/wp-json\/wp\/v2\/comments?post=4062"}],"version-history":[{"count":39,"href":"https:\/\/www.mobil-mark.de\/fr\/wp-json\/wp\/v2\/pages\/4062\/revisions"}],"predecessor-version":[{"id":8224,"href":"https:\/\/www.mobil-mark.de\/fr\/wp-json\/wp\/v2\/pages\/4062\/revisions\/8224"}],"up":[{"embeddable":true,"href":"https:\/\/www.mobil-mark.de\/fr\/wp-json\/wp\/v2\/pages\/4172"}],"wp:attachment":[{"href":"https:\/\/www.mobil-mark.de\/fr\/wp-json\/wp\/v2\/media?parent=4062"}],"curies":[{"name":"wp","href":"https:\/\/api.w.org\/{rel}","templated":true}]}}