{"id":4107,"date":"2021-12-09T13:41:18","date_gmt":"2021-12-09T12:41:18","guid":{"rendered":"https:\/\/www.mobil-mark.de\/carriere\/"},"modified":"2025-11-07T08:58:51","modified_gmt":"2025-11-07T07:58:51","slug":"carriere","status":"publish","type":"page","link":"https:\/\/www.mobil-mark.de\/fr\/entreprise\/carriere\/","title":{"rendered":"Carri\u00e8re"},"content":{"rendered":"<p>[et_pb_section fb_built=\u00a0\u00bb1&Prime; fullwidth=\u00a0\u00bbon\u00a0\u00bb admin_label=\u00a0\u00bbImage Slider\u00a0\u00bb _builder_version=\u00a0\u00bb4.16&Prime; _module_preset=\u00a0\u00bbdefault\u00a0\u00bb background_color=\u00a0\u00bb#FFFFFF\u00a0\u00bb background_enable_image=\u00a0\u00bboff\u00a0\u00bb module_alignment=\u00a0\u00bbleft\u00a0\u00bb global_colors_info=\u00a0\u00bb{}\u00a0\u00bb][et_pb_fullwidth_slider _builder_version=\u00a0\u00bb4.16&Prime; _module_preset=\u00a0\u00bbfaf5b4f6-5234-4f49-bb13-3eb79cb47745&Prime; global_colors_info=\u00a0\u00bb{}\u00a0\u00bb][et_pb_slide heading=\u00a0\u00bbCarri\u00e8re\u00a0\u00bb _builder_version=\u00a0\u00bb4.16&Prime; _module_preset=\u00a0\u00bb9fdafdd2-bca5-4e36-ad31-46d0ad6222bb\u00a0\u00bb background_image=\u00a0\u00bbhttps:\/\/www.mobil-mark.de\/wp-content\/uploads\/2021\/09\/unternehmen-karriere-imageslider-3840&#215;920-1-scaled.jpg\u00a0\u00bb global_colors_info=\u00a0\u00bb{}\u00a0\u00bb sticky_transition=\u00a0\u00bbon\u00a0\u00bb]<\/p>\n<p>Nous recrutons<\/p>\n<p>[\/et_pb_slide][\/et_pb_fullwidth_slider][\/et_pb_section][et_pb_section fb_built=\u00a0\u00bb1&Prime; admin_label=\u00a0\u00bbIntroduction (2\/3 Text 1\/3 Box)\u00a0\u00bb _builder_version=\u00a0\u00bb4.16&Prime; _module_preset=\u00a0\u00bb_initial\u00a0\u00bb global_colors_info=\u00a0\u00bb{}\u00a0\u00bb][et_pb_row _builder_version=\u00a0\u00bb4.16&Prime; _module_preset=\u00a0\u00bbdefault\u00a0\u00bb global_colors_info=\u00a0\u00bb{}\u00a0\u00bb][et_pb_column type=\u00a0\u00bb4_4&Prime; _builder_version=\u00a0\u00bb4.16&Prime; _module_preset=\u00a0\u00bbdefault\u00a0\u00bb global_colors_info=\u00a0\u00bb{}\u00a0\u00bb][et_pb_text admin_label=\u00a0\u00bbHeadline 50%\u00a0\u00bb _builder_version=\u00a0\u00bb4.16&Prime; _module_preset=\u00a0\u00bbd1e96b24-a539-473a-bfaa-45aa34fbd293&Prime; global_colors_info=\u00a0\u00bb{}\u00a0\u00bb]<\/p>\n<h2>Rejoignez notre \u00e9quipe<\/h2>\n<p>[\/et_pb_text][et_pb_text admin_label=\u00a0\u00bbText\u00a0\u00bb _builder_version=\u00a0\u00bb4.20.2&Prime; _module_preset=\u00a0\u00bbb912ceaa-d132-4093-ad58-e5cbb87da27a\u00a0\u00bb global_colors_info=\u00a0\u00bb{}\u00a0\u00bb]<\/p>\n<p>Actuellement, notre \u00e9quipe est compl\u00e8te. Nous vous informerons ici d\u00e8s que nous publierons de nouveaux postes.<\/p>\n<p>[\/et_pb_text][\/et_pb_column][\/et_pb_row][\/et_pb_section][et_pb_section fb_built=\u00a0\u00bb1&Prime; admin_label=\u00a0\u00bbFull-Width Contact Box\u00a0\u00bb module_id=\u00a0\u00bbcontact\u00a0\u00bb _builder_version=\u00a0\u00bb4.16&Prime; _module_preset=\u00a0\u00bba1f45f23-e2ce-493f-810f-6f77f9db1ac3&Prime; background_color=\u00a0\u00bb#003D6C\u00a0\u00bb use_background_color_gradient=\u00a0\u00bbon\u00a0\u00bb background_color_gradient_stops=\u00a0\u00bb#00355e 0%|#003d6c 100%\u00a0\u00bb background_color_gradient_start=\u00a0\u00bb#00355e\u00a0\u00bb background_color_gradient_end=\u00a0\u00bb#003d6c\u00a0\u00bb background_image=\u00a0\u00bbhttps:\/\/www.mobil-mark.de\/wp-content\/uploads\/2021\/07\/mesh@2x.png\u00a0\u00bb parallax=\u00a0\u00bbon\u00a0\u00bb custom_padding=\u00a0\u00bb3%||4%||false|false\u00a0\u00bb saved_tabs=\u00a0\u00bball\u00a0\u00bb global_colors_info=\u00a0\u00bb{}\u00a0\u00bb][et_pb_row column_structure=\u00a0\u00bb3_5,2_5&Prime; _builder_version=\u00a0\u00bb4.16&Prime; _module_preset=\u00a0\u00bbdefault\u00a0\u00bb global_colors_info=\u00a0\u00bb{}\u00a0\u00bb][et_pb_column type=\u00a0\u00bb3_5&Prime; _builder_version=\u00a0\u00bb4.16&Prime; _module_preset=\u00a0\u00bbdefault\u00a0\u00bb global_colors_info=\u00a0\u00bb{}\u00a0\u00bb][et_pb_text _builder_version=\u00a0\u00bb4.16&Prime; _module_preset=\u00a0\u00bbdefault\u00a0\u00bb text_text_color=\u00a0\u00bb#FFFFFF\u00a0\u00bb header_text_color=\u00a0\u00bb#FFFFFF\u00a0\u00bb header_2_text_color=\u00a0\u00bb#FFFFFF\u00a0\u00bb background_layout=\u00a0\u00bbdark\u00a0\u00bb max_width=\u00a0\u00bb90%\u00a0\u00bb max_width_tablet=\u00a0\u00bb100%\u00a0\u00bb max_width_phone=\u00a0\u00bb100%\u00a0\u00bb max_width_last_edited=\u00a0\u00bbon|tablet\u00a0\u00bb global_colors_info=\u00a0\u00bb{}\u00a0\u00bb]<\/p>\n<h2>Cela vous int\u00e9resse\u00a0?<\/h2>\n<p>Veuillez nous envoyer votre dossier de candidature complet en nous indiquant votre disponibilit\u00e9 et vos pr\u00e9tentions salariales, de pr\u00e9f\u00e9rence par mail \u00e0 bewerbung@mobil\u2011mark.de.<\/p>\n<p>[\/et_pb_text][et_pb_button button_url=\u00a0\u00bbmailto:bewerbung@mobil-mark.de\u00a0\u00bb button_text=\u00a0\u00bbPostuler maintenant\u00a0\u00bb module_class=\u00a0\u00bbbutton-primary\u00a0\u00bb _builder_version=\u00a0\u00bb4.16&Prime; _module_preset=\u00a0\u00bb441d0f55-1e44-42cf-a794-626ffabacda0&Prime; mix_blend_mode=\u00a0\u00bblighten\u00a0\u00bb global_colors_info=\u00a0\u00bb{}\u00a0\u00bb][\/et_pb_button][\/et_pb_column][et_pb_column type=\u00a0\u00bb2_5&Prime; _builder_version=\u00a0\u00bb4.16&Prime; _module_preset=\u00a0\u00bbdefault\u00a0\u00bb custom_padding=\u00a0\u00bb40px||40px||true|false\u00a0\u00bb global_colors_info=\u00a0\u00bb{}\u00a0\u00bb][et_pb_blurb title=\u00a0\u00bb+49 6894 890 95 0&Prime; url=\u00a0\u00bbtel:+496894890950&Prime; image=\u00a0\u00bbhttps:\/\/www.mobil-mark.de\/wp-content\/uploads\/2021\/07\/Telephone@2x.png\u00a0\u00bb admin_label=\u00a0\u00bbPhone\u00a0\u00bb _builder_version=\u00a0\u00bb4.20.2&Prime; _module_preset=\u00a0\u00bb80bd3ae8-c3d3-42f5-a3df-282bcd65d477&Prime; hover_enabled=\u00a0\u00bb0&Prime; custom_css_blurb_image=\u00a0\u00bbpadding-top:4px;\u00a0\u00bb global_colors_info=\u00a0\u00bb{}\u00a0\u00bb sticky_enabled=\u00a0\u00bb0&Prime;][\/et_pb_blurb][et_pb_blurb title=\u00a0\u00bbbewerbung@mobil-mark.de\u00a0\u00bb url=\u00a0\u00bbmailto:bewerbung@mobil-mark.de\u00a0\u00bb image=\u00a0\u00bbhttps:\/\/www.mobil-mark.de\/wp-content\/uploads\/2021\/07\/Mail@2x.png\u00a0\u00bb alt=\u00a0\u00bbMail Icon\u00a0\u00bb admin_label=\u00a0\u00bbE-Mail\u00a0\u00bb _builder_version=\u00a0\u00bb4.16&Prime; _module_preset=\u00a0\u00bb80bd3ae8-c3d3-42f5-a3df-282bcd65d477&Prime; custom_css_blurb_image=\u00a0\u00bbpadding-top:7px;\u00a0\u00bb global_colors_info=\u00a0\u00bb{}\u00a0\u00bb][\/et_pb_blurb][\/et_pb_column][\/et_pb_row][\/et_pb_section]<\/p>\n","protected":false},"excerpt":{"rendered":"<p>Nous recrutonsRejoignez notre \u00e9quipeActuellement, notre \u00e9quipe est compl\u00e8te. Nous vous informerons ici d\u00e8s que nous publierons de nouveaux postes.Cela vous int\u00e9resse\u00a0? Veuillez nous envoyer votre dossier de candidature complet en nous indiquant votre disponibilit\u00e9 et vos pr\u00e9tentions salariales, de pr\u00e9f\u00e9rence par mail \u00e0 bewerbung@mobil\u2011mark.de.<\/p>\n","protected":false},"author":5,"featured_media":0,"parent":4166,"menu_order":0,"comment_status":"closed","ping_status":"closed","template":"","meta":{"_et_pb_use_builder":"on","_et_pb_old_content":"","_et_gb_content_width":"","footnotes":""},"class_list":["post-4107","page","type-page","status-publish","hentry"],"yoast_head":"<!-- This site is optimized with the Yoast SEO plugin v27.4 - https:\/\/yoast.com\/product\/yoast-seo-wordpress\/ -->\n<title>Carri\u00e8res et emplois chez Mobil-Mark \u2738<\/title>\n<meta name=\"description\" content=\"Vous vous int\u00e9ressez \u00e0 nos syst\u00e8mes d&#039;inscription au laser et vous aimeriez travailler pour Mobil-Mark GmbH\u00a0? Trouvez votre futur emploi chez Mobil-Mark\u00a0! \u2738\" \/>\n<meta name=\"robots\" content=\"index, follow, max-snippet:-1, max-image-preview:large, max-video-preview:-1\" \/>\n<link rel=\"canonical\" href=\"https:\/\/www.mobil-mark.de\/fr\/entreprise\/carriere\/\" \/>\n<meta property=\"og:locale\" content=\"fr_FR\" \/>\n<meta property=\"og:type\" content=\"article\" \/>\n<meta property=\"og:title\" content=\"Carri\u00e8res et emplois chez Mobil-Mark \u2738\" \/>\n<meta property=\"og:description\" content=\"Vous vous int\u00e9ressez \u00e0 nos syst\u00e8mes d&#039;inscription au laser et vous aimeriez travailler pour Mobil-Mark GmbH\u00a0? Trouvez votre futur emploi chez Mobil-Mark\u00a0! \u2738\" \/>\n<meta property=\"og:url\" content=\"https:\/\/www.mobil-mark.de\/fr\/entreprise\/carriere\/\" \/>\n<meta property=\"og:site_name\" content=\"Mobil-Mark\" \/>\n<meta property=\"article:modified_time\" content=\"2025-11-07T07:58:51+00:00\" \/>\n<meta name=\"twitter:card\" content=\"summary_large_image\" \/>\n<meta name=\"twitter:label1\" content=\"Dur\u00e9e de lecture estim\u00e9e\" \/>\n\t<meta name=\"twitter:data1\" content=\"3 minutes\" \/>\n<script type=\"application\/ld+json\" class=\"yoast-schema-graph\">{\"@context\":\"https:\\\/\\\/schema.org\",\"@graph\":[{\"@type\":\"WebPage\",\"@id\":\"https:\\\/\\\/www.mobil-mark.de\\\/fr\\\/entreprise\\\/carriere\\\/\",\"url\":\"https:\\\/\\\/www.mobil-mark.de\\\/fr\\\/entreprise\\\/carriere\\\/\",\"name\":\"Carri\u00e8res et emplois chez Mobil-Mark \u2738\",\"isPartOf\":{\"@id\":\"https:\\\/\\\/www.mobil-mark.de\\\/fr\\\/#website\"},\"datePublished\":\"2021-12-09T12:41:18+00:00\",\"dateModified\":\"2025-11-07T07:58:51+00:00\",\"description\":\"Vous vous int\u00e9ressez \u00e0 nos syst\u00e8mes d'inscription au laser et vous aimeriez travailler pour Mobil-Mark GmbH\u00a0? Trouvez votre futur emploi chez Mobil-Mark\u00a0! \u2738\",\"breadcrumb\":{\"@id\":\"https:\\\/\\\/www.mobil-mark.de\\\/fr\\\/entreprise\\\/carriere\\\/#breadcrumb\"},\"inLanguage\":\"fr-FR\",\"potentialAction\":[{\"@type\":\"ReadAction\",\"target\":[\"https:\\\/\\\/www.mobil-mark.de\\\/fr\\\/entreprise\\\/carriere\\\/\"]}]},{\"@type\":\"BreadcrumbList\",\"@id\":\"https:\\\/\\\/www.mobil-mark.de\\\/fr\\\/entreprise\\\/carriere\\\/#breadcrumb\",\"itemListElement\":[{\"@type\":\"ListItem\",\"position\":1,\"name\":\"Startseite\",\"item\":\"https:\\\/\\\/www.mobil-mark.de\\\/fr\\\/\"},{\"@type\":\"ListItem\",\"position\":2,\"name\":\"Entreprise\",\"item\":\"https:\\\/\\\/www.mobil-mark.de\\\/fr\\\/entreprise\\\/\"},{\"@type\":\"ListItem\",\"position\":3,\"name\":\"Carri\u00e8re\"}]},{\"@type\":\"WebSite\",\"@id\":\"https:\\\/\\\/www.mobil-mark.de\\\/fr\\\/#website\",\"url\":\"https:\\\/\\\/www.mobil-mark.de\\\/fr\\\/\",\"name\":\"Mobil-Mark\",\"description\":\"\",\"publisher\":{\"@id\":\"https:\\\/\\\/www.mobil-mark.de\\\/fr\\\/#organization\"},\"potentialAction\":[{\"@type\":\"SearchAction\",\"target\":{\"@type\":\"EntryPoint\",\"urlTemplate\":\"https:\\\/\\\/www.mobil-mark.de\\\/fr\\\/?s={search_term_string}\"},\"query-input\":{\"@type\":\"PropertyValueSpecification\",\"valueRequired\":true,\"valueName\":\"search_term_string\"}}],\"inLanguage\":\"fr-FR\"},{\"@type\":\"Organization\",\"@id\":\"https:\\\/\\\/www.mobil-mark.de\\\/fr\\\/#organization\",\"name\":\"Mobil-Mark\",\"url\":\"https:\\\/\\\/www.mobil-mark.de\\\/fr\\\/\",\"logo\":{\"@type\":\"ImageObject\",\"inLanguage\":\"fr-FR\",\"@id\":\"https:\\\/\\\/www.mobil-mark.de\\\/fr\\\/#\\\/schema\\\/logo\\\/image\\\/\",\"url\":\"https:\\\/\\\/www.mobil-mark.de\\\/wp-content\\\/uploads\\\/2021\\\/09\\\/cropped-favicon-mobil-mark.png\",\"contentUrl\":\"https:\\\/\\\/www.mobil-mark.de\\\/wp-content\\\/uploads\\\/2021\\\/09\\\/cropped-favicon-mobil-mark.png\",\"width\":512,\"height\":512,\"caption\":\"Mobil-Mark\"},\"image\":{\"@id\":\"https:\\\/\\\/www.mobil-mark.de\\\/fr\\\/#\\\/schema\\\/logo\\\/image\\\/\"}}]}<\/script>\n<!-- \/ Yoast SEO plugin. -->","yoast_head_json":{"title":"Carri\u00e8res et emplois chez Mobil-Mark \u2738","description":"Vous vous int\u00e9ressez \u00e0 nos syst\u00e8mes d'inscription au laser et vous aimeriez travailler pour Mobil-Mark GmbH\u00a0? Trouvez votre futur emploi chez Mobil-Mark\u00a0! \u2738","robots":{"index":"index","follow":"follow","max-snippet":"max-snippet:-1","max-image-preview":"max-image-preview:large","max-video-preview":"max-video-preview:-1"},"canonical":"https:\/\/www.mobil-mark.de\/fr\/entreprise\/carriere\/","og_locale":"fr_FR","og_type":"article","og_title":"Carri\u00e8res et emplois chez Mobil-Mark \u2738","og_description":"Vous vous int\u00e9ressez \u00e0 nos syst\u00e8mes d'inscription au laser et vous aimeriez travailler pour Mobil-Mark GmbH\u00a0? Trouvez votre futur emploi chez Mobil-Mark\u00a0! \u2738","og_url":"https:\/\/www.mobil-mark.de\/fr\/entreprise\/carriere\/","og_site_name":"Mobil-Mark","article_modified_time":"2025-11-07T07:58:51+00:00","twitter_card":"summary_large_image","twitter_misc":{"Dur\u00e9e de lecture estim\u00e9e":"3 minutes"},"schema":{"@context":"https:\/\/schema.org","@graph":[{"@type":"WebPage","@id":"https:\/\/www.mobil-mark.de\/fr\/entreprise\/carriere\/","url":"https:\/\/www.mobil-mark.de\/fr\/entreprise\/carriere\/","name":"Carri\u00e8res et emplois chez Mobil-Mark \u2738","isPartOf":{"@id":"https:\/\/www.mobil-mark.de\/fr\/#website"},"datePublished":"2021-12-09T12:41:18+00:00","dateModified":"2025-11-07T07:58:51+00:00","description":"Vous vous int\u00e9ressez \u00e0 nos syst\u00e8mes d'inscription au laser et vous aimeriez travailler pour Mobil-Mark GmbH\u00a0? Trouvez votre futur emploi chez Mobil-Mark\u00a0! \u2738","breadcrumb":{"@id":"https:\/\/www.mobil-mark.de\/fr\/entreprise\/carriere\/#breadcrumb"},"inLanguage":"fr-FR","potentialAction":[{"@type":"ReadAction","target":["https:\/\/www.mobil-mark.de\/fr\/entreprise\/carriere\/"]}]},{"@type":"BreadcrumbList","@id":"https:\/\/www.mobil-mark.de\/fr\/entreprise\/carriere\/#breadcrumb","itemListElement":[{"@type":"ListItem","position":1,"name":"Startseite","item":"https:\/\/www.mobil-mark.de\/fr\/"},{"@type":"ListItem","position":2,"name":"Entreprise","item":"https:\/\/www.mobil-mark.de\/fr\/entreprise\/"},{"@type":"ListItem","position":3,"name":"Carri\u00e8re"}]},{"@type":"WebSite","@id":"https:\/\/www.mobil-mark.de\/fr\/#website","url":"https:\/\/www.mobil-mark.de\/fr\/","name":"Mobil-Mark","description":"","publisher":{"@id":"https:\/\/www.mobil-mark.de\/fr\/#organization"},"potentialAction":[{"@type":"SearchAction","target":{"@type":"EntryPoint","urlTemplate":"https:\/\/www.mobil-mark.de\/fr\/?s={search_term_string}"},"query-input":{"@type":"PropertyValueSpecification","valueRequired":true,"valueName":"search_term_string"}}],"inLanguage":"fr-FR"},{"@type":"Organization","@id":"https:\/\/www.mobil-mark.de\/fr\/#organization","name":"Mobil-Mark","url":"https:\/\/www.mobil-mark.de\/fr\/","logo":{"@type":"ImageObject","inLanguage":"fr-FR","@id":"https:\/\/www.mobil-mark.de\/fr\/#\/schema\/logo\/image\/","url":"https:\/\/www.mobil-mark.de\/wp-content\/uploads\/2021\/09\/cropped-favicon-mobil-mark.png","contentUrl":"https:\/\/www.mobil-mark.de\/wp-content\/uploads\/2021\/09\/cropped-favicon-mobil-mark.png","width":512,"height":512,"caption":"Mobil-Mark"},"image":{"@id":"https:\/\/www.mobil-mark.de\/fr\/#\/schema\/logo\/image\/"}}]}},"_links":{"self":[{"href":"https:\/\/www.mobil-mark.de\/fr\/wp-json\/wp\/v2\/pages\/4107","targetHints":{"allow":["GET"]}}],"collection":[{"href":"https:\/\/www.mobil-mark.de\/fr\/wp-json\/wp\/v2\/pages"}],"about":[{"href":"https:\/\/www.mobil-mark.de\/fr\/wp-json\/wp\/v2\/types\/page"}],"author":[{"embeddable":true,"href":"https:\/\/www.mobil-mark.de\/fr\/wp-json\/wp\/v2\/users\/5"}],"replies":[{"embeddable":true,"href":"https:\/\/www.mobil-mark.de\/fr\/wp-json\/wp\/v2\/comments?post=4107"}],"version-history":[{"count":5,"href":"https:\/\/www.mobil-mark.de\/fr\/wp-json\/wp\/v2\/pages\/4107\/revisions"}],"predecessor-version":[{"id":8200,"href":"https:\/\/www.mobil-mark.de\/fr\/wp-json\/wp\/v2\/pages\/4107\/revisions\/8200"}],"up":[{"embeddable":true,"href":"https:\/\/www.mobil-mark.de\/fr\/wp-json\/wp\/v2\/pages\/4166"}],"wp:attachment":[{"href":"https:\/\/www.mobil-mark.de\/fr\/wp-json\/wp\/v2\/media?parent=4107"}],"curies":[{"name":"wp","href":"https:\/\/api.w.org\/{rel}","templated":true}]}}