{"id":4116,"date":"2021-12-09T13:41:24","date_gmt":"2021-12-09T12:41:24","guid":{"rendered":"https:\/\/www.mobil-mark.de\/mentions-legales\/"},"modified":"2026-03-26T09:34:05","modified_gmt":"2026-03-26T08:34:05","slug":"mentions-legales","status":"publish","type":"page","link":"https:\/\/www.mobil-mark.de\/fr\/mentions-legales\/","title":{"rendered":"Mentions l\u00e9gales"},"content":{"rendered":"<p>[et_pb_section fb_built=\u00a0\u00bb1&Prime; module_id=\u00a0\u00bbmat\u00e9riaux\u00a0\u00bb _builder_version=\u00a0\u00bb4.16&Prime; _module_preset=\u00a0\u00bb_initial\u00a0\u00bb global_colors_info=\u00a0\u00bb{}\u00a0\u00bb][et_pb_row _builder_version=\u00a0\u00bb4.16&Prime; _module_preset=\u00a0\u00bbdefault\u00a0\u00bb global_colors_info=\u00a0\u00bb{}\u00a0\u00bb][et_pb_column type=\u00a0\u00bb4_4&Prime; _builder_version=\u00a0\u00bb4.16&Prime; _module_preset=\u00a0\u00bbdefault\u00a0\u00bb global_colors_info=\u00a0\u00bb{}\u00a0\u00bb][et_pb_text admin_label=\u00a0\u00bbHeadline 50%\u00a0\u00bb _builder_version=\u00a0\u00bb4.16&Prime; _module_preset=\u00a0\u00bbd1e96b24-a539-473a-bfaa-45aa34fbd293&Prime; global_colors_info=\u00a0\u00bb{}\u00a0\u00bb]<\/p>\n<h1>Mentions l\u00e9gales<\/h1>\n<p>[\/et_pb_text][et_pb_text admin_label=\u00a0\u00bbText\u00a0\u00bb _builder_version=\u00a0\u00bb4.27.5&Prime; _module_preset=\u00a0\u00bbb912ceaa-d132-4093-ad58-e5cbb87da27a\u00a0\u00bb hover_enabled=\u00a0\u00bb0&Prime; global_colors_info=\u00a0\u00bb{}\u00a0\u00bb sticky_enabled=\u00a0\u00bb0&Prime;]<\/p>\n<p><strong>Mobil-Mark GmbH<\/strong><br \/><span>Sophie-Kr\u00e4mer-Stra\u00dfe 2<\/span><br \/>66386 St. Ingbert<\/p>\n<p>+49 6894 890 95 0<br \/>+49 6894 890 95 99 Fax<br \/>+49 6894 890 95 90 Service<\/p>\n<p>E-mail : <a href=\"mailto:office@mobil-mark.de\" target=\"_blank\" rel=\"noopener\" title=\"office@mobil-mark.de\">office@mobil-mark.de<\/a><br \/>Web : <a href=\"https:\/\/www.mobil-mark.de\/fr\/\" title=\"Website besuchen\">www.mobil-mark.de<\/a><a href=\"mailto:service@mobil-mark.de\" title=\"E-Mail schreiben\"><\/a><\/p>\n<p>G\u00e9rant : Marco Busse<\/p>\n<p>Responsable du contenu conform\u00e9ment au \u00a7 10, al. 3 du MDStV (convention f\u00e9d\u00e9rale sur les services li\u00e9s aux m\u00e9dias) :<br \/>Marco Busse (cf.adresse ci-dessus)<\/p>\n<p>Tribunal de commerce : Amtsgericht (tribunal d\u2018instance) Saarbr\u00fccken<br \/>Num\u00e9ro d\u2018enregistrement : HRB 102920<\/p>\n<p>Num\u00e9ro d\u2018identification TVA conform\u00e9ment au \u00a7 27 a Umsatzsteuergesetz (loi allemande sur la TVA) :<br \/>DE 304910828<\/p>\n<p>[\/et_pb_text][\/et_pb_column][\/et_pb_row][et_pb_row _builder_version=\u00a0\u00bb4.16&Prime; _module_preset=\u00a0\u00bbdefault\u00a0\u00bb global_colors_info=\u00a0\u00bb{}\u00a0\u00bb][et_pb_column type=\u00a0\u00bb4_4&Prime; _builder_version=\u00a0\u00bb4.16&Prime; _module_preset=\u00a0\u00bbdefault\u00a0\u00bb global_colors_info=\u00a0\u00bb{}\u00a0\u00bb][et_pb_text admin_label=\u00a0\u00bbHeadline 50%\u00a0\u00bb _builder_version=\u00a0\u00bb4.16&Prime; _module_preset=\u00a0\u00bbd1e96b24-a539-473a-bfaa-45aa34fbd293&Prime; global_colors_info=\u00a0\u00bb{}\u00a0\u00bb]<\/p>\n<h2>Clause de non-responsabilit\u00e9<\/h2>\n<p>[\/et_pb_text][et_pb_text admin_label=\u00a0\u00bbText\u00a0\u00bb _builder_version=\u00a0\u00bb4.16&Prime; _module_preset=\u00a0\u00bbb912ceaa-d132-4093-ad58-e5cbb87da27a\u00a0\u00bb global_colors_info=\u00a0\u00bb{}\u00a0\u00bb]<\/p>\n<p><strong>Responsabilit\u00e9 du contenu<br \/><\/strong>Le contenu de nos pages a \u00e9t\u00e9 cr\u00e9\u00e9 avec le plus grand soin. Toutefois, nous ne pouvons pas garantir l\u2018exactitude, l\u2018exhaustivit\u00e9 et l\u2018actualit\u00e9 du contenu. En tant que prestataire de services, nous sommes responsables des contenus publi\u00e9s sur nos pages conform\u00e9ment \u00e0 l\u2018art.\u00a07, al.\u00a01 TMG (loi allemande sur les t\u00e9l\u00e9m\u00e9dias) et des lois g\u00e9n\u00e9rales. Conform\u00e9ment aux art.\u00a08 \u00e0 10 TMG, nous ne sommes cependant pas tenus de surveiller les informations tierces transmises ou stock\u00e9es ni d\u2018enqu\u00eater sur les circonstances qui indiquent une activit\u00e9 ill\u00e9gale. Les obligations de supprimer ou de bloquer l\u2018utilisation des informations conform\u00e9ment aux lois g\u00e9n\u00e9rales ne sont pas affect\u00e9es par cette disposition. Toutefois, la responsabilit\u00e9 \u00e0 cet \u00e9gard n\u2018est engag\u00e9e qu\u2018\u00e0 partir du moment o\u00f9 l\u2018on a connaissance d\u2018une infraction concr\u00e8te. Si nous avons connaissance de telles infractions, nous retirerons imm\u00e9diatement le contenu concern\u00e9.<br \/><strong><\/strong><\/p>\n<p><strong>Responsabilit\u00e9 des liens<br \/><\/strong>Notre offre contient des liens vers des sites web externes de tiers, sur le contenu desquels nous n\u2018avons aucune influence. Par cons\u00e9quent, nous ne pouvons assumer aucune responsabilit\u00e9 pour ces contenus externes. Le fournisseur ou l\u2018exploitant des pages concern\u00e9es est toujours responsable du contenu des pages li\u00e9es. Les pages li\u00e9es ont \u00e9t\u00e9 v\u00e9rifi\u00e9es au moment de la mise en place du lien afin de d\u00e9tecter d\u2018\u00e9ventuelles infractions \u00e0 la loi. Des contenus ill\u00e9gaux n\u2018\u00e9taient pas reconnaissables au moment de la cr\u00e9ation du lien. Un contr\u00f4le permanent du contenu des pages li\u00e9es n\u2018est cependant pas raisonnable sans preuve concr\u00e8te d\u2018une infraction \u00e0 la loi. Si nous avons connaissance d\u2018infractions, nous retirerons imm\u00e9diatement de tels liens.<\/p>\n<p><strong>Droit d\u2019auteur<\/strong><br \/>Les contenus et les \u0153uvres cr\u00e9\u00e9s par les exploitants du site sur ces pages sont soumis au droit d\u2018auteur allemand. La reproduction, le traitement, la distribution et tout type d\u2018exploitation en dehors des limites du droit d\u2018auteur n\u00e9cessitent le consentement \u00e9crit de l\u2018auteur ou du cr\u00e9ateur concern\u00e9. Les t\u00e9l\u00e9chargements et les copies de ce site ne sont autoris\u00e9s que pour un usage priv\u00e9 et non commercial. Dans la mesure o\u00f9 le contenu de ce site n\u2018a pas \u00e9t\u00e9 cr\u00e9\u00e9 par l\u2018exploitant, les droits d\u2018auteur des tiers sont respect\u00e9s. Les contenus de tiers sont notamment identifi\u00e9s comme tels. Si vous avez n\u00e9anmoins connaissance d\u2018une violation du droit d\u2018auteur, veuillez nous en informer. Si nous avons connaissance d\u2018infractions, nous retirerons imm\u00e9diatement de tels contenus.<\/p>\n<p>[\/et_pb_text][\/et_pb_column][\/et_pb_row][\/et_pb_section]<\/p>\n","protected":false},"excerpt":{"rendered":"<p>Mentions l\u00e9galesMobil-Mark GmbHSophie-Kr\u00e4mer-Stra\u00dfe 266386 St. Ingbert +49 6894 890 95 0+49 6894 890 95 99 Fax+49 6894 890 95 90 Service E-mail : office@mobil-mark.deWeb : www.mobil-mark.de G\u00e9rant : Marco Busse Responsable du contenu conform\u00e9ment au \u00a7 10, al. 3 du MDStV (convention f\u00e9d\u00e9rale sur les services li\u00e9s aux m\u00e9dias) :Marco Busse (cf.adresse ci-dessus) Tribunal de [&hellip;]<\/p>\n","protected":false},"author":9,"featured_media":0,"parent":0,"menu_order":0,"comment_status":"closed","ping_status":"closed","template":"","meta":{"_et_pb_use_builder":"on","_et_pb_old_content":"","_et_gb_content_width":"","footnotes":""},"class_list":["post-4116","page","type-page","status-publish","hentry"],"yoast_head":"<!-- This site is optimized with the Yoast SEO plugin v27.4 - https:\/\/yoast.com\/product\/yoast-seo-wordpress\/ -->\n<title>Mentions l\u00e9gales &#8212; Mobil-Mark<\/title>\n<meta name=\"robots\" content=\"index, follow, max-snippet:-1, max-image-preview:large, max-video-preview:-1\" \/>\n<link rel=\"canonical\" href=\"https:\/\/www.mobil-mark.de\/fr\/mentions-legales\/\" \/>\n<meta property=\"og:locale\" content=\"fr_FR\" \/>\n<meta property=\"og:type\" content=\"article\" \/>\n<meta property=\"og:title\" content=\"Mentions l\u00e9gales &#8212; Mobil-Mark\" \/>\n<meta property=\"og:description\" content=\"Mentions l\u00e9galesMobil-Mark GmbHSophie-Kr\u00e4mer-Stra\u00dfe 266386 St. Ingbert +49 6894 890 95 0+49 6894 890 95 99 Fax+49 6894 890 95 90 Service E-mail : office@mobil-mark.deWeb : www.mobil-mark.de G\u00e9rant : Marco Busse Responsable du contenu conform\u00e9ment au \u00a7 10, al. 3 du MDStV (convention f\u00e9d\u00e9rale sur les services li\u00e9s aux m\u00e9dias) :Marco Busse (cf.adresse ci-dessus) Tribunal de [&hellip;]\" \/>\n<meta property=\"og:url\" content=\"https:\/\/www.mobil-mark.de\/fr\/mentions-legales\/\" \/>\n<meta property=\"og:site_name\" content=\"Mobil-Mark\" \/>\n<meta property=\"article:modified_time\" content=\"2026-03-26T08:34:05+00:00\" \/>\n<meta name=\"twitter:card\" content=\"summary_large_image\" \/>\n<meta name=\"twitter:label1\" content=\"Dur\u00e9e de lecture estim\u00e9e\" \/>\n\t<meta name=\"twitter:data1\" content=\"3 minutes\" \/>\n<script type=\"application\/ld+json\" class=\"yoast-schema-graph\">{\"@context\":\"https:\\\/\\\/schema.org\",\"@graph\":[{\"@type\":\"WebPage\",\"@id\":\"https:\\\/\\\/www.mobil-mark.de\\\/fr\\\/mentions-legales\\\/\",\"url\":\"https:\\\/\\\/www.mobil-mark.de\\\/fr\\\/mentions-legales\\\/\",\"name\":\"Mentions l\u00e9gales &#8212; Mobil-Mark\",\"isPartOf\":{\"@id\":\"https:\\\/\\\/www.mobil-mark.de\\\/fr\\\/#website\"},\"datePublished\":\"2021-12-09T12:41:24+00:00\",\"dateModified\":\"2026-03-26T08:34:05+00:00\",\"breadcrumb\":{\"@id\":\"https:\\\/\\\/www.mobil-mark.de\\\/fr\\\/mentions-legales\\\/#breadcrumb\"},\"inLanguage\":\"fr-FR\",\"potentialAction\":[{\"@type\":\"ReadAction\",\"target\":[\"https:\\\/\\\/www.mobil-mark.de\\\/fr\\\/mentions-legales\\\/\"]}]},{\"@type\":\"BreadcrumbList\",\"@id\":\"https:\\\/\\\/www.mobil-mark.de\\\/fr\\\/mentions-legales\\\/#breadcrumb\",\"itemListElement\":[{\"@type\":\"ListItem\",\"position\":1,\"name\":\"Startseite\",\"item\":\"https:\\\/\\\/www.mobil-mark.de\\\/fr\\\/\"},{\"@type\":\"ListItem\",\"position\":2,\"name\":\"Mentions l\u00e9gales\"}]},{\"@type\":\"WebSite\",\"@id\":\"https:\\\/\\\/www.mobil-mark.de\\\/fr\\\/#website\",\"url\":\"https:\\\/\\\/www.mobil-mark.de\\\/fr\\\/\",\"name\":\"Mobil-Mark\",\"description\":\"\",\"publisher\":{\"@id\":\"https:\\\/\\\/www.mobil-mark.de\\\/fr\\\/#organization\"},\"potentialAction\":[{\"@type\":\"SearchAction\",\"target\":{\"@type\":\"EntryPoint\",\"urlTemplate\":\"https:\\\/\\\/www.mobil-mark.de\\\/fr\\\/?s={search_term_string}\"},\"query-input\":{\"@type\":\"PropertyValueSpecification\",\"valueRequired\":true,\"valueName\":\"search_term_string\"}}],\"inLanguage\":\"fr-FR\"},{\"@type\":\"Organization\",\"@id\":\"https:\\\/\\\/www.mobil-mark.de\\\/fr\\\/#organization\",\"name\":\"Mobil-Mark\",\"url\":\"https:\\\/\\\/www.mobil-mark.de\\\/fr\\\/\",\"logo\":{\"@type\":\"ImageObject\",\"inLanguage\":\"fr-FR\",\"@id\":\"https:\\\/\\\/www.mobil-mark.de\\\/fr\\\/#\\\/schema\\\/logo\\\/image\\\/\",\"url\":\"https:\\\/\\\/www.mobil-mark.de\\\/wp-content\\\/uploads\\\/2021\\\/09\\\/cropped-favicon-mobil-mark.png\",\"contentUrl\":\"https:\\\/\\\/www.mobil-mark.de\\\/wp-content\\\/uploads\\\/2021\\\/09\\\/cropped-favicon-mobil-mark.png\",\"width\":512,\"height\":512,\"caption\":\"Mobil-Mark\"},\"image\":{\"@id\":\"https:\\\/\\\/www.mobil-mark.de\\\/fr\\\/#\\\/schema\\\/logo\\\/image\\\/\"}}]}<\/script>\n<!-- \/ Yoast SEO plugin. -->","yoast_head_json":{"title":"Mentions l\u00e9gales &#8212; Mobil-Mark","robots":{"index":"index","follow":"follow","max-snippet":"max-snippet:-1","max-image-preview":"max-image-preview:large","max-video-preview":"max-video-preview:-1"},"canonical":"https:\/\/www.mobil-mark.de\/fr\/mentions-legales\/","og_locale":"fr_FR","og_type":"article","og_title":"Mentions l\u00e9gales &#8212; Mobil-Mark","og_description":"Mentions l\u00e9galesMobil-Mark GmbHSophie-Kr\u00e4mer-Stra\u00dfe 266386 St. Ingbert +49 6894 890 95 0+49 6894 890 95 99 Fax+49 6894 890 95 90 Service E-mail : office@mobil-mark.deWeb : www.mobil-mark.de G\u00e9rant : Marco Busse Responsable du contenu conform\u00e9ment au \u00a7 10, al. 3 du MDStV (convention f\u00e9d\u00e9rale sur les services li\u00e9s aux m\u00e9dias) :Marco Busse (cf.adresse ci-dessus) Tribunal de [&hellip;]","og_url":"https:\/\/www.mobil-mark.de\/fr\/mentions-legales\/","og_site_name":"Mobil-Mark","article_modified_time":"2026-03-26T08:34:05+00:00","twitter_card":"summary_large_image","twitter_misc":{"Dur\u00e9e de lecture estim\u00e9e":"3 minutes"},"schema":{"@context":"https:\/\/schema.org","@graph":[{"@type":"WebPage","@id":"https:\/\/www.mobil-mark.de\/fr\/mentions-legales\/","url":"https:\/\/www.mobil-mark.de\/fr\/mentions-legales\/","name":"Mentions l\u00e9gales &#8212; Mobil-Mark","isPartOf":{"@id":"https:\/\/www.mobil-mark.de\/fr\/#website"},"datePublished":"2021-12-09T12:41:24+00:00","dateModified":"2026-03-26T08:34:05+00:00","breadcrumb":{"@id":"https:\/\/www.mobil-mark.de\/fr\/mentions-legales\/#breadcrumb"},"inLanguage":"fr-FR","potentialAction":[{"@type":"ReadAction","target":["https:\/\/www.mobil-mark.de\/fr\/mentions-legales\/"]}]},{"@type":"BreadcrumbList","@id":"https:\/\/www.mobil-mark.de\/fr\/mentions-legales\/#breadcrumb","itemListElement":[{"@type":"ListItem","position":1,"name":"Startseite","item":"https:\/\/www.mobil-mark.de\/fr\/"},{"@type":"ListItem","position":2,"name":"Mentions l\u00e9gales"}]},{"@type":"WebSite","@id":"https:\/\/www.mobil-mark.de\/fr\/#website","url":"https:\/\/www.mobil-mark.de\/fr\/","name":"Mobil-Mark","description":"","publisher":{"@id":"https:\/\/www.mobil-mark.de\/fr\/#organization"},"potentialAction":[{"@type":"SearchAction","target":{"@type":"EntryPoint","urlTemplate":"https:\/\/www.mobil-mark.de\/fr\/?s={search_term_string}"},"query-input":{"@type":"PropertyValueSpecification","valueRequired":true,"valueName":"search_term_string"}}],"inLanguage":"fr-FR"},{"@type":"Organization","@id":"https:\/\/www.mobil-mark.de\/fr\/#organization","name":"Mobil-Mark","url":"https:\/\/www.mobil-mark.de\/fr\/","logo":{"@type":"ImageObject","inLanguage":"fr-FR","@id":"https:\/\/www.mobil-mark.de\/fr\/#\/schema\/logo\/image\/","url":"https:\/\/www.mobil-mark.de\/wp-content\/uploads\/2021\/09\/cropped-favicon-mobil-mark.png","contentUrl":"https:\/\/www.mobil-mark.de\/wp-content\/uploads\/2021\/09\/cropped-favicon-mobil-mark.png","width":512,"height":512,"caption":"Mobil-Mark"},"image":{"@id":"https:\/\/www.mobil-mark.de\/fr\/#\/schema\/logo\/image\/"}}]}},"_links":{"self":[{"href":"https:\/\/www.mobil-mark.de\/fr\/wp-json\/wp\/v2\/pages\/4116","targetHints":{"allow":["GET"]}}],"collection":[{"href":"https:\/\/www.mobil-mark.de\/fr\/wp-json\/wp\/v2\/pages"}],"about":[{"href":"https:\/\/www.mobil-mark.de\/fr\/wp-json\/wp\/v2\/types\/page"}],"author":[{"embeddable":true,"href":"https:\/\/www.mobil-mark.de\/fr\/wp-json\/wp\/v2\/users\/9"}],"replies":[{"embeddable":true,"href":"https:\/\/www.mobil-mark.de\/fr\/wp-json\/wp\/v2\/comments?post=4116"}],"version-history":[{"count":8,"href":"https:\/\/www.mobil-mark.de\/fr\/wp-json\/wp\/v2\/pages\/4116\/revisions"}],"predecessor-version":[{"id":8446,"href":"https:\/\/www.mobil-mark.de\/fr\/wp-json\/wp\/v2\/pages\/4116\/revisions\/8446"}],"wp:attachment":[{"href":"https:\/\/www.mobil-mark.de\/fr\/wp-json\/wp\/v2\/media?parent=4116"}],"curies":[{"name":"wp","href":"https:\/\/api.w.org\/{rel}","templated":true}]}}