{"id":5091,"date":"2022-03-30T08:35:52","date_gmt":"2022-03-30T06:35:52","guid":{"rendered":"https:\/\/www.mobil-mark.de\/machines-de-gravure-laser\/keramiklaser-nova-f\/"},"modified":"2024-03-18T12:25:39","modified_gmt":"2024-03-18T11:25:39","slug":"laser-ceramique-nova-f","status":"publish","type":"page","link":"https:\/\/www.mobil-mark.de\/fr\/machines-de-gravure-laser\/laser-ceramique-nova-f\/","title":{"rendered":"Keramiklaser Nova-f"},"content":{"rendered":"<p>[et_pb_section fb_built=\u00a0\u00bb1&Prime; fullwidth=\u00a0\u00bbon\u00a0\u00bb admin_label=\u00a0\u00bbImage Slider\u00a0\u00bb _builder_version=\u00a0\u00bb4.16&Prime; _module_preset=\u00a0\u00bbdefault\u00a0\u00bb background_color=\u00a0\u00bb#FFFFFF\u00a0\u00bb background_enable_image=\u00a0\u00bboff\u00a0\u00bb module_alignment=\u00a0\u00bbleft\u00a0\u00bb global_colors_info=\u00a0\u00bb{}\u00a0\u00bb][et_pb_fullwidth_slider _builder_version=\u00a0\u00bb4.20.2&Prime; _module_preset=\u00a0\u00bbfaf5b4f6-5234-4f49-bb13-3eb79cb47745&Prime; global_colors_info=\u00a0\u00bb{}\u00a0\u00bb][et_pb_slide heading=\u00a0\u00bbLaser c\u00e9ramique Nova-f\u00a0\u00bb _builder_version=\u00a0\u00bb4.20.2&Prime; _module_preset=\u00a0\u00bb9fdafdd2-bca5-4e36-ad31-46d0ad6222bb\u00a0\u00bb background_image=\u00a0\u00bbhttps:\/\/www.mobil-mark.de\/wp-content\/uploads\/2021\/08\/nova-f-imageslider-3840&#215;920-Kopie-scaled.jpg\u00a0\u00bb global_colors_info=\u00a0\u00bb{}\u00a0\u00bb sticky_transition=\u00a0\u00bbon\u00a0\u00bb]<\/p>\n<p>Le syst\u00e8me de marquage laser mobile et robuste<\/p>\n<p>[\/et_pb_slide][\/et_pb_fullwidth_slider][\/et_pb_section][et_pb_section fb_built=\u00a0\u00bb1&Prime; _builder_version=\u00a0\u00bb4.16&Prime; _module_preset=\u00a0\u00bb2aa77f26-48e2-4f2e-8256-e6a09189bfc3&Prime; global_colors_info=\u00a0\u00bb{}\u00a0\u00bb][et_pb_row column_structure=\u00a0\u00bb3_5,2_5&Prime; _builder_version=\u00a0\u00bb4.16&Prime; _module_preset=\u00a0\u00bbb0afad4d-b615-45c6-9319-da340ffc5605&Prime; global_colors_info=\u00a0\u00bb{}\u00a0\u00bb][et_pb_column type=\u00a0\u00bb3_5&Prime; _builder_version=\u00a0\u00bb4.16&Prime; _module_preset=\u00a0\u00bb9cd4b2e4-d9ef-450e-9a6e-2d3ac26e905b\u00a0\u00bb global_colors_info=\u00a0\u00bb{}\u00a0\u00bb][et_pb_text _builder_version=\u00a0\u00bb4.20.2&Prime; _module_preset=\u00a0\u00bbb912ceaa-d132-4093-ad58-e5cbb87da27a\u00a0\u00bb global_colors_info=\u00a0\u00bb{}\u00a0\u00bb]<\/p>\n<h2><span>Un laser puissant pour l&rsquo;industrie de la c\u00e9ramique<\/span><\/h2>\n<p>Le laser Nova-f de mobil-mark est le <strong>sp\u00e9cialiste de la c\u00e9ramique<\/strong>\u00a0: Le dispositif mobile <strong>marque de mani\u00e8re durable et r\u00e9sistante \u00e0 l&rsquo;usure<\/strong> <strong>les appareils sanitaires, la porcelaine industrielle et la vaisselle de table<\/strong> entre autres. Ce processus de marquage fiable permet de <strong>ne pas endommager<\/strong> les <strong>surfaces sensibles du mat\u00e9riau<\/strong>. Cette machine d&rsquo;inscription au laser a \u00e9t\u00e9 con\u00e7ue pour les <strong>proc\u00e9d\u00e9s d&rsquo;application de peintures a\u00e9rosols et des films<\/strong> ainsi que pour la <strong>gravure en profondeur<\/strong> dans l&rsquo;industrie de la c\u00e9ramique.<\/p>\n<p>[\/et_pb_text][et_pb_button button_url=\u00a0\u00bb@ET-DC@eyJkeW5hbWljIjp0cnVlLCJjb250ZW50IjoicG9zdF9saW5rX3VybF9wYWdlIiwic2V0dGluZ3MiOnsicG9zdF9pZCI6IjE1OSJ9fQ==@\u00a0\u00bb button_text=\u00a0\u00bbFaites-vous conseiller maintenant\u00a0\u00bb _builder_version=\u00a0\u00bb4.16&Prime; _dynamic_attributes=\u00a0\u00bbbutton_url\u00a0\u00bb _module_preset=\u00a0\u00bba46419da-3052-496b-b33c-2c2cea962ca5&Prime; global_colors_info=\u00a0\u00bb{}\u00a0\u00bb][\/et_pb_button][\/et_pb_column][et_pb_column type=\u00a0\u00bb2_5&Prime; _builder_version=\u00a0\u00bb4.16&Prime; _module_preset=\u00a0\u00bb68c10d68-05eb-4e5f-abaa-03b9782553d3&Prime; global_colors_info=\u00a0\u00bb{}\u00a0\u00bb][et_pb_blurb title=\u00a0\u00bbCaract\u00e9ristiques techniques du Nova-f\u00a0\u00bb _builder_version=\u00a0\u00bb4.16&Prime; _module_preset=\u00a0\u00bb3012e954-d67b-4321-95c1-09f5438765e4&Prime; custom_margin=\u00a0\u00bb||20px||false|false\u00a0\u00bb custom_padding=\u00a0\u00bb0px|0px|0px|0px|false|true\u00a0\u00bb animation_style=\u00a0\u00bbnone\u00a0\u00bb border_width_top=\u00a0\u00bb0px\u00a0\u00bb border_width_right=\u00a0\u00bb0px\u00a0\u00bb border_width_bottom=\u00a0\u00bb0px\u00a0\u00bb border_width_left=\u00a0\u00bb0px\u00a0\u00bb box_shadow_style=\u00a0\u00bbnone\u00a0\u00bb global_colors_info=\u00a0\u00bb{}\u00a0\u00bb]<\/p>\n<p><strong>Puissance de sortie\u00a0: <\/strong>20 W &#8211; CW<br \/><strong>Dur\u00e9e de vie des diodes laser\u00a0: <\/strong>100\u00a0000\u00a0heures<strong><br \/>Longueur d&rsquo;onde\u00a0: <\/strong>1064 nm<br \/><strong>Diam\u00e8tre de focalisation du laser\u00a0:<br \/><\/strong>40 \u00b5m (optique f=80 mm)<br \/><strong>Vitesse d&rsquo;inscription\u00a0: <\/strong>5000 mm\/s maximum<br \/><strong>Poids\u00a0: <\/strong>40 kg<\/p>\n<p>[\/et_pb_blurb][\/et_pb_column][\/et_pb_row][\/et_pb_section][et_pb_section fb_built=\u00a0\u00bb1&Prime; admin_label=\u00a0\u00bbAnchor Menu\u00a0\u00bb _builder_version=\u00a0\u00bb4.16&Prime; _module_preset=\u00a0\u00bbdefault\u00a0\u00bb custom_padding=\u00a0\u00bb3%|0px|0%|0px|false|false\u00a0\u00bb global_colors_info=\u00a0\u00bb{}\u00a0\u00bb][et_pb_row _builder_version=\u00a0\u00bb4.16&Prime; _module_preset=\u00a0\u00bbdefault\u00a0\u00bb hover_enabled=\u00a0\u00bb0&Prime; global_colors_info=\u00a0\u00bb{}\u00a0\u00bb sticky_enabled=\u00a0\u00bb0&Prime;][et_pb_column type=\u00a0\u00bb4_4&Prime; _builder_version=\u00a0\u00bb4.16&Prime; _module_preset=\u00a0\u00bbdefault\u00a0\u00bb global_colors_info=\u00a0\u00bb{}\u00a0\u00bb][dsm_menu title=\u00a0\u00bbTous les contenus en un coup d&apos;\u0153il\u00a0\u00bb menu_id=\u00a0\u00bb67&Prime; _builder_version=\u00a0\u00bb4.20.2&Prime; _module_preset=\u00a0\u00bbdefault\u00a0\u00bb header_level=\u00a0\u00bbh3&Prime; header_font_size=\u00a0\u00bb21px\u00a0\u00bb hover_enabled=\u00a0\u00bb0&Prime; global_colors_info=\u00a0\u00bb{}\u00a0\u00bb menu_link_text_color__hover_enabled=\u00a0\u00bboff|hover\u00a0\u00bb sticky_enabled=\u00a0\u00bb0&Prime;][\/dsm_menu][et_pb_divider color=\u00a0\u00bb#F2F4F7&Prime; divider_weight=\u00a0\u00bb3px\u00a0\u00bb _builder_version=\u00a0\u00bb4.16&Prime; _module_preset=\u00a0\u00bbdefault\u00a0\u00bb custom_margin=\u00a0\u00bb6%||||false|false\u00a0\u00bb custom_padding=\u00a0\u00bb||||false|false\u00a0\u00bb global_colors_info=\u00a0\u00bb{}\u00a0\u00bb][\/et_pb_divider][\/et_pb_column][\/et_pb_row][\/et_pb_section][et_pb_section fb_built=\u00a0\u00bb1&Prime; module_id=\u00a0\u00bbdescription\u00a0\u00bb _builder_version=\u00a0\u00bb4.16&Prime; _module_preset=\u00a0\u00bb_initial\u00a0\u00bb width=\u00a0\u00bb100%\u00a0\u00bb custom_margin=\u00a0\u00bb|-175px||||\u00a0\u00bb global_colors_info=\u00a0\u00bb{}\u00a0\u00bb][et_pb_row make_equal=\u00a0\u00bbon\u00a0\u00bb _builder_version=\u00a0\u00bb4.16&Prime; global_colors_info=\u00a0\u00bb{}\u00a0\u00bb][et_pb_column type=\u00a0\u00bb4_4&Prime; _builder_version=\u00a0\u00bb4.16&Prime; custom_padding=\u00a0\u00bb|||\u00a0\u00bb global_colors_info=\u00a0\u00bb{}\u00a0\u00bb custom_padding__hover=\u00a0\u00bb|||\u00a0\u00bb][et_pb_text _builder_version=\u00a0\u00bb4.16&Prime; _module_preset=\u00a0\u00bbd1e96b24-a539-473a-bfaa-45aa34fbd293&Prime; global_colors_info=\u00a0\u00bb{}\u00a0\u00bb]<\/p>\n<h2>Mobile, ax\u00e9 sur la pratique, fiable et robuste<\/h2>\n<p>[\/et_pb_text][et_pb_text _builder_version=\u00a0\u00bb4.16&Prime; _module_preset=\u00a0\u00bbb912ceaa-d132-4093-ad58-e5cbb87da27a\u00a0\u00bb global_colors_info=\u00a0\u00bb{}\u00a0\u00bb]<\/p>\n<p>Le laser sp\u00e9cial c\u00e9ramique Nova-f a \u00e9t\u00e9 con\u00e7u en <strong>collaboration \u00e9troite avec l&rsquo;industrie de la c\u00e9ramique<\/strong> et est donc parfaitement adapt\u00e9 aux besoins du secteur. <strong>Nova-f est mobile<\/strong>, le dispositif compact est dot\u00e9 de <strong>roues<\/strong> et peut \u00eatre d\u00e9plac\u00e9 ais\u00e9ment jusqu&rsquo;au lieu d&rsquo;utilisation. Le laser permet de traiter <strong>chaque g\u00e9om\u00e9trie de surface souhait\u00e9e<\/strong>. Mobil-Mark propose des <strong>dispositifs d&rsquo;obturation parfaitement adapt\u00e9s<\/strong> \u00e0 toutes les formes individuelles \u2013 le remplacement se fait ais\u00e9ment et en quelques gestes selon le principe <strong>Plug&amp;Play<\/strong>. \u00c9tant donn\u00e9 que le laser \u00e0 fibre MOPA dispose d&rsquo;une <strong>protection laser brevet\u00e9e de classe 1<\/strong>, le marquage ne n\u00e9cessite <strong>aucun \u00e9quipement de protection<\/strong> tel qu&rsquo;une structure de protection ou des lunettes de protection. Afin de travailler \u00e9galement <strong>en toute fiabilit\u00e9<\/strong> dans les <strong>conditions souvent difficiles<\/strong> de l&rsquo;industrie de la c\u00e9ramique, le Nova-f est particuli\u00e8rement <strong>robuste et r\u00e9sistant \u00e0 la poussi\u00e8re<\/strong>. La <strong>grande long\u00e9vit\u00e9<\/strong> des diodes laser atteignant les 100\u00a0000 heures parle \u00e9galement en faveur d&rsquo;une <strong>longue dur\u00e9e de vie<\/strong> du dispositif.<\/p>\n<p>[\/et_pb_text][\/et_pb_column][\/et_pb_row][\/et_pb_section][et_pb_section fb_built=\u00a0\u00bb1&Prime; _builder_version=\u00a0\u00bb4.16&Prime; _module_preset=\u00a0\u00bbdf8ade6d-9b37-4d72-a09b-5fc16b8ef071&Prime; background_image=\u00a0\u00bbhttps:\/\/www.mobil-mark.de\/wp-content\/uploads\/2021\/08\/keramik-nova-f-image-full-width-3840&#215;1400-1-scaled.jpg\u00a0\u00bb global_colors_info=\u00a0\u00bb{}\u00a0\u00bb][\/et_pb_section][et_pb_section fb_built=\u00a0\u00bb1&Prime; module_id=\u00a0\u00bbfonctions\u00a0\u00bb _builder_version=\u00a0\u00bb4.16&Prime; _module_preset=\u00a0\u00bb2aa77f26-48e2-4f2e-8256-e6a09189bfc3&Prime; global_colors_info=\u00a0\u00bb{}\u00a0\u00bb][et_pb_row _builder_version=\u00a0\u00bb4.16&Prime; _module_preset=\u00a0\u00bbdefault\u00a0\u00bb global_colors_info=\u00a0\u00bb{}\u00a0\u00bb][et_pb_column type=\u00a0\u00bb4_4&Prime; _builder_version=\u00a0\u00bb4.16&Prime; _module_preset=\u00a0\u00bbdefault\u00a0\u00bb global_colors_info=\u00a0\u00bb{}\u00a0\u00bb][et_pb_text _builder_version=\u00a0\u00bb4.20.2&Prime; _module_preset=\u00a0\u00bbd1e96b24-a539-473a-bfaa-45aa34fbd293&Prime; global_colors_info=\u00a0\u00bb{}\u00a0\u00bb]<\/p>\n<h2>Vos avantages en bref<\/h2>\n<p>[\/et_pb_text][\/et_pb_column][\/et_pb_row][et_pb_row column_structure=\u00a0\u00bb1_2,1_2&Prime; make_equal=\u00a0\u00bbon\u00a0\u00bb _builder_version=\u00a0\u00bb4.16&Prime; global_colors_info=\u00a0\u00bb{}\u00a0\u00bb][et_pb_column type=\u00a0\u00bb1_2&Prime; _builder_version=\u00a0\u00bb4.16&Prime; custom_padding=\u00a0\u00bb|||\u00a0\u00bb global_colors_info=\u00a0\u00bb{}\u00a0\u00bb custom_padding__hover=\u00a0\u00bb|||\u00a0\u00bb][et_pb_blurb title=\u00a0\u00bbClasse de protection laser 1&Prime; use_icon=\u00a0\u00bbon\u00a0\u00bb font_icon=\u00a0\u00bb&#x35;||divi||400&Prime; _builder_version=\u00a0\u00bb4.16&Prime; _module_preset=\u00a0\u00bbf6610573-5d09-428e-ae43-0f189faaf7b8&Prime; global_colors_info=\u00a0\u00bb{}\u00a0\u00bb]<\/p>\n<p>tout \u00e9quipement de protection suppl\u00e9mentaire est superflu<\/p>\n<p>[\/et_pb_blurb][et_pb_blurb title=\u00a0\u00bbGravure pr\u00e9cise et filigrane\u00a0\u00bb use_icon=\u00a0\u00bbon\u00a0\u00bb font_icon=\u00a0\u00bb&#x35;||divi||400&Prime; _builder_version=\u00a0\u00bb4.16&Prime; _module_preset=\u00a0\u00bbf6610573-5d09-428e-ae43-0f189faaf7b8&Prime; global_colors_info=\u00a0\u00bb{}\u00a0\u00bb]<\/p>\n<p>Gr\u00e2ce \u00e0 un diam\u00e8tre du rayon laser extr\u00eamement petit de 20 \u00b5m (avec un objectif de 80\u00a0mm)<\/p>\n<p>[\/et_pb_blurb][et_pb_blurb title=\u00a0\u00bbFlexible car mobile\u00a0\u00bb use_icon=\u00a0\u00bbon\u00a0\u00bb font_icon=\u00a0\u00bb&#x35;||divi||400&Prime; _builder_version=\u00a0\u00bb4.16&Prime; _module_preset=\u00a0\u00bbf6610573-5d09-428e-ae43-0f189faaf7b8&Prime; global_colors_info=\u00a0\u00bb{}\u00a0\u00bb]<\/p>\n<p>Station de base et tuyau de raccordement de 3,70 m de long entre l&rsquo;appareil manuel et la t\u00eate laser<\/p>\n<p>[\/et_pb_blurb][et_pb_blurb title=\u00a0\u00bbInscription de chaque g\u00e9om\u00e9trie de surface en toute facilit\u00e9\u00a0\u00bb use_icon=\u00a0\u00bbon\u00a0\u00bb font_icon=\u00a0\u00bb&#x35;||divi||400&Prime; _builder_version=\u00a0\u00bb4.16&Prime; _module_preset=\u00a0\u00bbf6610573-5d09-428e-ae43-0f189faaf7b8&Prime; global_colors_info=\u00a0\u00bb{}\u00a0\u00bb]<\/p>\n<p>Les dispositifs d&rsquo;obturation sur mesure pour la t\u00eate laser permettent de marquer aussi bien les pi\u00e8ces lisses que les pi\u00e8ces incurv\u00e9es<\/p>\n<p>[\/et_pb_blurb][dsm_icon_list _builder_version=\u00a0\u00bb4.16&Prime; _module_preset=\u00a0\u00bbdefault\u00a0\u00bb global_colors_info=\u00a0\u00bb{}\u00a0\u00bb][\/dsm_icon_list][\/et_pb_column][et_pb_column type=\u00a0\u00bb1_2&Prime; _builder_version=\u00a0\u00bb4.16&Prime; custom_padding=\u00a0\u00bb|||\u00a0\u00bb global_colors_info=\u00a0\u00bb{}\u00a0\u00bb custom_padding__hover=\u00a0\u00bb|||\u00a0\u00bb][et_pb_blurb title=\u00a0\u00bbM\u00e9moire des t\u00e2ches illimit\u00e9e\u00a0\u00bb use_icon=\u00a0\u00bbon\u00a0\u00bb font_icon=\u00a0\u00bb&#x35;||divi||400&Prime; _builder_version=\u00a0\u00bb4.16&Prime; _module_preset=\u00a0\u00bbf6610573-5d09-428e-ae43-0f189faaf7b8&Prime; global_colors_info=\u00a0\u00bb{}\u00a0\u00bb]<\/p>\n<p>Il est possible de sauvegarder autant de t\u00e2ches d&rsquo;inscription que souhait\u00e9. 15 touches de s\u00e9lection des t\u00e2ches permettent d&rsquo;acc\u00e9der facilement aux t\u00e2ches fr\u00e9quemment utilis\u00e9es.<\/p>\n<p>[\/et_pb_blurb][et_pb_blurb title=\u00a0\u00bbInscriptions sur de grandes surfaces\u00a0\u00bb use_icon=\u00a0\u00bbon\u00a0\u00bb font_icon=\u00a0\u00bb&#x35;||divi||400&Prime; _builder_version=\u00a0\u00bb4.16&Prime; _module_preset=\u00a0\u00bbf6610573-5d09-428e-ae43-0f189faaf7b8&Prime; global_colors_info=\u00a0\u00bb{}\u00a0\u00bb]<\/p>\n<p>Gr\u00e2ce aux diff\u00e9rents objectifs allant jusqu&rsquo;\u00e0 100 x 80 mm<\/p>\n<p>[\/et_pb_blurb][et_pb_blurb title=\u00a0\u00bbUtilisation simple et intuitive\u00a0\u00bb use_icon=\u00a0\u00bbon\u00a0\u00bb font_icon=\u00a0\u00bb&#x35;||divi||400&Prime; _builder_version=\u00a0\u00bb4.16&Prime; _module_preset=\u00a0\u00bbf6610573-5d09-428e-ae43-0f189faaf7b8&Prime; global_colors_info=\u00a0\u00bb{}\u00a0\u00bb]<\/p>\n<p>Acc\u00e9der \u00e0 la t\u00e2che de marquage, positionner l&rsquo;appareil de commande manuel, utiliser les touches de s\u00e9curit\u00e9, d\u00e9clencher le processus de marquage, c&rsquo;est fini<\/p>\n<p>[\/et_pb_blurb][et_pb_blurb title=\u00a0\u00bbAdapt\u00e9 \u00e0 tous les emplacements disposant d&apos;un raccordement \u00e9lectrique\u00a0\u00bb use_icon=\u00a0\u00bbon\u00a0\u00bb font_icon=\u00a0\u00bb&#x35;||divi||400&Prime; _builder_version=\u00a0\u00bb4.16&Prime; _module_preset=\u00a0\u00bbf6610573-5d09-428e-ae43-0f189faaf7b8&Prime; global_colors_info=\u00a0\u00bb{}\u00a0\u00bb]<\/p>\n<p>Alimentation de 230\u00a0V, puissance absorb\u00e9e de 300\u00a0W (pour la gravure)<\/p>\n<p>[\/et_pb_blurb][et_pb_blurb title=\u00a0\u00bbMise en r\u00e9seau individuelle\u00a0\u00bb use_icon=\u00a0\u00bbon\u00a0\u00bb font_icon=\u00a0\u00bb&#x35;||divi||400&Prime; _builder_version=\u00a0\u00bb4.16&Prime; _module_preset=\u00a0\u00bbf6610573-5d09-428e-ae43-0f189faaf7b8&Prime; global_colors_info=\u00a0\u00bb{}\u00a0\u00bb]<\/p>\n<p>Interfaces de s\u00e9rie pour le r\u00e9seau, l&rsquo;\u00e9cran, le clavier, la souris<\/p>\n<p>[\/et_pb_blurb][dsm_icon_list _builder_version=\u00a0\u00bb4.16&Prime; _module_preset=\u00a0\u00bbdefault\u00a0\u00bb global_colors_info=\u00a0\u00bb{}\u00a0\u00bb][\/dsm_icon_list][\/et_pb_column][\/et_pb_row][\/et_pb_section][et_pb_section fb_built=\u00a0\u00bb1&Prime; module_id=\u00a0\u00bbsolution sp\u00e9ciale\u00a0\u00bb _builder_version=\u00a0\u00bb4.20.2&Prime; _module_preset=\u00a0\u00bb_initial\u00a0\u00bb custom_margin=\u00a0\u00bb4%||||false|false\u00a0\u00bb custom_padding=\u00a0\u00bb0%|0px|4%|0px|false|false\u00a0\u00bb global_module=\u00a0\u00bb5945&Prime; saved_tabs=\u00a0\u00bball\u00a0\u00bb global_colors_info=\u00a0\u00bb{}\u00a0\u00bb][et_pb_row column_structure=\u00a0\u00bb1_2,1_2&Prime; _builder_version=\u00a0\u00bb4.20.2&Prime; _module_preset=\u00a0\u00bbb0afad4d-b615-45c6-9319-da340ffc5605&Prime; global_colors_info=\u00a0\u00bb{}\u00a0\u00bb][et_pb_column type=\u00a0\u00bb1_2&Prime; _builder_version=\u00a0\u00bb4.20.2&Prime; _module_preset=\u00a0\u00bbe33e75da-0ba6-4fbc-90f3-7abd2673bbac\u00a0\u00bb custom_padding=\u00a0\u00bb|||\u00a0\u00bb global_colors_info=\u00a0\u00bb{}\u00a0\u00bb custom_padding__hover=\u00a0\u00bb|||\u00a0\u00bb][et_pb_image src=\u00a0\u00bbhttps:\/\/www.mobil-mark.de\/wp-content\/uploads\/2023\/03\/quasar-robot-automation-1200&#215;1000-1.jpg\u00a0\u00bb alt=\u00a0\u00bbQuasar dans l&apos;automatisation robotique\u00a0\u00bb title_text=\u00a0\u00bbQuasar dans l&apos;automatisation robotique\u00a0\u00bb _builder_version=\u00a0\u00bb4.20.2&Prime; _module_preset=\u00a0\u00bb0352b93e-b97f-454a-b269-d44ac415898d\u00a0\u00bb global_colors_info=\u00a0\u00bb{}\u00a0\u00bb][\/et_pb_image][\/et_pb_column][et_pb_column type=\u00a0\u00bb1_2&Prime; _builder_version=\u00a0\u00bb4.16&Prime; _module_preset=\u00a0\u00bbe33e75da-0ba6-4fbc-90f3-7abd2673bbac\u00a0\u00bb global_colors_info=\u00a0\u00bb{}\u00a0\u00bb][et_pb_text _builder_version=\u00a0\u00bb4.20.2&Prime; _module_preset=\u00a0\u00bbb912ceaa-d132-4093-ad58-e5cbb87da27a\u00a0\u00bb global_colors_info=\u00a0\u00bb{}\u00a0\u00bb]<\/p>\n<h2>Solutions sp\u00e9ciales &#8211; Nous d\u00e9veloppons ce que vous souhaitez<\/h2>\n<p>[\/et_pb_text][et_pb_text _builder_version=\u00a0\u00bb4.20.2&Prime; _module_preset=\u00a0\u00bbb912ceaa-d132-4093-ad58-e5cbb87da27a\u00a0\u00bb global_colors_info=\u00a0\u00bb{}\u00a0\u00bb]<\/p>\n<p>L&rsquo;ambition de Mobil-Mark est de proposer la solution parfaite pour chaque domaine d&rsquo;application imaginable de la gravure laser mobile et stationnaire. Souhaitez-vous un accessoire qui n&rsquo;existe pas encore? Nous le d\u00e9veloppons pour vous &#8211; en fonction de vos besoins, de mani\u00e8re r\u00e9fl\u00e9chie et de la meilleure qualit\u00e9 \u00ab\u00a0Made in Germany\u00a0\u00bb. Mobil-Mark est donc \u00e9galement un constructeur de machines sp\u00e9ciales pour les environnements de marquage laser requis individuellement. Nous d\u00e9veloppons ce dont ils ont besoin &#8211; garanti.<\/p>\n<p>[\/et_pb_text][et_pb_button button_url=\u00a0\u00bb@ET-DC@eyJkeW5hbWljIjp0cnVlLCJjb250ZW50IjoicG9zdF9saW5rX3VybF9wYWdlIiwic2V0dGluZ3MiOnsicG9zdF9pZCI6IjE1OSJ9fQ==@\u00a0\u00bb button_text=\u00a0\u00bbDemander maintenant\u00a0\u00bb _builder_version=\u00a0\u00bb4.20.2&Prime; _dynamic_attributes=\u00a0\u00bbbutton_url\u00a0\u00bb _module_preset=\u00a0\u00bba46419da-3052-496b-b33c-2c2cea962ca5&Prime; global_colors_info=\u00a0\u00bb{}\u00a0\u00bb][\/et_pb_button][\/et_pb_column][\/et_pb_row][\/et_pb_section][et_pb_section fb_built=\u00a0\u00bb1&Prime; admin_label=\u00a0\u00bbsection\u00a0\u00bb module_id=\u00a0\u00bbcontact\u00a0\u00bb _builder_version=\u00a0\u00bb4.20.2&Prime; _module_preset=\u00a0\u00bba1f45f23-e2ce-493f-810f-6f77f9db1ac3&Prime; background_color=\u00a0\u00bb#003D6C\u00a0\u00bb use_background_color_gradient=\u00a0\u00bbon\u00a0\u00bb background_color_gradient_stops=\u00a0\u00bb#00355e 0%|#003d6c 100%\u00a0\u00bb background_color_gradient_start=\u00a0\u00bb#00355e\u00a0\u00bb background_color_gradient_end=\u00a0\u00bb#003d6c\u00a0\u00bb background_image=\u00a0\u00bbhttps:\/\/www.mobil-mark.de\/wp-content\/uploads\/2021\/07\/mesh@2x.png\u00a0\u00bb parallax=\u00a0\u00bbon\u00a0\u00bb custom_padding=\u00a0\u00bb3%||4%||false|false\u00a0\u00bb background_color_gradient_stops_tablet=\u00a0\u00bb#00355e 0%|#003d6c 100%\u00a0\u00bb background_color_gradient_stops_phone=\u00a0\u00bb#00355e 0%|#003d6c 100%\u00a0\u00bb global_module=\u00a0\u00bb353&Prime; saved_tabs=\u00a0\u00bball\u00a0\u00bb collapsed=\u00a0\u00bboff\u00a0\u00bb global_colors_info=\u00a0\u00bb{}\u00a0\u00bb][et_pb_row column_structure=\u00a0\u00bb3_5,2_5&Prime; _builder_version=\u00a0\u00bb4.16&Prime; _module_preset=\u00a0\u00bbdefault\u00a0\u00bb locked=\u00a0\u00bboff\u00a0\u00bb global_colors_info=\u00a0\u00bb{}\u00a0\u00bb][et_pb_column type=\u00a0\u00bb3_5&Prime; _builder_version=\u00a0\u00bb4.16&Prime; _module_preset=\u00a0\u00bbdefault\u00a0\u00bb global_colors_info=\u00a0\u00bb{}\u00a0\u00bb][et_pb_text _builder_version=\u00a0\u00bb4.16&Prime; _module_preset=\u00a0\u00bbb912ceaa-d132-4093-ad58-e5cbb87da27a\u00a0\u00bb text_text_color=\u00a0\u00bb#FFFFFF\u00a0\u00bb header_text_color=\u00a0\u00bb#FFFFFF\u00a0\u00bb header_2_text_color=\u00a0\u00bb#FFFFFF\u00a0\u00bb background_layout=\u00a0\u00bbdark\u00a0\u00bb max_width=\u00a0\u00bb85%\u00a0\u00bb max_width_tablet=\u00a0\u00bb100%\u00a0\u00bb max_width_phone=\u00a0\u00bb100%\u00a0\u00bb max_width_last_edited=\u00a0\u00bbon|tablet\u00a0\u00bb global_colors_info=\u00a0\u00bb{}\u00a0\u00bb]<\/p>\n<h2>Demandez maintenant conseil \u00e0 un expert!<\/h2>\n<p>Faites-nous part de vos questions, de vos souhaits ou de vos suggestions! Nous nous r\u00e9jouissons de votre appel, de votre mail ou de votre message via notre formulaire de contact.<\/p>\n<p>[\/et_pb_text][et_pb_button button_url=\u00a0\u00bb@ET-DC@eyJkeW5hbWljIjp0cnVlLCJjb250ZW50IjoicG9zdF9saW5rX3VybF9wYWdlIiwic2V0dGluZ3MiOnsicG9zdF9pZCI6IjE1OSJ9fQ==@\u00a0\u00bb button_text=\u00a0\u00bbContacter maintenant\u00a0\u00bb module_class=\u00a0\u00bbbutton-primary\u00a0\u00bb _builder_version=\u00a0\u00bb4.16&Prime; _dynamic_attributes=\u00a0\u00bbbutton_url\u00a0\u00bb _module_preset=\u00a0\u00bb441d0f55-1e44-42cf-a794-626ffabacda0&Prime; mix_blend_mode=\u00a0\u00bblighten\u00a0\u00bb global_colors_info=\u00a0\u00bb{}\u00a0\u00bb][\/et_pb_button][\/et_pb_column][et_pb_column type=\u00a0\u00bb2_5&Prime; _builder_version=\u00a0\u00bb4.16&Prime; _module_preset=\u00a0\u00bbdefault\u00a0\u00bb custom_padding=\u00a0\u00bb40px||40px||true|false\u00a0\u00bb global_colors_info=\u00a0\u00bb{}\u00a0\u00bb][et_pb_blurb title=\u00a0\u00bb+49 731-40 700 601&Prime; url=\u00a0\u00bbtel:+4973140700601&Prime; image=\u00a0\u00bbhttps:\/\/www.mobil-mark.de\/wp-content\/uploads\/2021\/07\/Telephone@2x.png\u00a0\u00bb admin_label=\u00a0\u00bbPhone\u00a0\u00bb _builder_version=\u00a0\u00bb4.16&Prime; _module_preset=\u00a0\u00bb80bd3ae8-c3d3-42f5-a3df-282bcd65d477&Prime; custom_css_blurb_image=\u00a0\u00bbpadding-top:4px;\u00a0\u00bb global_colors_info=\u00a0\u00bb{}\u00a0\u00bb][\/et_pb_blurb][et_pb_blurb title=\u00a0\u00bbkontakt@mobil-mark.de\u00a0\u00bb url=\u00a0\u00bbmailto:kontakt@mobil-mark.de\u00a0\u00bb image=\u00a0\u00bbhttps:\/\/www.mobil-mark.de\/wp-content\/uploads\/2021\/07\/Mail@2x.png\u00a0\u00bb alt=\u00a0\u00bbMail Icon\u00a0\u00bb admin_label=\u00a0\u00bbE-Mail\u00a0\u00bb _builder_version=\u00a0\u00bb4.16&Prime; _module_preset=\u00a0\u00bb80bd3ae8-c3d3-42f5-a3df-282bcd65d477&Prime; custom_css_blurb_image=\u00a0\u00bbpadding-top:7px;\u00a0\u00bb global_colors_info=\u00a0\u00bb{}\u00a0\u00bb][\/et_pb_blurb][\/et_pb_column][\/et_pb_row][\/et_pb_section][et_pb_section fb_built=\u00a0\u00bb1&Prime; admin_label=\u00a0\u00bbImage Text multiple\u00a0\u00bb module_id=\u00a0\u00bbproc\u00e9d\u00e9 de marquage\u00a0\u00bb _builder_version=\u00a0\u00bb4.16&Prime; _module_preset=\u00a0\u00bbdefault\u00a0\u00bb global_colors_info=\u00a0\u00bb{}\u00a0\u00bb][et_pb_row _builder_version=\u00a0\u00bb4.16&Prime; _module_preset=\u00a0\u00bbdefault\u00a0\u00bb global_colors_info=\u00a0\u00bb{}\u00a0\u00bb][et_pb_column type=\u00a0\u00bb4_4&Prime; _builder_version=\u00a0\u00bb4.16&Prime; _module_preset=\u00a0\u00bbdefault\u00a0\u00bb global_colors_info=\u00a0\u00bb{}\u00a0\u00bb][et_pb_text _builder_version=\u00a0\u00bb4.16&Prime; _module_preset=\u00a0\u00bbd1e96b24-a539-473a-bfaa-45aa34fbd293&Prime; global_colors_info=\u00a0\u00bb{}\u00a0\u00bb]<\/p>\n<h2>Op\u00e9rationnel pour chaque processus d&rsquo;inscription sur c\u00e9ramique<\/h2>\n<p>[\/et_pb_text][et_pb_divider show_divider=\u00a0\u00bboff\u00a0\u00bb _builder_version=\u00a0\u00bb4.16&Prime; _module_preset=\u00a0\u00bbdefault\u00a0\u00bb max_height=\u00a0\u00bb0px\u00a0\u00bb global_colors_info=\u00a0\u00bb{}\u00a0\u00bb][\/et_pb_divider][\/et_pb_column][\/et_pb_row][et_pb_row column_structure=\u00a0\u00bb1_3,2_3&Prime; use_custom_gutter=\u00a0\u00bbon\u00a0\u00bb gutter_width=\u00a0\u00bb2&Prime; make_equal=\u00a0\u00bbon\u00a0\u00bb _builder_version=\u00a0\u00bb4.16&Prime; custom_margin=\u00a0\u00bb||1%||false|false\u00a0\u00bb global_colors_info=\u00a0\u00bb{}\u00a0\u00bb][et_pb_column type=\u00a0\u00bb1_3&Prime; _builder_version=\u00a0\u00bb4.16&Prime; custom_padding=\u00a0\u00bb|||\u00a0\u00bb global_colors_info=\u00a0\u00bb{}\u00a0\u00bb custom_padding__hover=\u00a0\u00bb|||\u00a0\u00bb][et_pb_image src=\u00a0\u00bbhttps:\/\/www.mobil-mark.de\/wp-content\/uploads\/2021\/08\/Infografik-Auftragsverfahren-Spru\u0308hfarbe-1.jpg\u00a0\u00bb alt=\u00a0\u00bbProc\u00e9d\u00e9 d&apos;application de peintures a\u00e9rosol\u00a0\u00bb title_text=\u00a0\u00bbProc\u00e9d\u00e9 d&apos;application de peintures a\u00e9rosol\u00a0\u00bb _builder_version=\u00a0\u00bb4.16&Prime; _module_preset=\u00a0\u00bb0352b93e-b97f-454a-b269-d44ac415898d\u00a0\u00bb global_colors_info=\u00a0\u00bb{}\u00a0\u00bb][\/et_pb_image][\/et_pb_column][et_pb_column type=\u00a0\u00bb2_3&Prime; _builder_version=\u00a0\u00bb4.16&Prime; _module_preset=\u00a0\u00bbdefault\u00a0\u00bb global_colors_info=\u00a0\u00bb{}\u00a0\u00bb][et_pb_text _builder_version=\u00a0\u00bb4.16&Prime; _module_preset=\u00a0\u00bbb912ceaa-d132-4093-ad58-e5cbb87da27a\u00a0\u00bb global_colors_info=\u00a0\u00bb{}\u00a0\u00bb]<\/p>\n<h3>Proc\u00e9d\u00e9 d&rsquo;application de peintures a\u00e9rosol<\/h3>\n<p>Pulv\u00e9riser la peinture sur la pi\u00e8ce, laisser s\u00e9cher, proc\u00e9der \u00e0 l&rsquo;inscription avec le Nova-f, essuyer les restes de peinture et c&rsquo;est fini. Vous obtenez un marquage plat, r\u00e9sistant \u00e0 l&rsquo;usure et au lave-vaisselle, avec le design et la forme de votre choix.<\/p>\n<p>[\/et_pb_text][\/et_pb_column][\/et_pb_row][et_pb_row column_structure=\u00a0\u00bb1_3,2_3&Prime; use_custom_gutter=\u00a0\u00bbon\u00a0\u00bb gutter_width=\u00a0\u00bb2&Prime; make_equal=\u00a0\u00bbon\u00a0\u00bb _builder_version=\u00a0\u00bb4.16&Prime; custom_margin=\u00a0\u00bb||1%||false|false\u00a0\u00bb global_colors_info=\u00a0\u00bb{}\u00a0\u00bb][et_pb_column type=\u00a0\u00bb1_3&Prime; _builder_version=\u00a0\u00bb4.16&Prime; custom_padding=\u00a0\u00bb|||\u00a0\u00bb global_colors_info=\u00a0\u00bb{}\u00a0\u00bb custom_padding__hover=\u00a0\u00bb|||\u00a0\u00bb][et_pb_image src=\u00a0\u00bbhttps:\/\/www.mobil-mark.de\/wp-content\/uploads\/2021\/08\/Infografik-Folie.jpg\u00a0\u00bb alt=\u00a0\u00bbProc\u00e9d\u00e9 d&apos;application de feuille\u00a0\u00bb title_text=\u00a0\u00bbProc\u00e9d\u00e9 d&apos;application de feuille\u00a0\u00bb _builder_version=\u00a0\u00bb4.16&Prime; _module_preset=\u00a0\u00bb0352b93e-b97f-454a-b269-d44ac415898d\u00a0\u00bb global_colors_info=\u00a0\u00bb{}\u00a0\u00bb][\/et_pb_image][\/et_pb_column][et_pb_column type=\u00a0\u00bb2_3&Prime; _builder_version=\u00a0\u00bb4.16&Prime; _module_preset=\u00a0\u00bbdefault\u00a0\u00bb global_colors_info=\u00a0\u00bb{}\u00a0\u00bb][et_pb_text _builder_version=\u00a0\u00bb4.16&Prime; _module_preset=\u00a0\u00bbb912ceaa-d132-4093-ad58-e5cbb87da27a\u00a0\u00bb global_colors_info=\u00a0\u00bb{}\u00a0\u00bb]<\/p>\n<h3>Proc\u00e9d\u00e9 d&rsquo;application de feuille<\/h3>\n<p>Placer le distributeur de feuilles sur la t\u00eate laser, faire fondre le film \u00e0 rev\u00eatement m\u00e9tallique sur la pi\u00e8ce \u00e0 l&rsquo;aide du Nova-f et c&rsquo;est fini. Vous obtenez un marquage plat, r\u00e9sistant durablement \u00e0 l&rsquo;usure et au lave-vaisselle, avec le design et la forme de votre choix.<\/p>\n<p>[\/et_pb_text][\/et_pb_column][\/et_pb_row][et_pb_row column_structure=\u00a0\u00bb1_3,2_3&Prime; use_custom_gutter=\u00a0\u00bbon\u00a0\u00bb gutter_width=\u00a0\u00bb2&Prime; make_equal=\u00a0\u00bbon\u00a0\u00bb _builder_version=\u00a0\u00bb4.16&Prime; custom_margin=\u00a0\u00bb||1%||false|false\u00a0\u00bb global_colors_info=\u00a0\u00bb{}\u00a0\u00bb][et_pb_column type=\u00a0\u00bb1_3&Prime; _builder_version=\u00a0\u00bb4.16&Prime; custom_padding=\u00a0\u00bb|||\u00a0\u00bb global_colors_info=\u00a0\u00bb{}\u00a0\u00bb custom_padding__hover=\u00a0\u00bb|||\u00a0\u00bb][et_pb_image src=\u00a0\u00bbhttps:\/\/www.mobil-mark.de\/wp-content\/uploads\/2021\/08\/Infografik-Spiegelgravur.jpg\u00a0\u00bb alt=\u00a0\u00bbInfographie Gravure laser\u00a0\u00bb title_text=\u00a0\u00bbInfographie gravure sur miroir\u00a0\u00bb _builder_version=\u00a0\u00bb4.16&Prime; _module_preset=\u00a0\u00bb0352b93e-b97f-454a-b269-d44ac415898d\u00a0\u00bb global_colors_info=\u00a0\u00bb{}\u00a0\u00bb][\/et_pb_image][\/et_pb_column][et_pb_column type=\u00a0\u00bb2_3&Prime; _builder_version=\u00a0\u00bb4.16&Prime; _module_preset=\u00a0\u00bbdefault\u00a0\u00bb global_colors_info=\u00a0\u00bb{}\u00a0\u00bb][et_pb_text _builder_version=\u00a0\u00bb4.16&Prime; _module_preset=\u00a0\u00bbb912ceaa-d132-4093-ad58-e5cbb87da27a\u00a0\u00bb global_colors_info=\u00a0\u00bb{}\u00a0\u00bb]<\/p>\n<h3>Gravure en profondeur<\/h3>\n<p>Placer la t\u00eate laser sur la pi\u00e8ce en c\u00e9ramique non \u00e9maill\u00e9e, proc\u00e9der \u00e0 la gravure en profondeur et c&rsquo;est fini. Vous obtenez une gravure profonde de couleur blanche.<\/p>\n<p>[\/et_pb_text][\/et_pb_column][\/et_pb_row][\/et_pb_section][et_pb_section fb_built=\u00a0\u00bb1&Prime; admin_label=\u00a0\u00bbSection\u00a0\u00bb module_id=\u00a0\u00bbvideos\u00a0\u00bb _builder_version=\u00a0\u00bb4.20.2&Prime; _module_preset=\u00a0\u00bb8ec1b784-c98c-4b22-aacb-f68bf47a9c70&Prime; background_image=\u00a0\u00bbhttps:\/\/www.mobil-mark.de\/wp-content\/uploads\/2021\/08\/metakk-imageslider-3840&#215;920-1-scaled.jpg\u00a0\u00bb background_enable_image=\u00a0\u00bboff\u00a0\u00bb background_position=\u00a0\u00bbcenter_right\u00a0\u00bb background_video_mp4=\u00a0\u00bbhttps:\/\/www.mobil-mark.de\/wp-content\/uploads\/2021\/08\/1920x630_v2_kleiner.mp4&Prime; min_height=\u00a0\u00bb24vw\u00a0\u00bb link_option_url=\u00a0\u00bb\/fr\/entreprise\/infocenter\/#videos\u00a0\u00bb custom_css_main_element=\u00a0\u00bbbackground-position: 80%!important;\u00a0\u00bb global_module=\u00a0\u00bb2175&Prime; saved_tabs=\u00a0\u00bball\u00a0\u00bb global_colors_info=\u00a0\u00bb{%22gcid-64c4396a-34f0-41f8-ac25-b135aae59a79%22:%91%93}\u00a0\u00bb][et_pb_row _builder_version=\u00a0\u00bb4.16&Prime; _module_preset=\u00a0\u00bbdefault\u00a0\u00bb custom_padding=\u00a0\u00bb300px||||false|false\u00a0\u00bb global_colors_info=\u00a0\u00bb{}\u00a0\u00bb][et_pb_column type=\u00a0\u00bb4_4&Prime; _builder_version=\u00a0\u00bb4.16&Prime; _module_preset=\u00a0\u00bbdefault\u00a0\u00bb global_colors_info=\u00a0\u00bb{}\u00a0\u00bb][et_pb_blurb title=\u00a0\u00bbLaser de gravure en action\u00a0\u00bb use_icon=\u00a0\u00bbon\u00a0\u00bb font_icon=\u00a0\u00bb&#x49;||divi||400&Prime; _builder_version=\u00a0\u00bb4.16&Prime; _module_preset=\u00a0\u00bb30dc7ed2-31ab-4beb-9c7a-7d561e62916f\u00a0\u00bb scroll_vertical_motion_enable=\u00a0\u00bbon\u00a0\u00bb scroll_vertical_motion=\u00a0\u00bb0|50|50|100|0.3|0|-0.3&Prime; motion_trigger_start=\u00a0\u00bbtop\u00a0\u00bb global_colors_info=\u00a0\u00bb{}\u00a0\u00bb custom_css_blurb_image_last_edited=\u00a0\u00bbon|tablet\u00a0\u00bb custom_css_blurb_image_phone=\u00a0\u00bbdisplay:none;\u00a0\u00bb]<\/p>\n<h3>Vers la section vid\u00e9o<\/h3>\n<p>[\/et_pb_blurb][\/et_pb_column][\/et_pb_row][\/et_pb_section]<\/p>\n","protected":false},"excerpt":{"rendered":"<p>Le syst\u00e8me de marquage laser mobile et robusteUn laser puissant pour l&rsquo;industrie de la c\u00e9ramique Le laser Nova-f de mobil-mark est le sp\u00e9cialiste de la c\u00e9ramique\u00a0: Le dispositif mobile marque de mani\u00e8re durable et r\u00e9sistante \u00e0 l&rsquo;usure les appareils sanitaires, la porcelaine industrielle et la vaisselle de table entre autres. Ce processus de marquage fiable [&hellip;]<\/p>\n","protected":false},"author":3,"featured_media":0,"parent":4172,"menu_order":0,"comment_status":"closed","ping_status":"closed","template":"","meta":{"_et_pb_use_builder":"on","_et_pb_old_content":"","_et_gb_content_width":"","footnotes":""},"class_list":["post-5091","page","type-page","status-publish","hentry"],"yoast_head":"<!-- This site is optimized with the Yoast SEO plugin v27.4 - https:\/\/yoast.com\/product\/yoast-seo-wordpress\/ -->\n<title>Keramiklaser Nova-f \u2738 Mobiler Gravurlaser von Mobil-Mark \u2738<\/title>\n<meta name=\"description\" content=\"Mobil-Mark Nova-f \u2738 Lasermarkiersystem f\u00fcr Keramik \u2713 Mobiler Gravurlaser f\u00fcr Sanit\u00e4rkeramik, Industrieporzellan und Geschirr \u2713 Jetzt informieren!\" \/>\n<meta name=\"robots\" content=\"index, follow, max-snippet:-1, max-image-preview:large, max-video-preview:-1\" \/>\n<link rel=\"canonical\" href=\"https:\/\/www.mobil-mark.de\/fr\/machines-de-gravure-laser\/laser-ceramique-nova-f\/\" \/>\n<meta property=\"og:locale\" content=\"fr_FR\" \/>\n<meta property=\"og:type\" content=\"article\" \/>\n<meta property=\"og:title\" content=\"Keramiklaser Nova-f \u2738 Mobiler Gravurlaser von Mobil-Mark \u2738\" \/>\n<meta property=\"og:description\" content=\"Mobil-Mark Nova-f \u2738 Lasermarkiersystem f\u00fcr Keramik \u2713 Mobiler Gravurlaser f\u00fcr Sanit\u00e4rkeramik, Industrieporzellan und Geschirr \u2713 Jetzt informieren!\" \/>\n<meta property=\"og:url\" content=\"https:\/\/www.mobil-mark.de\/fr\/machines-de-gravure-laser\/laser-ceramique-nova-f\/\" \/>\n<meta property=\"og:site_name\" content=\"Mobil-Mark\" \/>\n<meta property=\"article:modified_time\" content=\"2024-03-18T11:25:39+00:00\" \/>\n<meta name=\"twitter:card\" content=\"summary_large_image\" \/>\n<meta name=\"twitter:label1\" content=\"Dur\u00e9e de lecture estim\u00e9e\" \/>\n\t<meta name=\"twitter:data1\" content=\"7 minutes\" \/>\n<script type=\"application\/ld+json\" class=\"yoast-schema-graph\">{\"@context\":\"https:\\\/\\\/schema.org\",\"@graph\":[{\"@type\":\"WebPage\",\"@id\":\"https:\\\/\\\/www.mobil-mark.de\\\/fr\\\/machines-de-gravure-laser\\\/laser-ceramique-nova-f\\\/\",\"url\":\"https:\\\/\\\/www.mobil-mark.de\\\/fr\\\/machines-de-gravure-laser\\\/laser-ceramique-nova-f\\\/\",\"name\":\"Keramiklaser Nova-f \u2738 Mobiler Gravurlaser von Mobil-Mark \u2738\",\"isPartOf\":{\"@id\":\"https:\\\/\\\/www.mobil-mark.de\\\/fr\\\/#website\"},\"datePublished\":\"2022-03-30T06:35:52+00:00\",\"dateModified\":\"2024-03-18T11:25:39+00:00\",\"description\":\"Mobil-Mark Nova-f \u2738 Lasermarkiersystem f\u00fcr Keramik \u2713 Mobiler Gravurlaser f\u00fcr Sanit\u00e4rkeramik, Industrieporzellan und Geschirr \u2713 Jetzt informieren!\",\"breadcrumb\":{\"@id\":\"https:\\\/\\\/www.mobil-mark.de\\\/fr\\\/machines-de-gravure-laser\\\/laser-ceramique-nova-f\\\/#breadcrumb\"},\"inLanguage\":\"fr-FR\",\"potentialAction\":[{\"@type\":\"ReadAction\",\"target\":[\"https:\\\/\\\/www.mobil-mark.de\\\/fr\\\/machines-de-gravure-laser\\\/laser-ceramique-nova-f\\\/\"]}]},{\"@type\":\"BreadcrumbList\",\"@id\":\"https:\\\/\\\/www.mobil-mark.de\\\/fr\\\/machines-de-gravure-laser\\\/laser-ceramique-nova-f\\\/#breadcrumb\",\"itemListElement\":[{\"@type\":\"ListItem\",\"position\":1,\"name\":\"Startseite\",\"item\":\"https:\\\/\\\/www.mobil-mark.de\\\/fr\\\/\"},{\"@type\":\"ListItem\",\"position\":2,\"name\":\"Machines de gravure laser\",\"item\":\"https:\\\/\\\/www.mobil-mark.de\\\/fr\\\/machines-de-gravure-laser\\\/\"},{\"@type\":\"ListItem\",\"position\":3,\"name\":\"Keramiklaser Nova-f\"}]},{\"@type\":\"WebSite\",\"@id\":\"https:\\\/\\\/www.mobil-mark.de\\\/fr\\\/#website\",\"url\":\"https:\\\/\\\/www.mobil-mark.de\\\/fr\\\/\",\"name\":\"Mobil-Mark\",\"description\":\"\",\"publisher\":{\"@id\":\"https:\\\/\\\/www.mobil-mark.de\\\/fr\\\/#organization\"},\"potentialAction\":[{\"@type\":\"SearchAction\",\"target\":{\"@type\":\"EntryPoint\",\"urlTemplate\":\"https:\\\/\\\/www.mobil-mark.de\\\/fr\\\/?s={search_term_string}\"},\"query-input\":{\"@type\":\"PropertyValueSpecification\",\"valueRequired\":true,\"valueName\":\"search_term_string\"}}],\"inLanguage\":\"fr-FR\"},{\"@type\":\"Organization\",\"@id\":\"https:\\\/\\\/www.mobil-mark.de\\\/fr\\\/#organization\",\"name\":\"Mobil-Mark\",\"url\":\"https:\\\/\\\/www.mobil-mark.de\\\/fr\\\/\",\"logo\":{\"@type\":\"ImageObject\",\"inLanguage\":\"fr-FR\",\"@id\":\"https:\\\/\\\/www.mobil-mark.de\\\/fr\\\/#\\\/schema\\\/logo\\\/image\\\/\",\"url\":\"https:\\\/\\\/www.mobil-mark.de\\\/wp-content\\\/uploads\\\/2021\\\/09\\\/cropped-favicon-mobil-mark.png\",\"contentUrl\":\"https:\\\/\\\/www.mobil-mark.de\\\/wp-content\\\/uploads\\\/2021\\\/09\\\/cropped-favicon-mobil-mark.png\",\"width\":512,\"height\":512,\"caption\":\"Mobil-Mark\"},\"image\":{\"@id\":\"https:\\\/\\\/www.mobil-mark.de\\\/fr\\\/#\\\/schema\\\/logo\\\/image\\\/\"}}]}<\/script>\n<!-- \/ Yoast SEO plugin. -->","yoast_head_json":{"title":"Keramiklaser Nova-f \u2738 Mobiler Gravurlaser von Mobil-Mark \u2738","description":"Mobil-Mark Nova-f \u2738 Lasermarkiersystem f\u00fcr Keramik \u2713 Mobiler Gravurlaser f\u00fcr Sanit\u00e4rkeramik, Industrieporzellan und Geschirr \u2713 Jetzt informieren!","robots":{"index":"index","follow":"follow","max-snippet":"max-snippet:-1","max-image-preview":"max-image-preview:large","max-video-preview":"max-video-preview:-1"},"canonical":"https:\/\/www.mobil-mark.de\/fr\/machines-de-gravure-laser\/laser-ceramique-nova-f\/","og_locale":"fr_FR","og_type":"article","og_title":"Keramiklaser Nova-f \u2738 Mobiler Gravurlaser von Mobil-Mark \u2738","og_description":"Mobil-Mark Nova-f \u2738 Lasermarkiersystem f\u00fcr Keramik \u2713 Mobiler Gravurlaser f\u00fcr Sanit\u00e4rkeramik, Industrieporzellan und Geschirr \u2713 Jetzt informieren!","og_url":"https:\/\/www.mobil-mark.de\/fr\/machines-de-gravure-laser\/laser-ceramique-nova-f\/","og_site_name":"Mobil-Mark","article_modified_time":"2024-03-18T11:25:39+00:00","twitter_card":"summary_large_image","twitter_misc":{"Dur\u00e9e de lecture estim\u00e9e":"7 minutes"},"schema":{"@context":"https:\/\/schema.org","@graph":[{"@type":"WebPage","@id":"https:\/\/www.mobil-mark.de\/fr\/machines-de-gravure-laser\/laser-ceramique-nova-f\/","url":"https:\/\/www.mobil-mark.de\/fr\/machines-de-gravure-laser\/laser-ceramique-nova-f\/","name":"Keramiklaser Nova-f \u2738 Mobiler Gravurlaser von Mobil-Mark \u2738","isPartOf":{"@id":"https:\/\/www.mobil-mark.de\/fr\/#website"},"datePublished":"2022-03-30T06:35:52+00:00","dateModified":"2024-03-18T11:25:39+00:00","description":"Mobil-Mark Nova-f \u2738 Lasermarkiersystem f\u00fcr Keramik \u2713 Mobiler Gravurlaser f\u00fcr Sanit\u00e4rkeramik, Industrieporzellan und Geschirr \u2713 Jetzt informieren!","breadcrumb":{"@id":"https:\/\/www.mobil-mark.de\/fr\/machines-de-gravure-laser\/laser-ceramique-nova-f\/#breadcrumb"},"inLanguage":"fr-FR","potentialAction":[{"@type":"ReadAction","target":["https:\/\/www.mobil-mark.de\/fr\/machines-de-gravure-laser\/laser-ceramique-nova-f\/"]}]},{"@type":"BreadcrumbList","@id":"https:\/\/www.mobil-mark.de\/fr\/machines-de-gravure-laser\/laser-ceramique-nova-f\/#breadcrumb","itemListElement":[{"@type":"ListItem","position":1,"name":"Startseite","item":"https:\/\/www.mobil-mark.de\/fr\/"},{"@type":"ListItem","position":2,"name":"Machines de gravure laser","item":"https:\/\/www.mobil-mark.de\/fr\/machines-de-gravure-laser\/"},{"@type":"ListItem","position":3,"name":"Keramiklaser Nova-f"}]},{"@type":"WebSite","@id":"https:\/\/www.mobil-mark.de\/fr\/#website","url":"https:\/\/www.mobil-mark.de\/fr\/","name":"Mobil-Mark","description":"","publisher":{"@id":"https:\/\/www.mobil-mark.de\/fr\/#organization"},"potentialAction":[{"@type":"SearchAction","target":{"@type":"EntryPoint","urlTemplate":"https:\/\/www.mobil-mark.de\/fr\/?s={search_term_string}"},"query-input":{"@type":"PropertyValueSpecification","valueRequired":true,"valueName":"search_term_string"}}],"inLanguage":"fr-FR"},{"@type":"Organization","@id":"https:\/\/www.mobil-mark.de\/fr\/#organization","name":"Mobil-Mark","url":"https:\/\/www.mobil-mark.de\/fr\/","logo":{"@type":"ImageObject","inLanguage":"fr-FR","@id":"https:\/\/www.mobil-mark.de\/fr\/#\/schema\/logo\/image\/","url":"https:\/\/www.mobil-mark.de\/wp-content\/uploads\/2021\/09\/cropped-favicon-mobil-mark.png","contentUrl":"https:\/\/www.mobil-mark.de\/wp-content\/uploads\/2021\/09\/cropped-favicon-mobil-mark.png","width":512,"height":512,"caption":"Mobil-Mark"},"image":{"@id":"https:\/\/www.mobil-mark.de\/fr\/#\/schema\/logo\/image\/"}}]}},"_links":{"self":[{"href":"https:\/\/www.mobil-mark.de\/fr\/wp-json\/wp\/v2\/pages\/5091","targetHints":{"allow":["GET"]}}],"collection":[{"href":"https:\/\/www.mobil-mark.de\/fr\/wp-json\/wp\/v2\/pages"}],"about":[{"href":"https:\/\/www.mobil-mark.de\/fr\/wp-json\/wp\/v2\/types\/page"}],"author":[{"embeddable":true,"href":"https:\/\/www.mobil-mark.de\/fr\/wp-json\/wp\/v2\/users\/3"}],"replies":[{"embeddable":true,"href":"https:\/\/www.mobil-mark.de\/fr\/wp-json\/wp\/v2\/comments?post=5091"}],"version-history":[{"count":18,"href":"https:\/\/www.mobil-mark.de\/fr\/wp-json\/wp\/v2\/pages\/5091\/revisions"}],"predecessor-version":[{"id":7336,"href":"https:\/\/www.mobil-mark.de\/fr\/wp-json\/wp\/v2\/pages\/5091\/revisions\/7336"}],"up":[{"embeddable":true,"href":"https:\/\/www.mobil-mark.de\/fr\/wp-json\/wp\/v2\/pages\/4172"}],"wp:attachment":[{"href":"https:\/\/www.mobil-mark.de\/fr\/wp-json\/wp\/v2\/media?parent=5091"}],"curies":[{"name":"wp","href":"https:\/\/api.w.org\/{rel}","templated":true}]}}